{"id":781,"date":"2020-09-24T17:03:57","date_gmt":"2020-09-24T15:03:57","guid":{"rendered":"https:\/\/www.framegirona.com\/?projectes=adec-global-%c2%b7-identitat-visual"},"modified":"2020-10-09T10:39:27","modified_gmt":"2020-10-09T08:39:27","slug":"adec-global-%c2%b7-identitat-visual","status":"publish","type":"projectes","link":"https:\/\/framegirona.com\/es\/projectes\/adec-global-%c2%b7-identitat-visual\/","title":{"rendered":"ADEC GLOBAL \u00b7 Identidad visual"},"content":{"rendered":"<h3>MARCA GR\u00c1FICA<\/h3>\n<p>Para la realizaci\u00f3n de la marca gr\u00e1fica de Adec Global se ejecut\u00f3 un restyling de la identidad anterior. Para conseguir el resultado final, se hizo una recolocaci\u00f3n de los elementos de tal forma que la organizaci\u00f3n de estos fuera cohesionada y visualmente est\u00e9tica, adem\u00e1s de componer adecuadamente la tipograf\u00eda y armonizar los vol\u00famenes para conseguir agrupar todos los elementos; l\u00edneas, colores, formas\u2026 en una \u00fanica forma: ADEC GLOBAL.<\/p>\n<p>&nbsp;<\/p>\n<h3>BRAND GUIDELINES<\/h3>\n<p>Tambi\u00e9n hemos desarrollado el Brand Guidelines: es el documento que describe visualmente la marca e indica como se tiene que usar en todo tipo de soportes y medios: incluye logotipo, imagotipo, isotipo, tipograf\u00edas que se han usado, todos los colores y su composici\u00f3n, las proporciones y sus normas de aplicaci\u00f3n. Un resumen de todo aquello esencial que se tiene que tener en cuenta a la hora de utilizar la marca gr\u00e1fica corporativa.<\/p>\n<p>&nbsp;<\/p>\n<p><img fetchpriority=\"high\" decoding=\"async\" class=\"wp-image-9497 aligncenter\" src=\"https:\/\/framegirona.com\/wp-content\/uploads\/2020\/09\/Captura-de-Pantalla-2019-05-15-a-les-11.28.56.png\" alt=\"\" width=\"975\" height=\"335\" \/><\/p>\n<p><img decoding=\"async\" class=\"wp-image-9498 aligncenter\" src=\"https:\/\/framegirona.com\/wp-content\/uploads\/2020\/09\/Captura-de-Pantalla-2019-05-15-a-les-11.29.07.png\" alt=\"\" width=\"991\" height=\"532\" \/><\/p>\n<p>&nbsp;<\/p>","protected":false},"excerpt":{"rendered":"<p>Identidad visual. Adec Global es una empresa pionera, creadora de la primera y \u00fanica planta existente en Catalu\u00f1a de valorizaci\u00f3n de residuos procedentes de la industria sider\u00fargica, de la industria de la construcci\u00f3n y de la industria de la demolici\u00f3n, que se dedica a convertirlos en \u00e1ridos reciclados. Tienen la capacidad de gestionar anualmente 520.000 toneladas de residuos, hecho que los convierte en la segunda planta m\u00e1s grande de \u00e1ridos reciclados del territorio catal\u00e1n.<\/p>","protected":false},"featured_media":782,"template":"","categories":[7],"tags":[],"class_list":["post-781","projectes","type-projectes","status-publish","has-post-thumbnail","hentry","category-branding"],"yoast_head":"<!-- This site is optimized with the Yoast SEO Premium plugin v24.2 (Yoast SEO v27.5) - https:\/\/yoast.com\/product\/yoast-seo-premium-wordpress\/ -->\n<title>ADEC GLOBAL \u00b7 Identitat visual &#183; Frame Girona<\/title>\n<meta name=\"robots\" content=\"index, follow, max-snippet:-1, max-image-preview:large, max-video-preview:-1\" \/>\n<link rel=\"canonical\" href=\"https:\/\/framegirona.com\/es\/projectes\/adec-global-\u00b7-identitat-visual\/\" \/>\n<meta property=\"og:locale\" content=\"es_ES\" \/>\n<meta property=\"og:type\" content=\"article\" \/>\n<meta property=\"og:title\" content=\"ADEC GLOBAL \u00b7 Identitat visual\" \/>\n<meta property=\"og:description\" content=\"Identitat visual. Adec Global \u00e9s una empresa pionera, creadora de la primera i \u00fanica planta existent a Catalunya de valoritzaci\u00f3 de residus provinents de la ind\u00fastria sider\u00fargica, de la ind\u00fastria de la construcci\u00f3 i de la ind\u00fastria de la demolici\u00f3, que es dedica a convertir-los en \u00e0rids reciclats. Tenen la capacitat de gestionar anualment 520.000 tones de residus, fet que els converteix en la segona planta m\u00e9s gran d\u2019\u00e0rids reciclats del territori catal\u00e0.\" \/>\n<meta property=\"og:url\" content=\"https:\/\/framegirona.com\/es\/projectes\/adec-global-\u00b7-identitat-visual\/\" \/>\n<meta property=\"og:site_name\" content=\"Frame Girona\" \/>\n<meta property=\"article:publisher\" content=\"https:\/\/www.facebook.com\/framegirona\/\" \/>\n<meta property=\"article:modified_time\" content=\"2020-10-09T08:39:27+00:00\" \/>\n<meta property=\"og:image\" content=\"https:\/\/framegirona.com\/wp-content\/uploads\/2020\/09\/adeclogo-scaled.jpg\" \/>\n\t<meta property=\"og:image:width\" content=\"2560\" \/>\n\t<meta property=\"og:image:height\" content=\"1709\" \/>\n\t<meta property=\"og:image:type\" content=\"image\/jpeg\" \/>\n<meta name=\"twitter:card\" content=\"summary_large_image\" \/>\n<meta name=\"twitter:label1\" content=\"Tiempo de lectura\" \/>\n\t<meta name=\"twitter:data1\" content=\"1 minuto\" \/>\n<script type=\"application\/ld+json\" class=\"yoast-schema-graph\">{\"@context\":\"https:\\\/\\\/schema.org\",\"@graph\":[{\"@type\":\"WebPage\",\"@id\":\"https:\\\/\\\/framegirona.com\\\/projectes\\\/adec-global-%c2%b7-identitat-visual\\\/\",\"url\":\"https:\\\/\\\/framegirona.com\\\/projectes\\\/adec-global-%c2%b7-identitat-visual\\\/\",\"name\":\"ADEC GLOBAL \u00b7 Identitat visual &#183; Frame Girona\",\"isPartOf\":{\"@id\":\"https:\\\/\\\/framegirona.com\\\/#website\"},\"primaryImageOfPage\":{\"@id\":\"https:\\\/\\\/framegirona.com\\\/projectes\\\/adec-global-%c2%b7-identitat-visual\\\/#primaryimage\"},\"image\":{\"@id\":\"https:\\\/\\\/framegirona.com\\\/projectes\\\/adec-global-%c2%b7-identitat-visual\\\/#primaryimage\"},\"thumbnailUrl\":\"https:\\\/\\\/framegirona.com\\\/wp-content\\\/uploads\\\/2020\\\/09\\\/adeclogo-scaled.jpg\",\"datePublished\":\"2020-09-24T15:03:57+00:00\",\"dateModified\":\"2020-10-09T08:39:27+00:00\",\"breadcrumb\":{\"@id\":\"https:\\\/\\\/framegirona.com\\\/projectes\\\/adec-global-%c2%b7-identitat-visual\\\/#breadcrumb\"},\"inLanguage\":\"es\",\"potentialAction\":[{\"@type\":\"ReadAction\",\"target\":[\"https:\\\/\\\/framegirona.com\\\/projectes\\\/adec-global-%c2%b7-identitat-visual\\\/\"]}]},{\"@type\":\"ImageObject\",\"inLanguage\":\"es\",\"@id\":\"https:\\\/\\\/framegirona.com\\\/projectes\\\/adec-global-%c2%b7-identitat-visual\\\/#primaryimage\",\"url\":\"https:\\\/\\\/framegirona.com\\\/wp-content\\\/uploads\\\/2020\\\/09\\\/adeclogo-scaled.jpg\",\"contentUrl\":\"https:\\\/\\\/framegirona.com\\\/wp-content\\\/uploads\\\/2020\\\/09\\\/adeclogo-scaled.jpg\",\"width\":2560,\"height\":1709},{\"@type\":\"BreadcrumbList\",\"@id\":\"https:\\\/\\\/framegirona.com\\\/projectes\\\/adec-global-%c2%b7-identitat-visual\\\/#breadcrumb\",\"itemListElement\":[{\"@type\":\"ListItem\",\"position\":1,\"name\":\"Home\",\"item\":\"https:\\\/\\\/framegirona.com\\\/\"},{\"@type\":\"ListItem\",\"position\":2,\"name\":\"Projectes\",\"item\":\"https:\\\/\\\/framegirona.com\\\/projectes\\\/\"},{\"@type\":\"ListItem\",\"position\":3,\"name\":\"ADEC GLOBAL \u00b7 Identitat visual\"}]},{\"@type\":\"WebSite\",\"@id\":\"https:\\\/\\\/framegirona.com\\\/#website\",\"url\":\"https:\\\/\\\/framegirona.com\\\/\",\"name\":\"Frame Girona Ag\u00e8ncia de publicitat\",\"description\":\"Agencia de comunicaci\u00f3n y publicidad\",\"publisher\":{\"@id\":\"https:\\\/\\\/framegirona.com\\\/#organization\"},\"alternateName\":\"Agencia de publicidad y dise\u00f1o en Girona y Barcelona\",\"potentialAction\":[{\"@type\":\"SearchAction\",\"target\":{\"@type\":\"EntryPoint\",\"urlTemplate\":\"https:\\\/\\\/framegirona.com\\\/?s={search_term_string}\"},\"query-input\":{\"@type\":\"PropertyValueSpecification\",\"valueRequired\":true,\"valueName\":\"search_term_string\"}}],\"inLanguage\":\"es\"},{\"@type\":\"Organization\",\"@id\":\"https:\\\/\\\/framegirona.com\\\/#organization\",\"name\":\"Frame Girona SL Ag\u00e8ncia de publicitat\",\"alternateName\":\"Frame Girona Comunicaci\u00f3, publicitat i disseny\",\"url\":\"https:\\\/\\\/framegirona.com\\\/\",\"logo\":{\"@type\":\"ImageObject\",\"inLanguage\":\"es\",\"@id\":\"https:\\\/\\\/framegirona.com\\\/#\\\/schema\\\/logo\\\/image\\\/\",\"url\":\"https:\\\/\\\/framegirona.com\\\/wp-content\\\/uploads\\\/2022\\\/09\\\/Logo-Frame.png\",\"contentUrl\":\"https:\\\/\\\/framegirona.com\\\/wp-content\\\/uploads\\\/2022\\\/09\\\/Logo-Frame.png\",\"width\":1748,\"height\":1334,\"caption\":\"Frame Girona SL Ag\u00e8ncia de publicitat\"},\"image\":{\"@id\":\"https:\\\/\\\/framegirona.com\\\/#\\\/schema\\\/logo\\\/image\\\/\"},\"sameAs\":[\"https:\\\/\\\/www.facebook.com\\\/framegirona\\\/\",\"https:\\\/\\\/www.linkedin.com\\\/company\\\/frame-girona\",\"https:\\\/\\\/www.instagram.com\\\/framegirona\\\/\"],\"description\":\"Ag\u00e8ncia de publicitat a Girona i la Costa Brava, especialitzats en disseny gr\u00e0fic, disseny i programaci\u00f3 web, posicionament de p\u00e0gines web i publicitat i comunicaci\u00f3 per empreses.\",\"email\":\"frame@framegirona.com\",\"telephone\":\"972 20 58 65\",\"legalName\":\"Frame Girona SL\",\"foundingDate\":\"1998-05-23\",\"numberOfEmployees\":{\"@type\":\"QuantitativeValue\",\"minValue\":\"1\",\"maxValue\":\"10\"},\"publishingPrinciples\":\"https:\\\/\\\/framegirona.com\\\/\",\"ownershipFundingInfo\":\"https:\\\/\\\/framegirona.com\\\/avis-legal\\\/\"}]}<\/script>\n<!-- \/ Yoast SEO Premium plugin. -->","yoast_head_json":{"title":"ADEC GLOBAL \u00b7 Identitat visual &#183; Frame Girona","robots":{"index":"index","follow":"follow","max-snippet":"max-snippet:-1","max-image-preview":"max-image-preview:large","max-video-preview":"max-video-preview:-1"},"canonical":"https:\/\/framegirona.com\/es\/projectes\/adec-global-\u00b7-identitat-visual\/","og_locale":"es_ES","og_type":"article","og_title":"ADEC GLOBAL \u00b7 Identitat visual","og_description":"Identitat visual. Adec Global \u00e9s una empresa pionera, creadora de la primera i \u00fanica planta existent a Catalunya de valoritzaci\u00f3 de residus provinents de la ind\u00fastria sider\u00fargica, de la ind\u00fastria de la construcci\u00f3 i de la ind\u00fastria de la demolici\u00f3, que es dedica a convertir-los en \u00e0rids reciclats. Tenen la capacitat de gestionar anualment 520.000 tones de residus, fet que els converteix en la segona planta m\u00e9s gran d\u2019\u00e0rids reciclats del territori catal\u00e0.","og_url":"https:\/\/framegirona.com\/es\/projectes\/adec-global-\u00b7-identitat-visual\/","og_site_name":"Frame Girona","article_publisher":"https:\/\/www.facebook.com\/framegirona\/","article_modified_time":"2020-10-09T08:39:27+00:00","og_image":[{"width":2560,"height":1709,"url":"https:\/\/framegirona.com\/wp-content\/uploads\/2020\/09\/adeclogo-scaled.jpg","type":"image\/jpeg"}],"twitter_card":"summary_large_image","twitter_misc":{"Tiempo de lectura":"1 minuto"},"schema":{"@context":"https:\/\/schema.org","@graph":[{"@type":"WebPage","@id":"https:\/\/framegirona.com\/projectes\/adec-global-%c2%b7-identitat-visual\/","url":"https:\/\/framegirona.com\/projectes\/adec-global-%c2%b7-identitat-visual\/","name":"ADEC GLOBAL \u00b7 Identitat visual &#183; Frame Girona","isPartOf":{"@id":"https:\/\/framegirona.com\/#website"},"primaryImageOfPage":{"@id":"https:\/\/framegirona.com\/projectes\/adec-global-%c2%b7-identitat-visual\/#primaryimage"},"image":{"@id":"https:\/\/framegirona.com\/projectes\/adec-global-%c2%b7-identitat-visual\/#primaryimage"},"thumbnailUrl":"https:\/\/framegirona.com\/wp-content\/uploads\/2020\/09\/adeclogo-scaled.jpg","datePublished":"2020-09-24T15:03:57+00:00","dateModified":"2020-10-09T08:39:27+00:00","breadcrumb":{"@id":"https:\/\/framegirona.com\/projectes\/adec-global-%c2%b7-identitat-visual\/#breadcrumb"},"inLanguage":"es","potentialAction":[{"@type":"ReadAction","target":["https:\/\/framegirona.com\/projectes\/adec-global-%c2%b7-identitat-visual\/"]}]},{"@type":"ImageObject","inLanguage":"es","@id":"https:\/\/framegirona.com\/projectes\/adec-global-%c2%b7-identitat-visual\/#primaryimage","url":"https:\/\/framegirona.com\/wp-content\/uploads\/2020\/09\/adeclogo-scaled.jpg","contentUrl":"https:\/\/framegirona.com\/wp-content\/uploads\/2020\/09\/adeclogo-scaled.jpg","width":2560,"height":1709},{"@type":"BreadcrumbList","@id":"https:\/\/framegirona.com\/projectes\/adec-global-%c2%b7-identitat-visual\/#breadcrumb","itemListElement":[{"@type":"ListItem","position":1,"name":"Home","item":"https:\/\/framegirona.com\/"},{"@type":"ListItem","position":2,"name":"Projectes","item":"https:\/\/framegirona.com\/projectes\/"},{"@type":"ListItem","position":3,"name":"ADEC GLOBAL \u00b7 Identitat visual"}]},{"@type":"WebSite","@id":"https:\/\/framegirona.com\/#website","url":"https:\/\/framegirona.com\/","name":"Frame Girona Agencia de publicidad","description":"Agencia de comunicaci\u00f3n y publicidad","publisher":{"@id":"https:\/\/framegirona.com\/#organization"},"alternateName":"Agencia de publicidad y dise\u00f1o en Girona y Barcelona","potentialAction":[{"@type":"SearchAction","target":{"@type":"EntryPoint","urlTemplate":"https:\/\/framegirona.com\/?s={search_term_string}"},"query-input":{"@type":"PropertyValueSpecification","valueRequired":true,"valueName":"search_term_string"}}],"inLanguage":"es"},{"@type":"Organization","@id":"https:\/\/framegirona.com\/#organization","name":"Frame Girona SL Agencia de publicidad","alternateName":"Frame Girona Comunicaci\u00f3, publicitat i disseny","url":"https:\/\/framegirona.com\/","logo":{"@type":"ImageObject","inLanguage":"es","@id":"https:\/\/framegirona.com\/#\/schema\/logo\/image\/","url":"https:\/\/framegirona.com\/wp-content\/uploads\/2022\/09\/Logo-Frame.png","contentUrl":"https:\/\/framegirona.com\/wp-content\/uploads\/2022\/09\/Logo-Frame.png","width":1748,"height":1334,"caption":"Frame Girona SL Ag\u00e8ncia de publicitat"},"image":{"@id":"https:\/\/framegirona.com\/#\/schema\/logo\/image\/"},"sameAs":["https:\/\/www.facebook.com\/framegirona\/","https:\/\/www.linkedin.com\/company\/frame-girona","https:\/\/www.instagram.com\/framegirona\/"],"description":"Agencia de publicidad en Girona y la Costa Brava, especializados en dise\u00f1o gr\u00e1fico, dise\u00f1o y programaci\u00f3n web, posicionamiento de p\u00e1ginas web y publicidad y comunicaci\u00f3n por empresas.","email":"frame@framegirona.com","telephone":"972 20 58 65","legalName":"Frame Girona SL","foundingDate":"1998-05-23","numberOfEmployees":{"@type":"QuantitativeValue","minValue":"1","maxValue":"10"},"publishingPrinciples":"https:\/\/framegirona.com\/","ownershipFundingInfo":"https:\/\/framegirona.com\/avis-legal\/"}]}},"_links":{"self":[{"href":"https:\/\/framegirona.com\/es\/wp-json\/wp\/v2\/projectes\/781","targetHints":{"allow":["GET"]}}],"collection":[{"href":"https:\/\/framegirona.com\/es\/wp-json\/wp\/v2\/projectes"}],"about":[{"href":"https:\/\/framegirona.com\/es\/wp-json\/wp\/v2\/types\/projectes"}],"version-history":[{"count":0,"href":"https:\/\/framegirona.com\/es\/wp-json\/wp\/v2\/projectes\/781\/revisions"}],"wp:featuredmedia":[{"embeddable":true,"href":"https:\/\/framegirona.com\/es\/wp-json\/wp\/v2\/media\/782"}],"wp:attachment":[{"href":"https:\/\/framegirona.com\/es\/wp-json\/wp\/v2\/media?parent=781"}],"wp:term":[{"taxonomy":"category","embeddable":true,"href":"https:\/\/framegirona.com\/es\/wp-json\/wp\/v2\/categories?post=781"},{"taxonomy":"post_tag","embeddable":true,"href":"https:\/\/framegirona.com\/es\/wp-json\/wp\/v2\/tags?post=781"}],"curies":[{"name":"wp","href":"https:\/\/api.w.org\/{rel}","templated":true}]}}