{"id":734,"date":"2020-09-24T16:59:13","date_gmt":"2020-09-24T14:59:13","guid":{"rendered":"https:\/\/www.framegirona.com\/?projectes=eumes-escola-de-musica-avancada-i-so-%c2%b7-campanya-de-comunicacio"},"modified":"2020-10-09T12:04:32","modified_gmt":"2020-10-09T10:04:32","slug":"eumes-escola-de-musica-avancada-i-so-%c2%b7-campanya-de-comunicacio","status":"publish","type":"projectes","link":"https:\/\/framegirona.com\/es\/projectes\/eumes-escola-de-musica-avancada-i-so-%c2%b7-campanya-de-comunicacio\/","title":{"rendered":"EUMES: Escuela de M\u00fasica Avanzada y Sonido \u00b7 Campa\u00f1a de comunicaci\u00f3n"},"content":{"rendered":"<div class=\"wpb_column vc_column_container vc_col-sm-6\">\n<div class=\"vc_column-inner\">\n<div class=\"wpb_wrapper\">\n<div class=\"wpb_text_column wpb_content_element\">\n<div class=\"wpb_wrapper\">\n<h3 align=\"justify\">NUEVA MARCA GR\u00c1FICA<\/h3>\n<\/div>\n<div class=\"wpb_wrapper\">\n<p align=\"justify\">A la hora de dise\u00f1ar la nueva marca gr\u00e1fica de EUMES era indispensable crear un nuevo enfoque y sacar el concepto \u201cescuela\u201d para introducir el concepto \u201cformaci\u00f3n\u201d y \u201ccampus\u201d. Adem\u00e1s, se recalca el t\u00e9rmino \u201cMusic\u201d. Se presentan diferentes marcas de grupo dentro de la marca madre que es EUMES, el pictograma principal, que incorpora el c\u00f3digo de colores de las varias marcas de grupo; EUMES MusicLab, EUMES Social, EUMES Campus, EUMES En l\u00ednea, EUMES Events y EUMES Academy, en un estilo con el cual los alumnos se pueden identificar.<\/p>\n<p>A continuaci\u00f3n, presentamos el c\u00f3digo de colores de todas las marcas del grupo:<\/p>\n<\/div>\n<p><img fetchpriority=\"high\" decoding=\"async\" class=\"wp-image-9237 aligncenter\" src=\"https:\/\/framegirona.com\/wp-content\/uploads\/2020\/09\/codi-de-colors-emes.png\" alt=\"\" width=\"891\" height=\"500\" \/><\/p>\n<\/div>\n<\/div>\n<\/div>\n<\/div>\n<h3><\/h3>\n<h3><\/h3>\n<h3>NUEVOS ELEMENTOS CORPORATIVOS<\/h3>\n<div class=\"wpb_wrapper\">\n<p align=\"justify\">Para que la presentaci\u00f3n de la nueva identidad visual y posicionamiento de la marca funcionen, se ha creado una gamma de nuevos elementos corporativos que presentan la marca de forma atractiva y clara. As\u00ed nacen (entre otros) el Roll-up, las carpetas y las firmas de email que muestran de forma coherente la l\u00ednea comunicativa de la marca.<\/p>\n<p>&nbsp;<\/p>\n<p align=\"justify\"><img decoding=\"async\" class=\"wp-image-9249 aligncenter\" src=\"https:\/\/framegirona.com\/wp-content\/uploads\/2020\/09\/mocku_rollup1.png\" alt=\"\" width=\"1190\" height=\"1300\" \/><\/p>\n<p align=\"justify\"><img decoding=\"async\" class=\"wp-image-9224 aligncenter\" src=\"https:\/\/framegirona.com\/wp-content\/uploads\/2020\/09\/mockup_carpeta.png\" alt=\"\" width=\"1190\" height=\"793\" \/><\/p>\n<\/div>\n<p align=\"justify\"><img loading=\"lazy\" decoding=\"async\" class=\"wp-image-9248 aligncenter\" src=\"https:\/\/framegirona.com\/wp-content\/uploads\/2020\/09\/tablet-1.png\" alt=\"\" width=\"1192\" height=\"953\" \/><\/p>\n<p>&nbsp;<\/p>\n<h3>NUEVA L\u00cdNEA DE COMUNICACI\u00d3N ONLINE<\/h3>\n<div class=\"wpb_wrapper\">\n<p align=\"justify\">Es la hora que la marca sea presentada y conocida en el mundo digital. As\u00ed creamos el nuevo perfil en Instagram y Facebook, portales que se configuran para que sean la cara y presentaci\u00f3n de la marca. Aprovechando el contacto directo y pr\u00f3ximo que ofrecen las redes sociales, dise\u00f1amos contenido a medida y coherente que muestre los futuros acontecimientos, cursos y proyectos que EUMES realizar\u00e1. Trabajamos con Mailchimp para crear campa\u00f1as \u00fanicas y personalizadas de Email Marketing, para llegar al p\u00fablico objetivo. Adem\u00e1s, dise\u00f1amos y hacemos difusi\u00f3n de las campa\u00f1as de Google Ads para ampliar exponencialmente la cobertura de las campa\u00f1as. El crecimiento constante y positivo queda recogido en:<\/p>\n<\/div>\n<p>\u00b7 INSTAGRAM: creaci\u00f3n y dise\u00f1o de contenido para el perfil del portal y para Instastories, herramienta que permite promocionar y acercarnos todav\u00eda m\u00e1s al cliente.<\/p>\n<p><img loading=\"lazy\" decoding=\"async\" class=\"wp-image-9226 aligncenter\" src=\"https:\/\/framegirona.com\/wp-content\/uploads\/2020\/09\/mockup_insta-2-scaled.jpg\" alt=\"\" width=\"1202\" height=\"801\" \/><\/p>\n<p>&nbsp;<\/p>\n<p>\u00b7 FACEBOOK: creaci\u00f3n de contenido, as\u00ed como los acontecimientos y noticias.<\/p>\n<p><img loading=\"lazy\" decoding=\"async\" class=\"wp-image-9225 aligncenter\" src=\"https:\/\/framegirona.com\/wp-content\/uploads\/2020\/09\/xarxes_facebook.png\" alt=\"\" width=\"1210\" height=\"659\" \/><\/p>\n<p>&nbsp;<\/p>\n<p>\u00b7 GOOGLE ADS: dise\u00f1o y distribuci\u00f3n de campa\u00f1as de Google Ads y apoyo en busquedas.<\/p>\n<p><img loading=\"lazy\" decoding=\"async\" class=\"wp-image-9241 aligncenter\" src=\"https:\/\/framegirona.com\/wp-content\/uploads\/2020\/09\/display.png\" alt=\"\" width=\"1213\" height=\"1100\" \/><\/p>\n<p>&nbsp;<\/p>\n<p align=\"justify\">\u00b7 NEWSLETTER: dise\u00f1o y distribuci\u00f3n de contenido; art\u00edculos de inter\u00e9s sobre la marca y del \u00e1mbito en que se desarrolla y env\u00edo de estas comunicaciones a subscriptores interesados.<\/p>\n<p align=\"justify\"><img loading=\"lazy\" decoding=\"async\" class=\"wp-image-9239 aligncenter\" src=\"https:\/\/framegirona.com\/wp-content\/uploads\/2020\/09\/newsletter.png\" alt=\"\" width=\"1227\" height=\"982\" \/><\/p>\n<h3><\/h3>\n<h3>MULTIMEDIA<\/h3>\n<p>Creemos en las ideas. Capturamos momentos que posteriormente dise\u00f1amos y transformamos en contenido audiovisual y hacemos difusi\u00f3n para que llegue a todo el mundo.<\/p>\n<p><img loading=\"lazy\" decoding=\"async\" class=\"wp-image-9252 aligncenter\" src=\"https:\/\/framegirona.com\/wp-content\/uploads\/2020\/09\/multimedia.png\" alt=\"\" width=\"1290\" height=\"860\" \/><\/p>\n<p>&nbsp;<\/p>","protected":false},"excerpt":{"rendered":"<p>Campanya de comunicaci\u00f3. EUMES \u00e9s una escola de m\u00fasica avan\u00e7ada i so. Est\u00e0 formada per un grup de professionals actius dels sectors musical i audiovisual, ubicada a Girona, que compta amb la col\u00b7laboraci\u00f3 de l&#8217;Ajuntament de Girona. T\u00e9 la voluntat de consolidar la formaci\u00f3 en producci\u00f3 musical, que fins al moment es desenvolupa de forma independent.<br \/>\nEn l&#8217;\u00e0mbit de la comunicaci\u00f3, portava un any en qu\u00e8 els objectius assolits no eren els desitjats. Per tal de poder revertir la situaci\u00f3, es va crear i planificar una estrat\u00e8gia comunicativa coherent. Primer, es va analitzar la situaci\u00f3: mitjans, missatges, p\u00fablic objectiu, interessos\u2026 (accions de l&#8217;empresa) i despr\u00e9s es va portar a terme un an\u00e0lisi de mercat que va permetre identificar i comparar el p\u00fablic objectiu i, per tant, poder segmentar-lo per posicionar EUMES. En ambd\u00f3s estudis es va poder detectar el focus del problema i per tant, establir una estrat\u00e8gia ben fonamentada que incorpora: una renovaci\u00f3 de la imatge (nova marca gr\u00e0fica, nou codi de colors, elements corporatius nous\u2026) i una l\u00ednia comunicativa nova (nous mitjans, nous missatges, m\u00e9s intensitat d&#8217;impactes, impactes m\u00e9s segmentats\u2026).<\/p>","protected":false},"featured_media":735,"template":"","categories":[6,15],"tags":[],"class_list":["post-734","projectes","type-projectes","status-publish","has-post-thumbnail","hentry","category-comunicacio","category-multimedia"],"yoast_head":"<!-- This site is optimized with the Yoast SEO Premium plugin v24.2 (Yoast SEO v27.5) - https:\/\/yoast.com\/product\/yoast-seo-premium-wordpress\/ -->\n<title>EUMES: Escola de M\u00fasica Avan\u00e7ada i So \u00b7 Campanya de comunicaci\u00f3 &#183; Frame Girona<\/title>\n<meta name=\"robots\" content=\"index, follow, max-snippet:-1, max-image-preview:large, max-video-preview:-1\" \/>\n<link rel=\"canonical\" href=\"https:\/\/framegirona.com\/es\/projectes\/eumes-escola-de-musica-avancada-i-so-\u00b7-campanya-de-comunicacio\/\" \/>\n<meta property=\"og:locale\" content=\"es_ES\" \/>\n<meta property=\"og:type\" content=\"article\" \/>\n<meta property=\"og:title\" content=\"EUMES: Escola de M\u00fasica Avan\u00e7ada i So \u00b7 Campanya de comunicaci\u00f3\" \/>\n<meta property=\"og:description\" content=\"Campanya de comunicaci\u00f3. EUMES \u00e9s una escola de m\u00fasica avan\u00e7ada i so. Est\u00e0 formada per un grup de professionals actius dels sectors musical i audiovisual, ubicada a Girona, que compta amb la col\u00b7laboraci\u00f3 de l&#039;Ajuntament de Girona. T\u00e9 la voluntat de consolidar la formaci\u00f3 en producci\u00f3 musical, que fins al moment es desenvolupa de forma independent. En l&#039;\u00e0mbit de la comunicaci\u00f3, portava un any en qu\u00e8 els objectius assolits no eren els desitjats. Per tal de poder revertir la situaci\u00f3, es va crear i planificar una estrat\u00e8gia comunicativa coherent. Primer, es va analitzar la situaci\u00f3: mitjans, missatges, p\u00fablic objectiu, interessos\u2026 (accions de l&#039;empresa) i despr\u00e9s es va portar a terme un an\u00e0lisi de mercat que va permetre identificar i comparar el p\u00fablic objectiu i, per tant, poder segmentar-lo per posicionar EUMES. En ambd\u00f3s estudis es va poder detectar el focus del problema i per tant, establir una estrat\u00e8gia ben fonamentada que incorpora: una renovaci\u00f3 de la imatge (nova marca gr\u00e0fica, nou codi de colors, elements corporatius nous\u2026) i una l\u00ednia comunicativa nova (nous mitjans, nous missatges, m\u00e9s intensitat d&#039;impactes, impactes m\u00e9s segmentats\u2026).\" \/>\n<meta property=\"og:url\" content=\"https:\/\/framegirona.com\/es\/projectes\/eumes-escola-de-musica-avancada-i-so-\u00b7-campanya-de-comunicacio\/\" \/>\n<meta property=\"og:site_name\" content=\"Frame Girona\" \/>\n<meta property=\"article:publisher\" content=\"https:\/\/www.facebook.com\/framegirona\/\" \/>\n<meta property=\"article:modified_time\" content=\"2020-10-09T10:04:32+00:00\" \/>\n<meta property=\"og:image\" content=\"https:\/\/framegirona.com\/wp-content\/uploads\/2020\/09\/logo1.png\" \/>\n\t<meta property=\"og:image:width\" content=\"2500\" \/>\n\t<meta property=\"og:image:height\" content=\"1755\" \/>\n\t<meta property=\"og:image:type\" content=\"image\/png\" \/>\n<meta name=\"twitter:card\" content=\"summary_large_image\" \/>\n<meta name=\"twitter:label1\" content=\"Tiempo de lectura\" \/>\n\t<meta name=\"twitter:data1\" content=\"2 minutos\" \/>\n<script type=\"application\/ld+json\" class=\"yoast-schema-graph\">{\"@context\":\"https:\\\/\\\/schema.org\",\"@graph\":[{\"@type\":\"WebPage\",\"@id\":\"https:\\\/\\\/framegirona.com\\\/projectes\\\/eumes-escola-de-musica-avancada-i-so-%c2%b7-campanya-de-comunicacio\\\/\",\"url\":\"https:\\\/\\\/framegirona.com\\\/projectes\\\/eumes-escola-de-musica-avancada-i-so-%c2%b7-campanya-de-comunicacio\\\/\",\"name\":\"EUMES: Escola de M\u00fasica Avan\u00e7ada i So \u00b7 Campanya de comunicaci\u00f3 &#183; Frame Girona\",\"isPartOf\":{\"@id\":\"https:\\\/\\\/framegirona.com\\\/#website\"},\"primaryImageOfPage\":{\"@id\":\"https:\\\/\\\/framegirona.com\\\/projectes\\\/eumes-escola-de-musica-avancada-i-so-%c2%b7-campanya-de-comunicacio\\\/#primaryimage\"},\"image\":{\"@id\":\"https:\\\/\\\/framegirona.com\\\/projectes\\\/eumes-escola-de-musica-avancada-i-so-%c2%b7-campanya-de-comunicacio\\\/#primaryimage\"},\"thumbnailUrl\":\"https:\\\/\\\/framegirona.com\\\/wp-content\\\/uploads\\\/2020\\\/09\\\/logo1.png\",\"datePublished\":\"2020-09-24T14:59:13+00:00\",\"dateModified\":\"2020-10-09T10:04:32+00:00\",\"breadcrumb\":{\"@id\":\"https:\\\/\\\/framegirona.com\\\/projectes\\\/eumes-escola-de-musica-avancada-i-so-%c2%b7-campanya-de-comunicacio\\\/#breadcrumb\"},\"inLanguage\":\"es\",\"potentialAction\":[{\"@type\":\"ReadAction\",\"target\":[\"https:\\\/\\\/framegirona.com\\\/projectes\\\/eumes-escola-de-musica-avancada-i-so-%c2%b7-campanya-de-comunicacio\\\/\"]}]},{\"@type\":\"ImageObject\",\"inLanguage\":\"es\",\"@id\":\"https:\\\/\\\/framegirona.com\\\/projectes\\\/eumes-escola-de-musica-avancada-i-so-%c2%b7-campanya-de-comunicacio\\\/#primaryimage\",\"url\":\"https:\\\/\\\/framegirona.com\\\/wp-content\\\/uploads\\\/2020\\\/09\\\/logo1.png\",\"contentUrl\":\"https:\\\/\\\/framegirona.com\\\/wp-content\\\/uploads\\\/2020\\\/09\\\/logo1.png\",\"width\":2500,\"height\":1755},{\"@type\":\"BreadcrumbList\",\"@id\":\"https:\\\/\\\/framegirona.com\\\/projectes\\\/eumes-escola-de-musica-avancada-i-so-%c2%b7-campanya-de-comunicacio\\\/#breadcrumb\",\"itemListElement\":[{\"@type\":\"ListItem\",\"position\":1,\"name\":\"Home\",\"item\":\"https:\\\/\\\/framegirona.com\\\/\"},{\"@type\":\"ListItem\",\"position\":2,\"name\":\"Projectes\",\"item\":\"https:\\\/\\\/framegirona.com\\\/projectes\\\/\"},{\"@type\":\"ListItem\",\"position\":3,\"name\":\"EUMES: Escola de M\u00fasica Avan\u00e7ada i So \u00b7 Campanya de comunicaci\u00f3\"}]},{\"@type\":\"WebSite\",\"@id\":\"https:\\\/\\\/framegirona.com\\\/#website\",\"url\":\"https:\\\/\\\/framegirona.com\\\/\",\"name\":\"Frame Girona Ag\u00e8ncia de publicitat\",\"description\":\"Agencia de comunicaci\u00f3n y publicidad\",\"publisher\":{\"@id\":\"https:\\\/\\\/framegirona.com\\\/#organization\"},\"alternateName\":\"Agencia de publicidad y dise\u00f1o en Girona y Barcelona\",\"potentialAction\":[{\"@type\":\"SearchAction\",\"target\":{\"@type\":\"EntryPoint\",\"urlTemplate\":\"https:\\\/\\\/framegirona.com\\\/?s={search_term_string}\"},\"query-input\":{\"@type\":\"PropertyValueSpecification\",\"valueRequired\":true,\"valueName\":\"search_term_string\"}}],\"inLanguage\":\"es\"},{\"@type\":\"Organization\",\"@id\":\"https:\\\/\\\/framegirona.com\\\/#organization\",\"name\":\"Frame Girona SL Ag\u00e8ncia de publicitat\",\"alternateName\":\"Frame Girona Comunicaci\u00f3, publicitat i disseny\",\"url\":\"https:\\\/\\\/framegirona.com\\\/\",\"logo\":{\"@type\":\"ImageObject\",\"inLanguage\":\"es\",\"@id\":\"https:\\\/\\\/framegirona.com\\\/#\\\/schema\\\/logo\\\/image\\\/\",\"url\":\"https:\\\/\\\/framegirona.com\\\/wp-content\\\/uploads\\\/2022\\\/09\\\/Logo-Frame.png\",\"contentUrl\":\"https:\\\/\\\/framegirona.com\\\/wp-content\\\/uploads\\\/2022\\\/09\\\/Logo-Frame.png\",\"width\":1748,\"height\":1334,\"caption\":\"Frame Girona SL Ag\u00e8ncia de publicitat\"},\"image\":{\"@id\":\"https:\\\/\\\/framegirona.com\\\/#\\\/schema\\\/logo\\\/image\\\/\"},\"sameAs\":[\"https:\\\/\\\/www.facebook.com\\\/framegirona\\\/\",\"https:\\\/\\\/www.linkedin.com\\\/company\\\/frame-girona\",\"https:\\\/\\\/www.instagram.com\\\/framegirona\\\/\"],\"description\":\"Ag\u00e8ncia de publicitat a Girona i la Costa Brava, especialitzats en disseny gr\u00e0fic, disseny i programaci\u00f3 web, posicionament de p\u00e0gines web i publicitat i comunicaci\u00f3 per empreses.\",\"email\":\"frame@framegirona.com\",\"telephone\":\"972 20 58 65\",\"legalName\":\"Frame Girona SL\",\"foundingDate\":\"1998-05-23\",\"numberOfEmployees\":{\"@type\":\"QuantitativeValue\",\"minValue\":\"1\",\"maxValue\":\"10\"},\"publishingPrinciples\":\"https:\\\/\\\/framegirona.com\\\/\",\"ownershipFundingInfo\":\"https:\\\/\\\/framegirona.com\\\/avis-legal\\\/\"}]}<\/script>\n<!-- \/ Yoast SEO Premium plugin. -->","yoast_head_json":{"title":"EUMES: Escola de M\u00fasica Avan\u00e7ada i So \u00b7 Campanya de comunicaci\u00f3 &#183; Frame Girona","robots":{"index":"index","follow":"follow","max-snippet":"max-snippet:-1","max-image-preview":"max-image-preview:large","max-video-preview":"max-video-preview:-1"},"canonical":"https:\/\/framegirona.com\/es\/projectes\/eumes-escola-de-musica-avancada-i-so-\u00b7-campanya-de-comunicacio\/","og_locale":"es_ES","og_type":"article","og_title":"EUMES: Escola de M\u00fasica Avan\u00e7ada i So \u00b7 Campanya de comunicaci\u00f3","og_description":"Campanya de comunicaci\u00f3. EUMES \u00e9s una escola de m\u00fasica avan\u00e7ada i so. Est\u00e0 formada per un grup de professionals actius dels sectors musical i audiovisual, ubicada a Girona, que compta amb la col\u00b7laboraci\u00f3 de l'Ajuntament de Girona. T\u00e9 la voluntat de consolidar la formaci\u00f3 en producci\u00f3 musical, que fins al moment es desenvolupa de forma independent. En l'\u00e0mbit de la comunicaci\u00f3, portava un any en qu\u00e8 els objectius assolits no eren els desitjats. Per tal de poder revertir la situaci\u00f3, es va crear i planificar una estrat\u00e8gia comunicativa coherent. Primer, es va analitzar la situaci\u00f3: mitjans, missatges, p\u00fablic objectiu, interessos\u2026 (accions de l'empresa) i despr\u00e9s es va portar a terme un an\u00e0lisi de mercat que va permetre identificar i comparar el p\u00fablic objectiu i, per tant, poder segmentar-lo per posicionar EUMES. En ambd\u00f3s estudis es va poder detectar el focus del problema i per tant, establir una estrat\u00e8gia ben fonamentada que incorpora: una renovaci\u00f3 de la imatge (nova marca gr\u00e0fica, nou codi de colors, elements corporatius nous\u2026) i una l\u00ednia comunicativa nova (nous mitjans, nous missatges, m\u00e9s intensitat d'impactes, impactes m\u00e9s segmentats\u2026).","og_url":"https:\/\/framegirona.com\/es\/projectes\/eumes-escola-de-musica-avancada-i-so-\u00b7-campanya-de-comunicacio\/","og_site_name":"Frame Girona","article_publisher":"https:\/\/www.facebook.com\/framegirona\/","article_modified_time":"2020-10-09T10:04:32+00:00","og_image":[{"width":2500,"height":1755,"url":"https:\/\/framegirona.com\/wp-content\/uploads\/2020\/09\/logo1.png","type":"image\/png"}],"twitter_card":"summary_large_image","twitter_misc":{"Tiempo de lectura":"2 minutos"},"schema":{"@context":"https:\/\/schema.org","@graph":[{"@type":"WebPage","@id":"https:\/\/framegirona.com\/projectes\/eumes-escola-de-musica-avancada-i-so-%c2%b7-campanya-de-comunicacio\/","url":"https:\/\/framegirona.com\/projectes\/eumes-escola-de-musica-avancada-i-so-%c2%b7-campanya-de-comunicacio\/","name":"EUMES: Escola de M\u00fasica Avan\u00e7ada i So \u00b7 Campanya de comunicaci\u00f3 &#183; Frame Girona","isPartOf":{"@id":"https:\/\/framegirona.com\/#website"},"primaryImageOfPage":{"@id":"https:\/\/framegirona.com\/projectes\/eumes-escola-de-musica-avancada-i-so-%c2%b7-campanya-de-comunicacio\/#primaryimage"},"image":{"@id":"https:\/\/framegirona.com\/projectes\/eumes-escola-de-musica-avancada-i-so-%c2%b7-campanya-de-comunicacio\/#primaryimage"},"thumbnailUrl":"https:\/\/framegirona.com\/wp-content\/uploads\/2020\/09\/logo1.png","datePublished":"2020-09-24T14:59:13+00:00","dateModified":"2020-10-09T10:04:32+00:00","breadcrumb":{"@id":"https:\/\/framegirona.com\/projectes\/eumes-escola-de-musica-avancada-i-so-%c2%b7-campanya-de-comunicacio\/#breadcrumb"},"inLanguage":"es","potentialAction":[{"@type":"ReadAction","target":["https:\/\/framegirona.com\/projectes\/eumes-escola-de-musica-avancada-i-so-%c2%b7-campanya-de-comunicacio\/"]}]},{"@type":"ImageObject","inLanguage":"es","@id":"https:\/\/framegirona.com\/projectes\/eumes-escola-de-musica-avancada-i-so-%c2%b7-campanya-de-comunicacio\/#primaryimage","url":"https:\/\/framegirona.com\/wp-content\/uploads\/2020\/09\/logo1.png","contentUrl":"https:\/\/framegirona.com\/wp-content\/uploads\/2020\/09\/logo1.png","width":2500,"height":1755},{"@type":"BreadcrumbList","@id":"https:\/\/framegirona.com\/projectes\/eumes-escola-de-musica-avancada-i-so-%c2%b7-campanya-de-comunicacio\/#breadcrumb","itemListElement":[{"@type":"ListItem","position":1,"name":"Home","item":"https:\/\/framegirona.com\/"},{"@type":"ListItem","position":2,"name":"Projectes","item":"https:\/\/framegirona.com\/projectes\/"},{"@type":"ListItem","position":3,"name":"EUMES: Escola de M\u00fasica Avan\u00e7ada i So \u00b7 Campanya de comunicaci\u00f3"}]},{"@type":"WebSite","@id":"https:\/\/framegirona.com\/#website","url":"https:\/\/framegirona.com\/","name":"Frame Girona Agencia de publicidad","description":"Agencia de comunicaci\u00f3n y publicidad","publisher":{"@id":"https:\/\/framegirona.com\/#organization"},"alternateName":"Agencia de publicidad y dise\u00f1o en Girona y Barcelona","potentialAction":[{"@type":"SearchAction","target":{"@type":"EntryPoint","urlTemplate":"https:\/\/framegirona.com\/?s={search_term_string}"},"query-input":{"@type":"PropertyValueSpecification","valueRequired":true,"valueName":"search_term_string"}}],"inLanguage":"es"},{"@type":"Organization","@id":"https:\/\/framegirona.com\/#organization","name":"Frame Girona SL Agencia de publicidad","alternateName":"Frame Girona Comunicaci\u00f3, publicitat i disseny","url":"https:\/\/framegirona.com\/","logo":{"@type":"ImageObject","inLanguage":"es","@id":"https:\/\/framegirona.com\/#\/schema\/logo\/image\/","url":"https:\/\/framegirona.com\/wp-content\/uploads\/2022\/09\/Logo-Frame.png","contentUrl":"https:\/\/framegirona.com\/wp-content\/uploads\/2022\/09\/Logo-Frame.png","width":1748,"height":1334,"caption":"Frame Girona SL Ag\u00e8ncia de publicitat"},"image":{"@id":"https:\/\/framegirona.com\/#\/schema\/logo\/image\/"},"sameAs":["https:\/\/www.facebook.com\/framegirona\/","https:\/\/www.linkedin.com\/company\/frame-girona","https:\/\/www.instagram.com\/framegirona\/"],"description":"Agencia de publicidad en Girona y la Costa Brava, especializados en dise\u00f1o gr\u00e1fico, dise\u00f1o y programaci\u00f3n web, posicionamiento de p\u00e1ginas web y publicidad y comunicaci\u00f3n por empresas.","email":"frame@framegirona.com","telephone":"972 20 58 65","legalName":"Frame Girona SL","foundingDate":"1998-05-23","numberOfEmployees":{"@type":"QuantitativeValue","minValue":"1","maxValue":"10"},"publishingPrinciples":"https:\/\/framegirona.com\/","ownershipFundingInfo":"https:\/\/framegirona.com\/avis-legal\/"}]}},"_links":{"self":[{"href":"https:\/\/framegirona.com\/es\/wp-json\/wp\/v2\/projectes\/734","targetHints":{"allow":["GET"]}}],"collection":[{"href":"https:\/\/framegirona.com\/es\/wp-json\/wp\/v2\/projectes"}],"about":[{"href":"https:\/\/framegirona.com\/es\/wp-json\/wp\/v2\/types\/projectes"}],"version-history":[{"count":0,"href":"https:\/\/framegirona.com\/es\/wp-json\/wp\/v2\/projectes\/734\/revisions"}],"wp:featuredmedia":[{"embeddable":true,"href":"https:\/\/framegirona.com\/es\/wp-json\/wp\/v2\/media\/735"}],"wp:attachment":[{"href":"https:\/\/framegirona.com\/es\/wp-json\/wp\/v2\/media?parent=734"}],"wp:term":[{"taxonomy":"category","embeddable":true,"href":"https:\/\/framegirona.com\/es\/wp-json\/wp\/v2\/categories?post=734"},{"taxonomy":"post_tag","embeddable":true,"href":"https:\/\/framegirona.com\/es\/wp-json\/wp\/v2\/tags?post=734"}],"curies":[{"name":"wp","href":"https:\/\/api.w.org\/{rel}","templated":true}]}}