{"id":5648,"date":"2021-06-01T11:10:56","date_gmt":"2021-06-01T09:10:56","guid":{"rendered":"https:\/\/www.framegirona.com\/?post_type=projectes&#038;p=5648"},"modified":"2021-06-01T11:10:56","modified_gmt":"2021-06-01T09:10:56","slug":"vilar-refrigeracio-web","status":"publish","type":"projectes","link":"https:\/\/framegirona.com\/es\/projectes\/vilar-refrigeracio-web\/","title":{"rendered":"VILAR REFRIGERACI\u00d3N \u00b7 Web"},"content":{"rendered":"<h3>WEB<\/h3>\n<p>Vilar Refrigeraci\u00f3n tiene una <strong>identidad visual ya establecida<\/strong>. La potenciamos al m\u00e1ximo y seguimos las l\u00edneas marcadas. <span class=\"hiddenGrammarError\">En la home<\/span> utilizamos una imagen industrial a hoja-<span class=\"hiddenSpellError\">screen<\/span>, ocupa toda la pantalla, y el men\u00fa lo situamos en la franja horizontal blanca.<\/p>\n<p><img fetchpriority=\"high\" decoding=\"async\" class=\"aligncenter wp-image-5651 size-full\" src=\"https:\/\/framegirona.com\/wp-content\/uploads\/2021\/05\/inici.jpg\" alt=\"\" width=\"1200\" height=\"895\" srcset=\"https:\/\/framegirona.com\/wp-content\/uploads\/2021\/05\/inici.jpg 1200w, https:\/\/framegirona.com\/wp-content\/uploads\/2021\/05\/inici-300x224.jpg 300w, https:\/\/framegirona.com\/wp-content\/uploads\/2021\/05\/inici-1024x764.jpg 1024w, https:\/\/framegirona.com\/wp-content\/uploads\/2021\/05\/inici-768x573.jpg 768w\" sizes=\"(max-width: 1200px) 100vw, 1200px\" \/><\/p>\n<p class=\"translation-block\">Aplicamos un <strong>bot\u00f3n Call to <span class=\"hiddenSpellError\">action<\/span> (CTA)<\/strong> en el men\u00fa para destacar el servicio t\u00e9cnico 24 horas, as\u00ed como un <span class=\"hiddenSpellError\">CTA<\/span> en el primer texto de explicaci\u00f3n que permite llamar directamente al servicio t\u00e9cnico. A continuaci\u00f3n mostramos los 4 productos principales: la refrigeraci\u00f3n comercial\/industrial, la refrigeraci\u00f3n CO\u2082, la climatizaci\u00f3n particular y la climatizaci\u00f3n comercial\/industrial. Hagamos una peque\u00f1a explicaci\u00f3n de cada uno de ellos y otro <span class=\"hiddenSpellError\">CTA<\/span> para solicitar m\u00e1s informaci\u00f3n.<\/p>\n<h3>\u2014<\/h3>\n<h3>SERVICIOS<\/h3>\n<p style=\"text-align: left;\">La refrigeraci\u00f3n convencional es un producto que Vilar Refrigeraci\u00f3n sigue ofreciendo por su gran acogida. Aun as\u00ed, el aumento de la demanda por un tipo de refrigeraci\u00f3n m\u00e1s respetuosa con el medio ambiente hace que la empresa tire la l\u00ednea de CO\u2082. Le dedicamos un apartado especial, en el cual <strong>se explica en detalle al cliente qu\u00e9 es, sus beneficios y sus aplicaciones.<\/strong><\/p>\n<p>&nbsp;<\/p>\n<h3><img decoding=\"async\" class=\"aligncenter wp-image-5654 size-full\" src=\"https:\/\/framegirona.com\/wp-content\/uploads\/2021\/05\/refrigeracioco2.jpg\" alt=\"\" width=\"1200\" height=\"895\" srcset=\"https:\/\/framegirona.com\/wp-content\/uploads\/2021\/05\/refrigeracioco2.jpg 1200w, https:\/\/framegirona.com\/wp-content\/uploads\/2021\/05\/refrigeracioco2-300x224.jpg 300w, https:\/\/framegirona.com\/wp-content\/uploads\/2021\/05\/refrigeracioco2-1024x764.jpg 1024w, https:\/\/framegirona.com\/wp-content\/uploads\/2021\/05\/refrigeracioco2-768x573.jpg 768w\" sizes=\"(max-width: 1200px) 100vw, 1200px\" \/><\/h3>\n<h3>\u2014<\/h3>\n<h3>PROYECTOS<\/h3>\n<p style=\"text-align: left;\">Vilar Refrigeraci\u00f3n es una empresa con una larga tradici\u00f3n en el sector y muy establecida en Girona. Creamos un quinto apartado con los proyectos elaborados m\u00e1s importantes, donde mostramos las fotos de los resultados, aprovechando que los clientes son muy conocidos y relevantes, adem\u00e1s de poner destacados a lo largo de la web. En la venta de productos industriales hechos a medida, es muy importante ense\u00f1ar los resultados, no solo para demostrar la capacidad de desarrollarlos, sino tambi\u00e9n por<strong> dar ideas a clientes potenciales de soluciones que se pueden aplicar a su proyecto<\/strong>.<\/p>\n<p style=\"text-align: left;\"><span class=\"Apple-converted-space\">\u00a0<\/span><\/p>\n<p><img decoding=\"async\" class=\"aligncenter wp-image-5656 size-full\" src=\"https:\/\/framegirona.com\/wp-content\/uploads\/2021\/05\/projectes.jpg\" alt=\"\" width=\"1200\" height=\"895\" srcset=\"https:\/\/framegirona.com\/wp-content\/uploads\/2021\/05\/projectes.jpg 1200w, https:\/\/framegirona.com\/wp-content\/uploads\/2021\/05\/projectes-300x224.jpg 300w, https:\/\/framegirona.com\/wp-content\/uploads\/2021\/05\/projectes-1024x764.jpg 1024w, https:\/\/framegirona.com\/wp-content\/uploads\/2021\/05\/projectes-768x573.jpg 768w\" sizes=\"(max-width: 1200px) 100vw, 1200px\" \/><\/p>\n<p>&nbsp;<\/p>\n<h3>\u2014<\/h3>\n<h3>TECNOLOG\u00cdA<\/h3>\n<p>Adaptamos todos los elementos que conforman la web a las proporciones de los <strong>diversos dispositivos<\/strong>. C\u00f3mo en todas las webs que elaboramos, aplicamos un buen <strong>SEO y programaci\u00f3n<\/strong>, para una carga al navegador m\u00e1s r\u00e1pida y para tener un buen <strong>posicionamiento en los buscadores como Google<\/strong>.<\/p>\n<p>&nbsp;<\/p>\n<p><img loading=\"lazy\" decoding=\"async\" class=\"aligncenter size-full wp-image-5659\" src=\"https:\/\/framegirona.com\/wp-content\/uploads\/2021\/05\/DISPOSITIUS-1.jpg\" alt=\"\" width=\"1200\" height=\"700\" srcset=\"https:\/\/framegirona.com\/wp-content\/uploads\/2021\/05\/DISPOSITIUS-1.jpg 1200w, https:\/\/framegirona.com\/wp-content\/uploads\/2021\/05\/DISPOSITIUS-1-300x175.jpg 300w, https:\/\/framegirona.com\/wp-content\/uploads\/2021\/05\/DISPOSITIUS-1-1024x597.jpg 1024w, https:\/\/framegirona.com\/wp-content\/uploads\/2021\/05\/DISPOSITIUS-1-768x448.jpg 768w\" sizes=\"(max-width: 1200px) 100vw, 1200px\" \/><\/p>\n<p>&nbsp;<\/p>","protected":false},"excerpt":{"rendered":"<p>Vilar Refrigeraci\u00f3n es una empresa gerundense experta en servicios globales de refrigeraci\u00f3n y climatizaci\u00f3n, tanto en su instalaci\u00f3n, como en su mantenimiento. Su experiencia, forjada principalmente en las exigencias del sector industrial y el uso de las mejores marcas y productos, les permite trabajar con la m\u00e1xima calidad, compromiso y profesionalidad. Siempre tienen como objetivo un reto: seguir innovando para poder ofrecer a sus clientes la opci\u00f3n que mejor se adapta a sus necesidades.<\/p>","protected":false},"featured_media":5650,"template":"","categories":[3],"tags":[],"class_list":["post-5648","projectes","type-projectes","status-publish","has-post-thumbnail","hentry","category-online"],"yoast_head":"<!-- This site is optimized with the Yoast SEO Premium plugin v24.2 (Yoast SEO v27.5) - https:\/\/yoast.com\/product\/yoast-seo-premium-wordpress\/ -->\n<title>Vilar Refrigeraci\u00f3 \u00b7 P\u00e0gina Web \u00b7 Online \u00b7 Frame Girona<\/title>\n<meta name=\"description\" content=\"Vilar Refrigeraci\u00f3 \u00e9s una empresa experta en\u00a0serveis globals de refrigeraci\u00f3 i climatitzaci\u00f3. Frame s\u00f3m els encarregats de fer la seva web.\" \/>\n<meta name=\"robots\" content=\"index, follow, max-snippet:-1, max-image-preview:large, max-video-preview:-1\" \/>\n<link rel=\"canonical\" href=\"https:\/\/framegirona.com\/es\/projectes\/vilar-refrigeracio-web\/\" \/>\n<meta property=\"og:locale\" content=\"es_ES\" \/>\n<meta property=\"og:type\" content=\"article\" \/>\n<meta property=\"og:title\" content=\"VILAR REFRIGERACI\u00d3 \u00b7 Web\" \/>\n<meta property=\"og:description\" content=\"Vilar Refrigeraci\u00f3 \u00e9s una empresa experta en\u00a0serveis globals de refrigeraci\u00f3 i climatitzaci\u00f3. Frame s\u00f3m els encarregats de fer la seva web.\" \/>\n<meta property=\"og:url\" content=\"https:\/\/framegirona.com\/es\/projectes\/vilar-refrigeracio-web\/\" \/>\n<meta property=\"og:site_name\" content=\"Frame Girona\" \/>\n<meta property=\"article:publisher\" content=\"https:\/\/www.facebook.com\/framegirona\/\" \/>\n<meta property=\"og:image\" content=\"https:\/\/framegirona.com\/wp-content\/uploads\/2021\/05\/mockup-1.jpg\" \/>\n\t<meta property=\"og:image:width\" content=\"1200\" \/>\n\t<meta property=\"og:image:height\" content=\"960\" \/>\n\t<meta property=\"og:image:type\" content=\"image\/jpeg\" \/>\n<meta name=\"twitter:card\" content=\"summary_large_image\" \/>\n<meta name=\"twitter:label1\" content=\"Tiempo de lectura\" \/>\n\t<meta name=\"twitter:data1\" content=\"3 minutos\" \/>\n<script type=\"application\/ld+json\" class=\"yoast-schema-graph\">{\"@context\":\"https:\\\/\\\/schema.org\",\"@graph\":[{\"@type\":\"WebPage\",\"@id\":\"https:\\\/\\\/framegirona.com\\\/projectes\\\/vilar-refrigeracio-web\\\/\",\"url\":\"https:\\\/\\\/framegirona.com\\\/projectes\\\/vilar-refrigeracio-web\\\/\",\"name\":\"Vilar Refrigeraci\u00f3 \u00b7 P\u00e0gina Web \u00b7 Online \u00b7 Frame Girona\",\"isPartOf\":{\"@id\":\"https:\\\/\\\/framegirona.com\\\/#website\"},\"primaryImageOfPage\":{\"@id\":\"https:\\\/\\\/framegirona.com\\\/projectes\\\/vilar-refrigeracio-web\\\/#primaryimage\"},\"image\":{\"@id\":\"https:\\\/\\\/framegirona.com\\\/projectes\\\/vilar-refrigeracio-web\\\/#primaryimage\"},\"thumbnailUrl\":\"https:\\\/\\\/framegirona.com\\\/wp-content\\\/uploads\\\/2021\\\/05\\\/mockup-1.jpg\",\"datePublished\":\"2021-06-01T09:10:56+00:00\",\"description\":\"Vilar Refrigeraci\u00f3 \u00e9s una empresa experta en\u00a0serveis globals de refrigeraci\u00f3 i climatitzaci\u00f3. Frame s\u00f3m els encarregats de fer la seva web.\",\"breadcrumb\":{\"@id\":\"https:\\\/\\\/framegirona.com\\\/projectes\\\/vilar-refrigeracio-web\\\/#breadcrumb\"},\"inLanguage\":\"es\",\"potentialAction\":[{\"@type\":\"ReadAction\",\"target\":[\"https:\\\/\\\/framegirona.com\\\/projectes\\\/vilar-refrigeracio-web\\\/\"]}]},{\"@type\":\"ImageObject\",\"inLanguage\":\"es\",\"@id\":\"https:\\\/\\\/framegirona.com\\\/projectes\\\/vilar-refrigeracio-web\\\/#primaryimage\",\"url\":\"https:\\\/\\\/framegirona.com\\\/wp-content\\\/uploads\\\/2021\\\/05\\\/mockup-1.jpg\",\"contentUrl\":\"https:\\\/\\\/framegirona.com\\\/wp-content\\\/uploads\\\/2021\\\/05\\\/mockup-1.jpg\",\"width\":1200,\"height\":960},{\"@type\":\"BreadcrumbList\",\"@id\":\"https:\\\/\\\/framegirona.com\\\/projectes\\\/vilar-refrigeracio-web\\\/#breadcrumb\",\"itemListElement\":[{\"@type\":\"ListItem\",\"position\":1,\"name\":\"Home\",\"item\":\"https:\\\/\\\/framegirona.com\\\/\"},{\"@type\":\"ListItem\",\"position\":2,\"name\":\"Projectes\",\"item\":\"https:\\\/\\\/framegirona.com\\\/projectes\\\/\"},{\"@type\":\"ListItem\",\"position\":3,\"name\":\"VILAR REFRIGERACI\u00d3 \u00b7 Web\"}]},{\"@type\":\"WebSite\",\"@id\":\"https:\\\/\\\/framegirona.com\\\/#website\",\"url\":\"https:\\\/\\\/framegirona.com\\\/\",\"name\":\"Frame Girona Ag\u00e8ncia de publicitat\",\"description\":\"Agencia de comunicaci\u00f3n y publicidad\",\"publisher\":{\"@id\":\"https:\\\/\\\/framegirona.com\\\/#organization\"},\"alternateName\":\"Agencia de publicidad y dise\u00f1o en Girona y Barcelona\",\"potentialAction\":[{\"@type\":\"SearchAction\",\"target\":{\"@type\":\"EntryPoint\",\"urlTemplate\":\"https:\\\/\\\/framegirona.com\\\/?s={search_term_string}\"},\"query-input\":{\"@type\":\"PropertyValueSpecification\",\"valueRequired\":true,\"valueName\":\"search_term_string\"}}],\"inLanguage\":\"es\"},{\"@type\":\"Organization\",\"@id\":\"https:\\\/\\\/framegirona.com\\\/#organization\",\"name\":\"Frame Girona SL Ag\u00e8ncia de publicitat\",\"alternateName\":\"Frame Girona Comunicaci\u00f3, publicitat i disseny\",\"url\":\"https:\\\/\\\/framegirona.com\\\/\",\"logo\":{\"@type\":\"ImageObject\",\"inLanguage\":\"es\",\"@id\":\"https:\\\/\\\/framegirona.com\\\/#\\\/schema\\\/logo\\\/image\\\/\",\"url\":\"https:\\\/\\\/framegirona.com\\\/wp-content\\\/uploads\\\/2022\\\/09\\\/Logo-Frame.png\",\"contentUrl\":\"https:\\\/\\\/framegirona.com\\\/wp-content\\\/uploads\\\/2022\\\/09\\\/Logo-Frame.png\",\"width\":1748,\"height\":1334,\"caption\":\"Frame Girona SL Ag\u00e8ncia de publicitat\"},\"image\":{\"@id\":\"https:\\\/\\\/framegirona.com\\\/#\\\/schema\\\/logo\\\/image\\\/\"},\"sameAs\":[\"https:\\\/\\\/www.facebook.com\\\/framegirona\\\/\",\"https:\\\/\\\/www.linkedin.com\\\/company\\\/frame-girona\",\"https:\\\/\\\/www.instagram.com\\\/framegirona\\\/\"],\"description\":\"Ag\u00e8ncia de publicitat a Girona i la Costa Brava, especialitzats en disseny gr\u00e0fic, disseny i programaci\u00f3 web, posicionament de p\u00e0gines web i publicitat i comunicaci\u00f3 per empreses.\",\"email\":\"frame@framegirona.com\",\"telephone\":\"972 20 58 65\",\"legalName\":\"Frame Girona SL\",\"foundingDate\":\"1998-05-23\",\"numberOfEmployees\":{\"@type\":\"QuantitativeValue\",\"minValue\":\"1\",\"maxValue\":\"10\"},\"publishingPrinciples\":\"https:\\\/\\\/framegirona.com\\\/\",\"ownershipFundingInfo\":\"https:\\\/\\\/framegirona.com\\\/avis-legal\\\/\"}]}<\/script>\n<!-- \/ Yoast SEO Premium plugin. -->","yoast_head_json":{"title":"Vilar Refrigeraci\u00f3 \u00b7 P\u00e0gina Web \u00b7 Online \u00b7 Frame Girona","description":"Vilar Refrigeraci\u00f3 \u00e9s una empresa experta en\u00a0serveis globals de refrigeraci\u00f3 i climatitzaci\u00f3. Frame s\u00f3m els encarregats de fer la seva web.","robots":{"index":"index","follow":"follow","max-snippet":"max-snippet:-1","max-image-preview":"max-image-preview:large","max-video-preview":"max-video-preview:-1"},"canonical":"https:\/\/framegirona.com\/es\/projectes\/vilar-refrigeracio-web\/","og_locale":"es_ES","og_type":"article","og_title":"VILAR REFRIGERACI\u00d3 \u00b7 Web","og_description":"Vilar Refrigeraci\u00f3 \u00e9s una empresa experta en\u00a0serveis globals de refrigeraci\u00f3 i climatitzaci\u00f3. Frame s\u00f3m els encarregats de fer la seva web.","og_url":"https:\/\/framegirona.com\/es\/projectes\/vilar-refrigeracio-web\/","og_site_name":"Frame Girona","article_publisher":"https:\/\/www.facebook.com\/framegirona\/","og_image":[{"width":1200,"height":960,"url":"https:\/\/framegirona.com\/wp-content\/uploads\/2021\/05\/mockup-1.jpg","type":"image\/jpeg"}],"twitter_card":"summary_large_image","twitter_misc":{"Tiempo de lectura":"3 minutos"},"schema":{"@context":"https:\/\/schema.org","@graph":[{"@type":"WebPage","@id":"https:\/\/framegirona.com\/projectes\/vilar-refrigeracio-web\/","url":"https:\/\/framegirona.com\/projectes\/vilar-refrigeracio-web\/","name":"Vilar Refrigeraci\u00f3 \u00b7 P\u00e0gina Web \u00b7 Online \u00b7 Frame Girona","isPartOf":{"@id":"https:\/\/framegirona.com\/#website"},"primaryImageOfPage":{"@id":"https:\/\/framegirona.com\/projectes\/vilar-refrigeracio-web\/#primaryimage"},"image":{"@id":"https:\/\/framegirona.com\/projectes\/vilar-refrigeracio-web\/#primaryimage"},"thumbnailUrl":"https:\/\/framegirona.com\/wp-content\/uploads\/2021\/05\/mockup-1.jpg","datePublished":"2021-06-01T09:10:56+00:00","description":"Vilar Refrigeraci\u00f3 \u00e9s una empresa experta en\u00a0serveis globals de refrigeraci\u00f3 i climatitzaci\u00f3. Frame s\u00f3m els encarregats de fer la seva web.","breadcrumb":{"@id":"https:\/\/framegirona.com\/projectes\/vilar-refrigeracio-web\/#breadcrumb"},"inLanguage":"es","potentialAction":[{"@type":"ReadAction","target":["https:\/\/framegirona.com\/projectes\/vilar-refrigeracio-web\/"]}]},{"@type":"ImageObject","inLanguage":"es","@id":"https:\/\/framegirona.com\/projectes\/vilar-refrigeracio-web\/#primaryimage","url":"https:\/\/framegirona.com\/wp-content\/uploads\/2021\/05\/mockup-1.jpg","contentUrl":"https:\/\/framegirona.com\/wp-content\/uploads\/2021\/05\/mockup-1.jpg","width":1200,"height":960},{"@type":"BreadcrumbList","@id":"https:\/\/framegirona.com\/projectes\/vilar-refrigeracio-web\/#breadcrumb","itemListElement":[{"@type":"ListItem","position":1,"name":"Home","item":"https:\/\/framegirona.com\/"},{"@type":"ListItem","position":2,"name":"Projectes","item":"https:\/\/framegirona.com\/projectes\/"},{"@type":"ListItem","position":3,"name":"VILAR REFRIGERACI\u00d3 \u00b7 Web"}]},{"@type":"WebSite","@id":"https:\/\/framegirona.com\/#website","url":"https:\/\/framegirona.com\/","name":"Frame Girona Agencia de publicidad","description":"Agencia de comunicaci\u00f3n y publicidad","publisher":{"@id":"https:\/\/framegirona.com\/#organization"},"alternateName":"Agencia de publicidad y dise\u00f1o en Girona y Barcelona","potentialAction":[{"@type":"SearchAction","target":{"@type":"EntryPoint","urlTemplate":"https:\/\/framegirona.com\/?s={search_term_string}"},"query-input":{"@type":"PropertyValueSpecification","valueRequired":true,"valueName":"search_term_string"}}],"inLanguage":"es"},{"@type":"Organization","@id":"https:\/\/framegirona.com\/#organization","name":"Frame Girona SL Agencia de publicidad","alternateName":"Frame Girona Comunicaci\u00f3, publicitat i disseny","url":"https:\/\/framegirona.com\/","logo":{"@type":"ImageObject","inLanguage":"es","@id":"https:\/\/framegirona.com\/#\/schema\/logo\/image\/","url":"https:\/\/framegirona.com\/wp-content\/uploads\/2022\/09\/Logo-Frame.png","contentUrl":"https:\/\/framegirona.com\/wp-content\/uploads\/2022\/09\/Logo-Frame.png","width":1748,"height":1334,"caption":"Frame Girona SL Ag\u00e8ncia de publicitat"},"image":{"@id":"https:\/\/framegirona.com\/#\/schema\/logo\/image\/"},"sameAs":["https:\/\/www.facebook.com\/framegirona\/","https:\/\/www.linkedin.com\/company\/frame-girona","https:\/\/www.instagram.com\/framegirona\/"],"description":"Agencia de publicidad en Girona y la Costa Brava, especializados en dise\u00f1o gr\u00e1fico, dise\u00f1o y programaci\u00f3n web, posicionamiento de p\u00e1ginas web y publicidad y comunicaci\u00f3n por empresas.","email":"frame@framegirona.com","telephone":"972 20 58 65","legalName":"Frame Girona SL","foundingDate":"1998-05-23","numberOfEmployees":{"@type":"QuantitativeValue","minValue":"1","maxValue":"10"},"publishingPrinciples":"https:\/\/framegirona.com\/","ownershipFundingInfo":"https:\/\/framegirona.com\/avis-legal\/"}]}},"_links":{"self":[{"href":"https:\/\/framegirona.com\/es\/wp-json\/wp\/v2\/projectes\/5648","targetHints":{"allow":["GET"]}}],"collection":[{"href":"https:\/\/framegirona.com\/es\/wp-json\/wp\/v2\/projectes"}],"about":[{"href":"https:\/\/framegirona.com\/es\/wp-json\/wp\/v2\/types\/projectes"}],"version-history":[{"count":0,"href":"https:\/\/framegirona.com\/es\/wp-json\/wp\/v2\/projectes\/5648\/revisions"}],"wp:featuredmedia":[{"embeddable":true,"href":"https:\/\/framegirona.com\/es\/wp-json\/wp\/v2\/media\/5650"}],"wp:attachment":[{"href":"https:\/\/framegirona.com\/es\/wp-json\/wp\/v2\/media?parent=5648"}],"wp:term":[{"taxonomy":"category","embeddable":true,"href":"https:\/\/framegirona.com\/es\/wp-json\/wp\/v2\/categories?post=5648"},{"taxonomy":"post_tag","embeddable":true,"href":"https:\/\/framegirona.com\/es\/wp-json\/wp\/v2\/tags?post=5648"}],"curies":[{"name":"wp","href":"https:\/\/api.w.org\/{rel}","templated":true}]}}