{"id":3157,"date":"2021-03-12T13:42:18","date_gmt":"2021-03-12T12:42:18","guid":{"rendered":"https:\/\/www.framegirona.com\/?post_type=projectes&#038;p=3157"},"modified":"2021-03-12T13:45:15","modified_gmt":"2021-03-12T12:45:15","slug":"esperapp","status":"publish","type":"projectes","link":"https:\/\/framegirona.com\/es\/projectes\/esperapp\/","title":{"rendered":"esperapp \u00b7 sala de espera digital"},"content":{"rendered":"<h3>EL CONCEPTO<\/h3>\n<p>El <em>naming<\/em>, en este caso, nos lo da el cliente. <strong>Esperapp<\/strong>, es decir la APP que te permite esperar en cualquier lugar y no tener que hacerlo en una sala de espera, con los peligros sanitarios que esto comporta, tanto parta el paciente como para el centro m\u00e9dico. A partir de este punto, desarrollamos una estrategia pensando en los dos p\u00fablicos del producto: por un lado el usuario (paciente) que utilizar\u00e1 la APP directamente en su dispositivo: por la otra, el centro m\u00e9dico (personal de gesti\u00f3n y sanitario) que utilizar\u00e1 la plataforma <em>online<\/em> desde el ordenador. As\u00ed, se genera un flujo de informaci\u00f3n constante entre ambos. <strong>Esperapp<\/strong> es la plataforma que lo permite.<\/p>\n<h3>\u2014<\/h3>\n<h3>MARCA GR\u00c1FICA<\/h3>\n<p>Presentamos <strong>3 propuestas<\/strong> al cliente: la A, basada en la sala de espera f\u00edsica (lugar donde se esperaba); la B, basada en la fusi\u00f3n entre el reloj de arena y la casa (tiempo y lugar donde se espera); la C, basada en la casa y la recepci\u00f3n del aviso (lugar donde se espera). De estas, el cliente decide escoger la B, la que m\u00e1s le encaja, y con unos peque\u00f1os retoques, entregamos la definitiva.<\/p>\n<p><img fetchpriority=\"high\" decoding=\"async\" class=\"aligncenter size-full wp-image-3159\" src=\"https:\/\/framegirona.com\/wp-content\/uploads\/2021\/03\/ESPERAPP-ConceptesMarcaGrafica.png\" alt=\"Esperapp. La teva sala d'espera virtual. Disseny Identitat Visual Corporativa, APP, Web, Peces corporatives. Conceptes de marca gr\u00e0fica. Icona i logotip.\" width=\"1200\" height=\"439\" srcset=\"https:\/\/framegirona.com\/wp-content\/uploads\/2021\/03\/ESPERAPP-ConceptesMarcaGrafica.png 1200w, https:\/\/framegirona.com\/wp-content\/uploads\/2021\/03\/ESPERAPP-ConceptesMarcaGrafica-300x110.png 300w, https:\/\/framegirona.com\/wp-content\/uploads\/2021\/03\/ESPERAPP-ConceptesMarcaGrafica-1024x375.png 1024w, https:\/\/framegirona.com\/wp-content\/uploads\/2021\/03\/ESPERAPP-ConceptesMarcaGrafica-768x281.png 768w\" sizes=\"(max-width: 1200px) 100vw, 1200px\" \/><\/p>\n<h3><img decoding=\"async\" class=\"aligncenter size-full wp-image-3160\" src=\"https:\/\/framegirona.com\/wp-content\/uploads\/2021\/03\/ESPERAPP-Marca-Grafica_FINAL.png\" alt=\"Esperapp. La teva sala d'espera virtual. Disseny Identitat Visual Corporativa, APP, Web, Peces corporatives. Marca gr\u00e0fica definitiva.\" width=\"550\" height=\"550\" srcset=\"https:\/\/framegirona.com\/wp-content\/uploads\/2021\/03\/ESPERAPP-Marca-Grafica_FINAL.png 550w, https:\/\/framegirona.com\/wp-content\/uploads\/2021\/03\/ESPERAPP-Marca-Grafica_FINAL-300x300.png 300w, https:\/\/framegirona.com\/wp-content\/uploads\/2021\/03\/ESPERAPP-Marca-Grafica_FINAL-150x150.png 150w\" sizes=\"(max-width: 550px) 100vw, 550px\" \/><\/h3>\n<p>Al tratarse de una APP, es muy importante que la marca gr\u00e1fica sea muy legible, clara, con un nombre el m\u00e1ximo de corto posible, y con un pictograma que se pueda integrar f\u00e1cilmente en un icono (tanto de iOS, como de Android). Por este motivo, y por el refuerzo de mostrar al cliente que se trata de una APP en un solo vistazo, decidimos crear esta forma de pictograma.<\/p>\n<h3>\u2014<\/h3>\n<h3>APP<\/h3>\n<p><strong>Es la pieza principal para el usuario<\/strong>. Gracias a varias reuniones: entre cliente, direcci\u00f3n de proyecto, dise\u00f1o UX-UI y programaci\u00f3n se define tanto la arquitectura como la l\u00ednea de dise\u00f1o de la APP. El siguiente paso es crear cada una de las pantallas con las cuales interactuar\u00e1 el usuario.<\/p>\n<p><img decoding=\"async\" class=\"aligncenter size-full wp-image-3162\" src=\"https:\/\/framegirona.com\/wp-content\/uploads\/2021\/03\/ESPERAPP-APP_02.jpg\" alt=\"Esperapp. La teva sala d'espera virtual. Disseny Identitat Visual Corporativa, APP, Web, Peces corporatives. Pantalles de l'interior de l'APP.\" width=\"1200\" height=\"800\" srcset=\"https:\/\/framegirona.com\/wp-content\/uploads\/2021\/03\/ESPERAPP-APP_02.jpg 1200w, https:\/\/framegirona.com\/wp-content\/uploads\/2021\/03\/ESPERAPP-APP_02-300x200.jpg 300w, https:\/\/framegirona.com\/wp-content\/uploads\/2021\/03\/ESPERAPP-APP_02-1024x683.jpg 1024w, https:\/\/framegirona.com\/wp-content\/uploads\/2021\/03\/ESPERAPP-APP_02-768x512.jpg 768w\" sizes=\"(max-width: 1200px) 100vw, 1200px\" \/><\/p>\n<p><span style=\"color: #ffffff;\">\u2026<\/span><\/p>\n<p>El dise\u00f1o de todas las pantallas es un proceso muy laborioso y entretenido, en que cada peque\u00f1o detalle cuenta. Es el momento en que hay que integrar el Dise\u00f1o de UI (<em>User Interface<\/em>) y d\u2019UX (<em>User Experience<\/em>). As\u00ed, se consigue que las funciones que se definen en la APP son las que necesita el usuario para interactuar.<\/p>\n<p><img loading=\"lazy\" decoding=\"async\" class=\"aligncenter size-full wp-image-3163\" src=\"https:\/\/framegirona.com\/wp-content\/uploads\/2021\/03\/ESPERAPP-APP_03.jpg\" alt=\"Esperapp. La teva sala d'espera virtual. Disseny Identitat Visual Corporativa, APP, Web, Peces corporatives. Pantalles interiors, totes, en llen\u00e7ol.\" width=\"1200\" height=\"800\" srcset=\"https:\/\/framegirona.com\/wp-content\/uploads\/2021\/03\/ESPERAPP-APP_03.jpg 1200w, https:\/\/framegirona.com\/wp-content\/uploads\/2021\/03\/ESPERAPP-APP_03-300x200.jpg 300w, https:\/\/framegirona.com\/wp-content\/uploads\/2021\/03\/ESPERAPP-APP_03-1024x683.jpg 1024w, https:\/\/framegirona.com\/wp-content\/uploads\/2021\/03\/ESPERAPP-APP_03-768x512.jpg 768w\" sizes=\"(max-width: 1200px) 100vw, 1200px\" \/><\/p>\n<h3>\u2014<\/h3>\n<h3>BACKEND<\/h3>\n<p><strong>Es la parte principal para el centro m\u00e9dico<\/strong>. La APP se conecta con el sistema interno del centro. De este modo, cualquier gesti\u00f3n o aviso que el centro efect\u00fae, la recibir\u00e1 el cliente. No quer\u00edamos que quedara aqu\u00ed, por eso tambi\u00e9n integramos funciones de gesti\u00f3n de las agendas de los m\u00e9dicos, as\u00ed el centro m\u00e9dico cuenta con un calendario unificado en el cual hay la disponibilidad de todo el personal m\u00e9dico, as\u00ed como de las citas que ya tiene reservadas. Y m\u00e1s all\u00e1, el m\u00e9dico puede saber con antelaci\u00f3n qu\u00e9 citas tendr\u00e1, cu\u00e1les se han cancelado y planificar su jornada laboral f\u00e1cilmente.<\/p>\n<p><img loading=\"lazy\" decoding=\"async\" class=\"aligncenter size-full wp-image-3164\" src=\"https:\/\/framegirona.com\/wp-content\/uploads\/2021\/03\/ESPERAPP-Backend.png\" alt=\"Esperapp. La teva sala d'espera virtual. Disseny Identitat Visual Corporativa, APP, Web, Peces corporatives. Backend pel centre m\u00e8dic.\" width=\"1200\" height=\"800\" srcset=\"https:\/\/framegirona.com\/wp-content\/uploads\/2021\/03\/ESPERAPP-Backend.png 1200w, https:\/\/framegirona.com\/wp-content\/uploads\/2021\/03\/ESPERAPP-Backend-300x200.png 300w, https:\/\/framegirona.com\/wp-content\/uploads\/2021\/03\/ESPERAPP-Backend-1024x683.png 1024w, https:\/\/framegirona.com\/wp-content\/uploads\/2021\/03\/ESPERAPP-Backend-768x512.png 768w\" sizes=\"(max-width: 1200px) 100vw, 1200px\" \/><\/p>\n<p>Este sistema es cr\u00edtico para el centro m\u00e9dico. Es por eso que hemos desarrollado diferentes opciones de agenda, calendario, gesti\u00f3n de usuarios, preferencias\u2026 Adem\u00e1s, todo se integra con un c\u00f3digo crom\u00e1tico que permite, tanto en el centro como al m\u00e9dico, tener muy clara la organizaci\u00f3n del d\u00eda en segundos. Te ense\u00f1ar\u00edamos m\u00e1s pantallas, pero preferimos proteger la seguridad de nuestro cliente \ud83d\ude09<\/p>\n<h3>\u2014<\/h3>\n<h3>WEB<\/h3>\n<p style=\"text-align: left;\">Es la plataforma ideal para presentar Esperapp, tanto al p\u00fablico general como a los centros m\u00e9dicos que puedan estar interesados. Es la pieza principal de comunicaci\u00f3n promocional <em>online<\/em>. En ella especificamos claramente las funciones del sistema, segmentando el usuario en dos, con muchas m\u00e1s funcionalidades. Como siempre, responsiva para que se pueda ver tanto en ordenador, tableta, como <em>smartphone<\/em>. Aqu\u00ed tienes el enlace:\u00a0<a href=\"https:\/\/www.esperapp.com\/\" target=\"_blank\" rel=\"noopener noreferrer\">web<\/a><\/p>\n<p><img loading=\"lazy\" decoding=\"async\" class=\"aligncenter size-full wp-image-3165\" src=\"https:\/\/framegirona.com\/wp-content\/uploads\/2021\/03\/ESPERAPP-Web.png\" alt=\"Esperapp. La teva sala d'espera virtual. Disseny Identitat Visual Corporativa, APP, Web, Peces corporatives. Web onepage.\" width=\"1200\" height=\"925\" srcset=\"https:\/\/framegirona.com\/wp-content\/uploads\/2021\/03\/ESPERAPP-Web.png 1200w, https:\/\/framegirona.com\/wp-content\/uploads\/2021\/03\/ESPERAPP-Web-300x231.png 300w, https:\/\/framegirona.com\/wp-content\/uploads\/2021\/03\/ESPERAPP-Web-1024x789.png 1024w, https:\/\/framegirona.com\/wp-content\/uploads\/2021\/03\/ESPERAPP-Web-768x592.png 768w\" sizes=\"(max-width: 1200px) 100vw, 1200px\" \/><\/p>\n<p>&nbsp;<\/p>\n<h3>\u2014<\/h3>\n<h3>QUADR\u00cdPTICO<\/h3>\n<p style=\"text-align: left;\">Como concepto, es la aplicaci\u00f3n de la p\u00e1gina web en formato papel. La lectura de este es muy diferente de la p\u00e1gina web, que es un <em>scroll<\/em> vertical. Por este motivo, proponemos hacer un cuadr\u00edptico, que a medida que se despliega va mostrando la informaci\u00f3n por orden de lectura, hasta que abrimos las dos \u00faltimas p\u00e1ginas y se nos muestra una divisi\u00f3n entre que ofrece <strong>Esperapp<\/strong> al usuario y en el centro m\u00e9dico.<\/p>\n<p><img loading=\"lazy\" decoding=\"async\" class=\"aligncenter size-full wp-image-3166\" src=\"https:\/\/framegirona.com\/wp-content\/uploads\/2021\/03\/ESPERAPP-Quadriptic_Exterior.jpg\" alt=\"Esperapp. La teva sala d'espera virtual. Disseny Identitat Visual Corporativa, APP, Web, Peces corporatives. Quadr\u00edptic exterior.\" width=\"1200\" height=\"800\" srcset=\"https:\/\/framegirona.com\/wp-content\/uploads\/2021\/03\/ESPERAPP-Quadriptic_Exterior.jpg 1200w, https:\/\/framegirona.com\/wp-content\/uploads\/2021\/03\/ESPERAPP-Quadriptic_Exterior-300x200.jpg 300w, https:\/\/framegirona.com\/wp-content\/uploads\/2021\/03\/ESPERAPP-Quadriptic_Exterior-1024x683.jpg 1024w, https:\/\/framegirona.com\/wp-content\/uploads\/2021\/03\/ESPERAPP-Quadriptic_Exterior-768x512.jpg 768w\" sizes=\"(max-width: 1200px) 100vw, 1200px\" \/><\/p>\n<p><img loading=\"lazy\" decoding=\"async\" class=\"aligncenter size-full wp-image-3167\" src=\"https:\/\/framegirona.com\/wp-content\/uploads\/2021\/03\/ESPERAPP-Quadriptic_Interior.jpg\" alt=\"Esperapp. La teva sala d'espera virtual. Disseny Identitat Visual Corporativa, APP, Web, Peces corporatives. Quadr\u00edptic interior.\" width=\"1200\" height=\"800\" srcset=\"https:\/\/framegirona.com\/wp-content\/uploads\/2021\/03\/ESPERAPP-Quadriptic_Interior.jpg 1200w, https:\/\/framegirona.com\/wp-content\/uploads\/2021\/03\/ESPERAPP-Quadriptic_Interior-300x200.jpg 300w, https:\/\/framegirona.com\/wp-content\/uploads\/2021\/03\/ESPERAPP-Quadriptic_Interior-1024x683.jpg 1024w, https:\/\/framegirona.com\/wp-content\/uploads\/2021\/03\/ESPERAPP-Quadriptic_Interior-768x512.jpg 768w\" sizes=\"(max-width: 1200px) 100vw, 1200px\" \/><\/p>\n<h3>\u2014<\/h3>\n<h3>TARJETAS<\/h3>\n<p style=\"text-align: left;\">Es la pieza corporativa por excelencia en una visita comercial. En este caso hemos optado por un acabado de alta gamma, con laminado\u00a0<em>Soft-Touch<\/em> y con un barniz UV3D (brillante y con relevo), que te permite jugar con el concepto de la cara delantera: muchos relojes de arena, esperando guardando la distancia de seguridad, excepto uno, que es el que ha recibido la notificaci\u00f3n, y no hace falta que espere en la sala.<\/p>\n<p><img loading=\"lazy\" decoding=\"async\" class=\"aligncenter size-full wp-image-3168\" src=\"https:\/\/framegirona.com\/wp-content\/uploads\/2021\/03\/ESPERAPP-Targetes_Mockup.jpg\" alt=\"Esperapp. La teva sala d'espera virtual. Disseny Identitat Visual Corporativa, APP, Web, Peces corporatives. Targetes de visita.\" width=\"1200\" height=\"758\" srcset=\"https:\/\/framegirona.com\/wp-content\/uploads\/2021\/03\/ESPERAPP-Targetes_Mockup.jpg 1200w, https:\/\/framegirona.com\/wp-content\/uploads\/2021\/03\/ESPERAPP-Targetes_Mockup-300x190.jpg 300w, https:\/\/framegirona.com\/wp-content\/uploads\/2021\/03\/ESPERAPP-Targetes_Mockup-1024x647.jpg 1024w, https:\/\/framegirona.com\/wp-content\/uploads\/2021\/03\/ESPERAPP-Targetes_Mockup-768x485.jpg 768w\" sizes=\"(max-width: 1200px) 100vw, 1200px\" \/><\/p>","protected":false},"excerpt":{"rendered":"<p>Ad\u00e9u sales d\u2019espera! Estigues on tu vulguis, que t\u2019avisem al m\u00f2bil. Pensat tant pel centre m\u00e8dic com pel pacient. Pel centre m\u00e8dic: \u00e9s el sistema de gesti\u00f3 integrada pel centre d\u2019av\u00eds als pacients i evitar aglomeracions a les sales d\u2019espera. Comunica\u2019t amb el pacient a temps real per gestionar la seva visita i l\u2019arribada a la sala d\u2019espera. Pel pacient: \u00e9s el sistema de gesti\u00f3 integrada per l\u2019usuari d\u2019av\u00eds de visites per evitar al m\u00e0xim haver d\u2019estar a les sales d\u2019espera. Gestiona a temps real les comunicacions del centre per la teva visita i arribada a la sala d\u2019espera.<\/p>\n<p>D&#8217;aquesta manera aconseguim:<br \/>\n\u2014 Sales d\u2019espera m\u00e9s segures.<br \/>\n\u2014 Procediment c\u00f2mode i f\u00e0cil.<br \/>\n\u2014 Gesti\u00f3 amb un sistema integrat.<br \/>\n\u2014 Canvis i avisos instantanis.<br \/>\n\u2014 Gestiona m\u00faltiples esperes alhora.<br \/>\n\u2014 Notificacions push.<\/p>\n<p>PERQU\u00c8 LA SALA D\u2019ESPERA M\u00c9S SEGURA \u00c9S QUAN NO HI HA UNA SALA D\u2019ESPERA.<\/p>","protected":false},"featured_media":3158,"template":"","categories":[4,7,3],"tags":[],"class_list":["post-3157","projectes","type-projectes","status-publish","has-post-thumbnail","hentry","category-app","category-branding","category-online"],"yoast_head":"<!-- This site is optimized with the Yoast SEO Premium plugin v24.2 (Yoast SEO v27.4) - https:\/\/yoast.com\/product\/yoast-seo-premium-wordpress\/ -->\n<title>ESPERAPP. La sala d&#039;espera digital per pacient i centre m\u00e8dic. F\/<\/title>\n<meta name=\"description\" content=\"Esperapp, \u00e9s a dir l&#039;APP que et permet esperar a qualsevol lloc i no haver de fer-ho en una sala d&#039;espera. Per pacient i centre m\u00e8dic.\" \/>\n<meta name=\"robots\" content=\"index, follow, max-snippet:-1, max-image-preview:large, max-video-preview:-1\" \/>\n<link rel=\"canonical\" href=\"https:\/\/framegirona.com\/es\/projectes\/esperapp\/\" \/>\n<meta property=\"og:locale\" content=\"es_ES\" \/>\n<meta property=\"og:type\" content=\"article\" \/>\n<meta property=\"og:title\" content=\"esperapp \u00b7 sala d&#039;espera digital\" \/>\n<meta property=\"og:description\" content=\"Esperapp, \u00e9s a dir l&#039;APP que et permet esperar a qualsevol lloc i no haver de fer-ho en una sala d&#039;espera. Per pacient i centre m\u00e8dic.\" \/>\n<meta property=\"og:url\" content=\"https:\/\/framegirona.com\/es\/projectes\/esperapp\/\" \/>\n<meta property=\"og:site_name\" content=\"Frame Girona\" \/>\n<meta property=\"article:publisher\" content=\"https:\/\/www.facebook.com\/framegirona\/\" \/>\n<meta property=\"article:modified_time\" content=\"2021-03-12T12:45:15+00:00\" \/>\n<meta property=\"og:image\" content=\"https:\/\/framegirona.com\/wp-content\/uploads\/2021\/03\/ESPERRAPP-APP_01.jpg\" \/>\n\t<meta property=\"og:image:width\" content=\"1200\" \/>\n\t<meta property=\"og:image:height\" content=\"800\" \/>\n\t<meta property=\"og:image:type\" content=\"image\/jpeg\" \/>\n<meta name=\"twitter:card\" content=\"summary_large_image\" \/>\n<meta name=\"twitter:label1\" content=\"Tiempo de lectura\" \/>\n\t<meta name=\"twitter:data1\" content=\"5 minutos\" \/>\n<script type=\"application\/ld+json\" class=\"yoast-schema-graph\">{\"@context\":\"https:\\\/\\\/schema.org\",\"@graph\":[{\"@type\":\"WebPage\",\"@id\":\"https:\\\/\\\/framegirona.com\\\/projectes\\\/esperapp\\\/\",\"url\":\"https:\\\/\\\/framegirona.com\\\/projectes\\\/esperapp\\\/\",\"name\":\"ESPERAPP. La sala d'espera digital per pacient i centre m\u00e8dic. F\\\/\",\"isPartOf\":{\"@id\":\"https:\\\/\\\/framegirona.com\\\/#website\"},\"primaryImageOfPage\":{\"@id\":\"https:\\\/\\\/framegirona.com\\\/projectes\\\/esperapp\\\/#primaryimage\"},\"image\":{\"@id\":\"https:\\\/\\\/framegirona.com\\\/projectes\\\/esperapp\\\/#primaryimage\"},\"thumbnailUrl\":\"https:\\\/\\\/framegirona.com\\\/wp-content\\\/uploads\\\/2021\\\/03\\\/ESPERRAPP-APP_01.jpg\",\"datePublished\":\"2021-03-12T12:42:18+00:00\",\"dateModified\":\"2021-03-12T12:45:15+00:00\",\"description\":\"Esperapp, \u00e9s a dir l'APP que et permet esperar a qualsevol lloc i no haver de fer-ho en una sala d'espera. Per pacient i centre m\u00e8dic.\",\"breadcrumb\":{\"@id\":\"https:\\\/\\\/framegirona.com\\\/projectes\\\/esperapp\\\/#breadcrumb\"},\"inLanguage\":\"es\",\"potentialAction\":[{\"@type\":\"ReadAction\",\"target\":[\"https:\\\/\\\/framegirona.com\\\/projectes\\\/esperapp\\\/\"]}]},{\"@type\":\"ImageObject\",\"inLanguage\":\"es\",\"@id\":\"https:\\\/\\\/framegirona.com\\\/projectes\\\/esperapp\\\/#primaryimage\",\"url\":\"https:\\\/\\\/framegirona.com\\\/wp-content\\\/uploads\\\/2021\\\/03\\\/ESPERRAPP-APP_01.jpg\",\"contentUrl\":\"https:\\\/\\\/framegirona.com\\\/wp-content\\\/uploads\\\/2021\\\/03\\\/ESPERRAPP-APP_01.jpg\",\"width\":1200,\"height\":800,\"caption\":\"Esperapp. La teva sala d'espera virtual. Disseny Identitat Visual Corporativa, APP, Web, Peces corporatives. C\u00e0rrega APP.\"},{\"@type\":\"BreadcrumbList\",\"@id\":\"https:\\\/\\\/framegirona.com\\\/projectes\\\/esperapp\\\/#breadcrumb\",\"itemListElement\":[{\"@type\":\"ListItem\",\"position\":1,\"name\":\"Home\",\"item\":\"https:\\\/\\\/framegirona.com\\\/\"},{\"@type\":\"ListItem\",\"position\":2,\"name\":\"Projectes\",\"item\":\"https:\\\/\\\/framegirona.com\\\/projectes\\\/\"},{\"@type\":\"ListItem\",\"position\":3,\"name\":\"esperapp \u00b7 sala d&#8217;espera digital\"}]},{\"@type\":\"WebSite\",\"@id\":\"https:\\\/\\\/framegirona.com\\\/#website\",\"url\":\"https:\\\/\\\/framegirona.com\\\/\",\"name\":\"Frame Girona Ag\u00e8ncia de publicitat\",\"description\":\"Agencia de comunicaci\u00f3n y publicidad\",\"publisher\":{\"@id\":\"https:\\\/\\\/framegirona.com\\\/#organization\"},\"alternateName\":\"Agencia de publicidad y dise\u00f1o en Girona y Barcelona\",\"potentialAction\":[{\"@type\":\"SearchAction\",\"target\":{\"@type\":\"EntryPoint\",\"urlTemplate\":\"https:\\\/\\\/framegirona.com\\\/?s={search_term_string}\"},\"query-input\":{\"@type\":\"PropertyValueSpecification\",\"valueRequired\":true,\"valueName\":\"search_term_string\"}}],\"inLanguage\":\"es\"},{\"@type\":\"Organization\",\"@id\":\"https:\\\/\\\/framegirona.com\\\/#organization\",\"name\":\"Frame Girona SL Ag\u00e8ncia de publicitat\",\"alternateName\":\"Frame Girona Comunicaci\u00f3, publicitat i disseny\",\"url\":\"https:\\\/\\\/framegirona.com\\\/\",\"logo\":{\"@type\":\"ImageObject\",\"inLanguage\":\"es\",\"@id\":\"https:\\\/\\\/framegirona.com\\\/#\\\/schema\\\/logo\\\/image\\\/\",\"url\":\"https:\\\/\\\/framegirona.com\\\/wp-content\\\/uploads\\\/2022\\\/09\\\/Logo-Frame.png\",\"contentUrl\":\"https:\\\/\\\/framegirona.com\\\/wp-content\\\/uploads\\\/2022\\\/09\\\/Logo-Frame.png\",\"width\":1748,\"height\":1334,\"caption\":\"Frame Girona SL Ag\u00e8ncia de publicitat\"},\"image\":{\"@id\":\"https:\\\/\\\/framegirona.com\\\/#\\\/schema\\\/logo\\\/image\\\/\"},\"sameAs\":[\"https:\\\/\\\/www.facebook.com\\\/framegirona\\\/\",\"https:\\\/\\\/www.linkedin.com\\\/company\\\/frame-girona\",\"https:\\\/\\\/www.instagram.com\\\/framegirona\\\/\"],\"description\":\"Ag\u00e8ncia de publicitat a Girona i la Costa Brava, especialitzats en disseny gr\u00e0fic, disseny i programaci\u00f3 web, posicionament de p\u00e0gines web i publicitat i comunicaci\u00f3 per empreses.\",\"email\":\"frame@framegirona.com\",\"telephone\":\"972 20 58 65\",\"legalName\":\"Frame Girona SL\",\"foundingDate\":\"1998-05-23\",\"numberOfEmployees\":{\"@type\":\"QuantitativeValue\",\"minValue\":\"1\",\"maxValue\":\"10\"},\"publishingPrinciples\":\"https:\\\/\\\/framegirona.com\\\/\",\"ownershipFundingInfo\":\"https:\\\/\\\/framegirona.com\\\/avis-legal\\\/\"}]}<\/script>\n<!-- \/ Yoast SEO Premium plugin. -->","yoast_head_json":{"title":"ESPERAPP. La sala d'espera digital per pacient i centre m\u00e8dic. F\/","description":"Esperapp, \u00e9s a dir l'APP que et permet esperar a qualsevol lloc i no haver de fer-ho en una sala d'espera. Per pacient i centre m\u00e8dic.","robots":{"index":"index","follow":"follow","max-snippet":"max-snippet:-1","max-image-preview":"max-image-preview:large","max-video-preview":"max-video-preview:-1"},"canonical":"https:\/\/framegirona.com\/es\/projectes\/esperapp\/","og_locale":"es_ES","og_type":"article","og_title":"esperapp \u00b7 sala d'espera digital","og_description":"Esperapp, \u00e9s a dir l'APP que et permet esperar a qualsevol lloc i no haver de fer-ho en una sala d'espera. Per pacient i centre m\u00e8dic.","og_url":"https:\/\/framegirona.com\/es\/projectes\/esperapp\/","og_site_name":"Frame Girona","article_publisher":"https:\/\/www.facebook.com\/framegirona\/","article_modified_time":"2021-03-12T12:45:15+00:00","og_image":[{"width":1200,"height":800,"url":"https:\/\/framegirona.com\/wp-content\/uploads\/2021\/03\/ESPERRAPP-APP_01.jpg","type":"image\/jpeg"}],"twitter_card":"summary_large_image","twitter_misc":{"Tiempo de lectura":"5 minutos"},"schema":{"@context":"https:\/\/schema.org","@graph":[{"@type":"WebPage","@id":"https:\/\/framegirona.com\/projectes\/esperapp\/","url":"https:\/\/framegirona.com\/projectes\/esperapp\/","name":"ESPERAPP. La sala d'espera digital per pacient i centre m\u00e8dic. F\/","isPartOf":{"@id":"https:\/\/framegirona.com\/#website"},"primaryImageOfPage":{"@id":"https:\/\/framegirona.com\/projectes\/esperapp\/#primaryimage"},"image":{"@id":"https:\/\/framegirona.com\/projectes\/esperapp\/#primaryimage"},"thumbnailUrl":"https:\/\/framegirona.com\/wp-content\/uploads\/2021\/03\/ESPERRAPP-APP_01.jpg","datePublished":"2021-03-12T12:42:18+00:00","dateModified":"2021-03-12T12:45:15+00:00","description":"Esperapp, \u00e9s a dir l'APP que et permet esperar a qualsevol lloc i no haver de fer-ho en una sala d'espera. Per pacient i centre m\u00e8dic.","breadcrumb":{"@id":"https:\/\/framegirona.com\/projectes\/esperapp\/#breadcrumb"},"inLanguage":"es","potentialAction":[{"@type":"ReadAction","target":["https:\/\/framegirona.com\/projectes\/esperapp\/"]}]},{"@type":"ImageObject","inLanguage":"es","@id":"https:\/\/framegirona.com\/projectes\/esperapp\/#primaryimage","url":"https:\/\/framegirona.com\/wp-content\/uploads\/2021\/03\/ESPERRAPP-APP_01.jpg","contentUrl":"https:\/\/framegirona.com\/wp-content\/uploads\/2021\/03\/ESPERRAPP-APP_01.jpg","width":1200,"height":800,"caption":"Esperapp. La teva sala d'espera virtual. Disseny Identitat Visual Corporativa, APP, Web, Peces corporatives. C\u00e0rrega APP."},{"@type":"BreadcrumbList","@id":"https:\/\/framegirona.com\/projectes\/esperapp\/#breadcrumb","itemListElement":[{"@type":"ListItem","position":1,"name":"Home","item":"https:\/\/framegirona.com\/"},{"@type":"ListItem","position":2,"name":"Projectes","item":"https:\/\/framegirona.com\/projectes\/"},{"@type":"ListItem","position":3,"name":"esperapp \u00b7 sala d&#8217;espera digital"}]},{"@type":"WebSite","@id":"https:\/\/framegirona.com\/#website","url":"https:\/\/framegirona.com\/","name":"Frame Girona Agencia de publicidad","description":"Agencia de comunicaci\u00f3n y publicidad","publisher":{"@id":"https:\/\/framegirona.com\/#organization"},"alternateName":"Agencia de publicidad y dise\u00f1o en Girona y Barcelona","potentialAction":[{"@type":"SearchAction","target":{"@type":"EntryPoint","urlTemplate":"https:\/\/framegirona.com\/?s={search_term_string}"},"query-input":{"@type":"PropertyValueSpecification","valueRequired":true,"valueName":"search_term_string"}}],"inLanguage":"es"},{"@type":"Organization","@id":"https:\/\/framegirona.com\/#organization","name":"Frame Girona SL Agencia de publicidad","alternateName":"Frame Girona Comunicaci\u00f3, publicitat i disseny","url":"https:\/\/framegirona.com\/","logo":{"@type":"ImageObject","inLanguage":"es","@id":"https:\/\/framegirona.com\/#\/schema\/logo\/image\/","url":"https:\/\/framegirona.com\/wp-content\/uploads\/2022\/09\/Logo-Frame.png","contentUrl":"https:\/\/framegirona.com\/wp-content\/uploads\/2022\/09\/Logo-Frame.png","width":1748,"height":1334,"caption":"Frame Girona SL Ag\u00e8ncia de publicitat"},"image":{"@id":"https:\/\/framegirona.com\/#\/schema\/logo\/image\/"},"sameAs":["https:\/\/www.facebook.com\/framegirona\/","https:\/\/www.linkedin.com\/company\/frame-girona","https:\/\/www.instagram.com\/framegirona\/"],"description":"Agencia de publicidad en Girona y la Costa Brava, especializados en dise\u00f1o gr\u00e1fico, dise\u00f1o y programaci\u00f3n web, posicionamiento de p\u00e1ginas web y publicidad y comunicaci\u00f3n por empresas.","email":"frame@framegirona.com","telephone":"972 20 58 65","legalName":"Frame Girona SL","foundingDate":"1998-05-23","numberOfEmployees":{"@type":"QuantitativeValue","minValue":"1","maxValue":"10"},"publishingPrinciples":"https:\/\/framegirona.com\/","ownershipFundingInfo":"https:\/\/framegirona.com\/avis-legal\/"}]}},"_links":{"self":[{"href":"https:\/\/framegirona.com\/es\/wp-json\/wp\/v2\/projectes\/3157","targetHints":{"allow":["GET"]}}],"collection":[{"href":"https:\/\/framegirona.com\/es\/wp-json\/wp\/v2\/projectes"}],"about":[{"href":"https:\/\/framegirona.com\/es\/wp-json\/wp\/v2\/types\/projectes"}],"version-history":[{"count":0,"href":"https:\/\/framegirona.com\/es\/wp-json\/wp\/v2\/projectes\/3157\/revisions"}],"wp:featuredmedia":[{"embeddable":true,"href":"https:\/\/framegirona.com\/es\/wp-json\/wp\/v2\/media\/3158"}],"wp:attachment":[{"href":"https:\/\/framegirona.com\/es\/wp-json\/wp\/v2\/media?parent=3157"}],"wp:term":[{"taxonomy":"category","embeddable":true,"href":"https:\/\/framegirona.com\/es\/wp-json\/wp\/v2\/categories?post=3157"},{"taxonomy":"post_tag","embeddable":true,"href":"https:\/\/framegirona.com\/es\/wp-json\/wp\/v2\/tags?post=3157"}],"curies":[{"name":"wp","href":"https:\/\/api.w.org\/{rel}","templated":true}]}}