{"id":1685,"date":"2020-10-19T14:52:01","date_gmt":"2020-10-19T12:52:01","guid":{"rendered":"https:\/\/www.framegirona.com\/?post_type=projectes&#038;p=1685"},"modified":"2020-12-10T15:31:49","modified_gmt":"2020-12-10T13:31:49","slug":"ara-lleida-%c2%b7-web-agenda-2","status":"publish","type":"projectes","link":"https:\/\/framegirona.com\/es\/projectes\/ara-lleida-%c2%b7-web-agenda-2\/","title":{"rendered":"AHORA LLEIDA \u00b7 Portal web"},"content":{"rendered":"<h2><strong>PORTAL WEB<\/strong><\/h2>\n<h3><em>Hombre<\/em><\/h3>\n<p class=\"translation-block\">Hemos desarrollado el nuevo portal de <strong>Ara Lleida<\/strong> por la Diputaci\u00f3 de Lleida. Esta comarca se considera <strong>l\u00edder en el Estado<\/strong> en <strong>deportes de aventura<\/strong> , con 223 empresas especializadas y la celebraci\u00f3n de campeonatos del mundo (kayak, parapente, ala delta, pirag\u00fcismo\u2026), as\u00ed como una tierra de excepcional belleza para los aficionados a la naturaleza (senderismo, SGR, BTT, paseos a caballo. Con el <em>hombre<\/em> hemos querido mostrar todo esto, por tanto: la imagen ocupa toda la pantalla del dispositivo.<\/p>\n<p><img fetchpriority=\"high\" decoding=\"async\" class=\"aligncenter size-full wp-image-1687\" src=\"https:\/\/framegirona.com\/wp-content\/uploads\/2020\/10\/ARA-LLEIDA-CapturaWeb.jpg\" alt=\"\" width=\"1200\" height=\"814\" srcset=\"https:\/\/framegirona.com\/wp-content\/uploads\/2020\/10\/ARA-LLEIDA-CapturaWeb.jpg 1200w, https:\/\/framegirona.com\/wp-content\/uploads\/2020\/10\/ARA-LLEIDA-CapturaWeb-300x204.jpg 300w, https:\/\/framegirona.com\/wp-content\/uploads\/2020\/10\/ARA-LLEIDA-CapturaWeb-1024x695.jpg 1024w, https:\/\/framegirona.com\/wp-content\/uploads\/2020\/10\/ARA-LLEIDA-CapturaWeb-768x521.jpg 768w\" sizes=\"(max-width: 1200px) 100vw, 1200px\" \/><\/p>\n<p>&nbsp;<\/p>\n<h3><em>Portal<\/em><\/h3>\n<p><span><\/span> <strong>web hecha de otras muchas webs<\/strong>, as\u00ed es el portal de Ara Lleida. Durante los \u00faltimos a\u00f1os, diferentes equipos, agencias, estudios, interventores, responsables\u2026 han ido desarrollando los diversos proyectos por separado y con estilos diferentes, debido a esto no ten\u00edan una conexi\u00f3n directa entre ellos. Por lo tanto, el primer esfuerzo ha sido hacer una <strong>nueva arquitectura web<\/strong> para definir la jerarqu\u00eda de estos, para poderlos integrar en una sola estructura. Muchos de estos se han mantenido con su forma original (sin ning\u00fan cambio), de este modo se pueden reducir los costes y los esfuerzos, pero poderlo desarrollar en un plazo m\u00e1s largo.<\/p>\n<p><img decoding=\"async\" class=\"aligncenter size-full wp-image-1692\" src=\"https:\/\/framegirona.com\/wp-content\/uploads\/2020\/10\/ARALLEIDA-Portal.jpg\" alt=\"\" width=\"1200\" height=\"850\" srcset=\"https:\/\/framegirona.com\/wp-content\/uploads\/2020\/10\/ARALLEIDA-Portal.jpg 1200w, https:\/\/framegirona.com\/wp-content\/uploads\/2020\/10\/ARALLEIDA-Portal-300x213.jpg 300w, https:\/\/framegirona.com\/wp-content\/uploads\/2020\/10\/ARALLEIDA-Portal-1024x725.jpg 1024w, https:\/\/framegirona.com\/wp-content\/uploads\/2020\/10\/ARALLEIDA-Portal-768x544.jpg 768w\" sizes=\"(max-width: 1200px) 100vw, 1200px\" \/><\/p>\n<h3><em>Men\u00fa<\/em><\/h3>\n<p>Y \u00bfcomo se integran diferentes webs bajo una misma estructura jer\u00e1rquica? Exacto, gracias al men\u00fa. Este es el elemento m\u00e1s importante que da sentido y cohesi\u00f3n de conjunto: en un \u00fanico men\u00fa desplegable con diferentes niveles que muestra todos los apartados disponibles, tanto internos de la misma web y como de los externas. De este modo, nos aseguramos al m\u00e1ximo que el usuario tiene la sensaci\u00f3n de seguir navegando en el mismo portal y que no se pierdan en la navegaci\u00f3n.<\/p>\n<p>&nbsp;<\/p>\n<p><img decoding=\"async\" class=\"aligncenter size-full wp-image-1689\" src=\"https:\/\/framegirona.com\/wp-content\/uploads\/2020\/10\/ARALLEIDA-Menu.jpg\" alt=\"\" width=\"1200\" height=\"343\" srcset=\"https:\/\/framegirona.com\/wp-content\/uploads\/2020\/10\/ARALLEIDA-Menu.jpg 1200w, https:\/\/framegirona.com\/wp-content\/uploads\/2020\/10\/ARALLEIDA-Menu-300x86.jpg 300w, https:\/\/framegirona.com\/wp-content\/uploads\/2020\/10\/ARALLEIDA-Menu-1024x293.jpg 1024w, https:\/\/framegirona.com\/wp-content\/uploads\/2020\/10\/ARALLEIDA-Menu-768x220.jpg 768w\" sizes=\"(max-width: 1200px) 100vw, 1200px\" \/><\/p>\n<p>&nbsp;<\/p>","protected":false},"excerpt":{"rendered":"<p>La Junta de Turismo de la Diputaci\u00f3n Provincial de Lleida es un organismo de promoci\u00f3n tur\u00edstica creado en 1989 para gestionar la oferta tur\u00edstica de la provincia de Lleida: una tierra privilegiada y acogedora para disfrutar durante todo el a\u00f1o de una gran variedad de deportes, una cultura \u00fanica, una gastronom\u00eda aut\u00f3ctona y un turismo rural, la hospitalidad m\u00e1s aut\u00e9ntica de nuestra tierra.\u00a0A lo largo de todo el territorio se puede encontrar una extensa y variada muestra de arte y arquitectura, que alberga la concentraci\u00f3n m\u00e1s importante de arte rom\u00e1nico de Europa, declarada Patrimonio de la Humanidad por la UNESCO: la Vall de Bo\u00ed.\u00a0Gracias a su diversidad de espacios naturales, con el \u00fanico Parque Nacional de Catalu\u00f1a, Aig\u00fcestortes y el lago de Sant Maurici, sus r\u00edos de r\u00e1pido caudal ideales para practicar rafting y los m\u00e1s de 500 lagos por descubrir, Lleida est\u00e1 llena de rincones por descubrir y compartir con amigos o familiares las experiencias m\u00e1s incre\u00edbles.<\/p>","protected":false},"featured_media":1686,"template":"","categories":[3],"tags":[],"class_list":["post-1685","projectes","type-projectes","status-publish","has-post-thumbnail","hentry","category-online"],"yoast_head":"<!-- This site is optimized with the Yoast SEO Premium plugin v24.2 (Yoast SEO v27.5) - https:\/\/yoast.com\/product\/yoast-seo-premium-wordpress\/ -->\n<title>ARA LLEIDA, PORTAL WEB. Diputaci\u00f3 de Lleida i Frame Girona<\/title>\n<meta name=\"description\" content=\"Hem desenvolupat el nou portal d&#039;Ara Lleida per la Diputaci\u00f3 de Lleida. La web feta de moltes altres webs que integra, gr\u00e0cies al men\u00fa, totes les webs.\" \/>\n<meta name=\"robots\" content=\"index, follow, max-snippet:-1, max-image-preview:large, max-video-preview:-1\" \/>\n<link rel=\"canonical\" href=\"https:\/\/framegirona.com\/es\/projectes\/ara-lleida-\u00b7-web-agenda-2\/\" \/>\n<meta property=\"og:locale\" content=\"es_ES\" \/>\n<meta property=\"og:type\" content=\"article\" \/>\n<meta property=\"og:title\" content=\"ARA LLEIDA \u00b7 Portal web\" \/>\n<meta property=\"og:description\" content=\"Hem desenvolupat el nou portal d&#039;Ara Lleida per la Diputaci\u00f3 de Lleida. La web feta de moltes altres webs que integra, gr\u00e0cies al men\u00fa, totes les webs.\" \/>\n<meta property=\"og:url\" content=\"https:\/\/framegirona.com\/es\/projectes\/ara-lleida-\u00b7-web-agenda-2\/\" \/>\n<meta property=\"og:site_name\" content=\"Frame Girona\" \/>\n<meta property=\"article:publisher\" content=\"https:\/\/www.facebook.com\/framegirona\/\" \/>\n<meta property=\"article:modified_time\" content=\"2020-12-10T13:31:49+00:00\" \/>\n<meta property=\"og:image\" content=\"https:\/\/framegirona.com\/wp-content\/uploads\/2020\/10\/ARA-LLEIDA-WebMockup.jpg\" \/>\n\t<meta property=\"og:image:width\" content=\"1400\" \/>\n\t<meta property=\"og:image:height\" content=\"1012\" \/>\n\t<meta property=\"og:image:type\" content=\"image\/jpeg\" \/>\n<meta name=\"twitter:card\" content=\"summary_large_image\" \/>\n<meta name=\"twitter:label1\" content=\"Tiempo de lectura\" \/>\n\t<meta name=\"twitter:data1\" content=\"1 minuto\" \/>\n<script type=\"application\/ld+json\" class=\"yoast-schema-graph\">{\"@context\":\"https:\\\/\\\/schema.org\",\"@graph\":[{\"@type\":\"WebPage\",\"@id\":\"https:\\\/\\\/framegirona.com\\\/projectes\\\/ara-lleida-%c2%b7-web-agenda-2\\\/\",\"url\":\"https:\\\/\\\/framegirona.com\\\/projectes\\\/ara-lleida-%c2%b7-web-agenda-2\\\/\",\"name\":\"ARA LLEIDA, PORTAL WEB. Diputaci\u00f3 de Lleida i Frame Girona\",\"isPartOf\":{\"@id\":\"https:\\\/\\\/framegirona.com\\\/#website\"},\"primaryImageOfPage\":{\"@id\":\"https:\\\/\\\/framegirona.com\\\/projectes\\\/ara-lleida-%c2%b7-web-agenda-2\\\/#primaryimage\"},\"image\":{\"@id\":\"https:\\\/\\\/framegirona.com\\\/projectes\\\/ara-lleida-%c2%b7-web-agenda-2\\\/#primaryimage\"},\"thumbnailUrl\":\"https:\\\/\\\/framegirona.com\\\/wp-content\\\/uploads\\\/2020\\\/10\\\/ARA-LLEIDA-WebMockup.jpg\",\"datePublished\":\"2020-10-19T12:52:01+00:00\",\"dateModified\":\"2020-12-10T13:31:49+00:00\",\"description\":\"Hem desenvolupat el nou portal d'Ara Lleida per la Diputaci\u00f3 de Lleida. La web feta de moltes altres webs que integra, gr\u00e0cies al men\u00fa, totes les webs.\",\"breadcrumb\":{\"@id\":\"https:\\\/\\\/framegirona.com\\\/projectes\\\/ara-lleida-%c2%b7-web-agenda-2\\\/#breadcrumb\"},\"inLanguage\":\"es\",\"potentialAction\":[{\"@type\":\"ReadAction\",\"target\":[\"https:\\\/\\\/framegirona.com\\\/projectes\\\/ara-lleida-%c2%b7-web-agenda-2\\\/\"]}]},{\"@type\":\"ImageObject\",\"inLanguage\":\"es\",\"@id\":\"https:\\\/\\\/framegirona.com\\\/projectes\\\/ara-lleida-%c2%b7-web-agenda-2\\\/#primaryimage\",\"url\":\"https:\\\/\\\/framegirona.com\\\/wp-content\\\/uploads\\\/2020\\\/10\\\/ARA-LLEIDA-WebMockup.jpg\",\"contentUrl\":\"https:\\\/\\\/framegirona.com\\\/wp-content\\\/uploads\\\/2020\\\/10\\\/ARA-LLEIDA-WebMockup.jpg\",\"width\":1400,\"height\":1012},{\"@type\":\"BreadcrumbList\",\"@id\":\"https:\\\/\\\/framegirona.com\\\/projectes\\\/ara-lleida-%c2%b7-web-agenda-2\\\/#breadcrumb\",\"itemListElement\":[{\"@type\":\"ListItem\",\"position\":1,\"name\":\"Home\",\"item\":\"https:\\\/\\\/framegirona.com\\\/\"},{\"@type\":\"ListItem\",\"position\":2,\"name\":\"Projectes\",\"item\":\"https:\\\/\\\/framegirona.com\\\/projectes\\\/\"},{\"@type\":\"ListItem\",\"position\":3,\"name\":\"ARA LLEIDA \u00b7 Portal web\"}]},{\"@type\":\"WebSite\",\"@id\":\"https:\\\/\\\/framegirona.com\\\/#website\",\"url\":\"https:\\\/\\\/framegirona.com\\\/\",\"name\":\"Frame Girona Ag\u00e8ncia de publicitat\",\"description\":\"Agencia de comunicaci\u00f3n y publicidad\",\"publisher\":{\"@id\":\"https:\\\/\\\/framegirona.com\\\/#organization\"},\"alternateName\":\"Agencia de publicidad y dise\u00f1o en Girona y Barcelona\",\"potentialAction\":[{\"@type\":\"SearchAction\",\"target\":{\"@type\":\"EntryPoint\",\"urlTemplate\":\"https:\\\/\\\/framegirona.com\\\/?s={search_term_string}\"},\"query-input\":{\"@type\":\"PropertyValueSpecification\",\"valueRequired\":true,\"valueName\":\"search_term_string\"}}],\"inLanguage\":\"es\"},{\"@type\":\"Organization\",\"@id\":\"https:\\\/\\\/framegirona.com\\\/#organization\",\"name\":\"Frame Girona SL Ag\u00e8ncia de publicitat\",\"alternateName\":\"Frame Girona Comunicaci\u00f3, publicitat i disseny\",\"url\":\"https:\\\/\\\/framegirona.com\\\/\",\"logo\":{\"@type\":\"ImageObject\",\"inLanguage\":\"es\",\"@id\":\"https:\\\/\\\/framegirona.com\\\/#\\\/schema\\\/logo\\\/image\\\/\",\"url\":\"https:\\\/\\\/framegirona.com\\\/wp-content\\\/uploads\\\/2022\\\/09\\\/Logo-Frame.png\",\"contentUrl\":\"https:\\\/\\\/framegirona.com\\\/wp-content\\\/uploads\\\/2022\\\/09\\\/Logo-Frame.png\",\"width\":1748,\"height\":1334,\"caption\":\"Frame Girona SL Ag\u00e8ncia de publicitat\"},\"image\":{\"@id\":\"https:\\\/\\\/framegirona.com\\\/#\\\/schema\\\/logo\\\/image\\\/\"},\"sameAs\":[\"https:\\\/\\\/www.facebook.com\\\/framegirona\\\/\",\"https:\\\/\\\/www.linkedin.com\\\/company\\\/frame-girona\",\"https:\\\/\\\/www.instagram.com\\\/framegirona\\\/\"],\"description\":\"Ag\u00e8ncia de publicitat a Girona i la Costa Brava, especialitzats en disseny gr\u00e0fic, disseny i programaci\u00f3 web, posicionament de p\u00e0gines web i publicitat i comunicaci\u00f3 per empreses.\",\"email\":\"frame@framegirona.com\",\"telephone\":\"972 20 58 65\",\"legalName\":\"Frame Girona SL\",\"foundingDate\":\"1998-05-23\",\"numberOfEmployees\":{\"@type\":\"QuantitativeValue\",\"minValue\":\"1\",\"maxValue\":\"10\"},\"publishingPrinciples\":\"https:\\\/\\\/framegirona.com\\\/\",\"ownershipFundingInfo\":\"https:\\\/\\\/framegirona.com\\\/avis-legal\\\/\"}]}<\/script>\n<!-- \/ Yoast SEO Premium plugin. -->","yoast_head_json":{"title":"ARA LLEIDA, PORTAL WEB. Diputaci\u00f3n de Lleida y Frame Girona","description":"Hemos desarrollado el nuevo portal Ara Lleida para la Diputaci\u00f3n de Lleida. El sitio web, compuesto por muchos otros sitios web, los integra todos a trav\u00e9s del men\u00fa.","robots":{"index":"index","follow":"follow","max-snippet":"max-snippet:-1","max-image-preview":"max-image-preview:large","max-video-preview":"max-video-preview:-1"},"canonical":"https:\/\/framegirona.com\/es\/projectes\/ara-lleida-\u00b7-web-agenda-2\/","og_locale":"es_ES","og_type":"article","og_title":"ARA LLEIDA \u00b7 Portal web","og_description":"Hem desenvolupat el nou portal d'Ara Lleida per la Diputaci\u00f3 de Lleida. La web feta de moltes altres webs que integra, gr\u00e0cies al men\u00fa, totes les webs.","og_url":"https:\/\/framegirona.com\/es\/projectes\/ara-lleida-\u00b7-web-agenda-2\/","og_site_name":"Frame Girona","article_publisher":"https:\/\/www.facebook.com\/framegirona\/","article_modified_time":"2020-12-10T13:31:49+00:00","og_image":[{"width":1400,"height":1012,"url":"https:\/\/framegirona.com\/wp-content\/uploads\/2020\/10\/ARA-LLEIDA-WebMockup.jpg","type":"image\/jpeg"}],"twitter_card":"summary_large_image","twitter_misc":{"Tiempo de lectura":"1 minuto"},"schema":{"@context":"https:\/\/schema.org","@graph":[{"@type":"WebPage","@id":"https:\/\/framegirona.com\/projectes\/ara-lleida-%c2%b7-web-agenda-2\/","url":"https:\/\/framegirona.com\/projectes\/ara-lleida-%c2%b7-web-agenda-2\/","name":"ARA LLEIDA, PORTAL WEB. Diputaci\u00f3n de Lleida y Frame Girona","isPartOf":{"@id":"https:\/\/framegirona.com\/#website"},"primaryImageOfPage":{"@id":"https:\/\/framegirona.com\/projectes\/ara-lleida-%c2%b7-web-agenda-2\/#primaryimage"},"image":{"@id":"https:\/\/framegirona.com\/projectes\/ara-lleida-%c2%b7-web-agenda-2\/#primaryimage"},"thumbnailUrl":"https:\/\/framegirona.com\/wp-content\/uploads\/2020\/10\/ARA-LLEIDA-WebMockup.jpg","datePublished":"2020-10-19T12:52:01+00:00","dateModified":"2020-12-10T13:31:49+00:00","description":"Hemos desarrollado el nuevo portal Ara Lleida para la Diputaci\u00f3n de Lleida. El sitio web, compuesto por muchos otros sitios web, los integra todos a trav\u00e9s del men\u00fa.","breadcrumb":{"@id":"https:\/\/framegirona.com\/projectes\/ara-lleida-%c2%b7-web-agenda-2\/#breadcrumb"},"inLanguage":"es","potentialAction":[{"@type":"ReadAction","target":["https:\/\/framegirona.com\/projectes\/ara-lleida-%c2%b7-web-agenda-2\/"]}]},{"@type":"ImageObject","inLanguage":"es","@id":"https:\/\/framegirona.com\/projectes\/ara-lleida-%c2%b7-web-agenda-2\/#primaryimage","url":"https:\/\/framegirona.com\/wp-content\/uploads\/2020\/10\/ARA-LLEIDA-WebMockup.jpg","contentUrl":"https:\/\/framegirona.com\/wp-content\/uploads\/2020\/10\/ARA-LLEIDA-WebMockup.jpg","width":1400,"height":1012},{"@type":"BreadcrumbList","@id":"https:\/\/framegirona.com\/projectes\/ara-lleida-%c2%b7-web-agenda-2\/#breadcrumb","itemListElement":[{"@type":"ListItem","position":1,"name":"Home","item":"https:\/\/framegirona.com\/"},{"@type":"ListItem","position":2,"name":"Projectes","item":"https:\/\/framegirona.com\/projectes\/"},{"@type":"ListItem","position":3,"name":"ARA LLEIDA \u00b7 Portal web"}]},{"@type":"WebSite","@id":"https:\/\/framegirona.com\/#website","url":"https:\/\/framegirona.com\/","name":"Frame Girona Agencia de publicidad","description":"Agencia de comunicaci\u00f3n y publicidad","publisher":{"@id":"https:\/\/framegirona.com\/#organization"},"alternateName":"Agencia de publicidad y dise\u00f1o en Girona y Barcelona","potentialAction":[{"@type":"SearchAction","target":{"@type":"EntryPoint","urlTemplate":"https:\/\/framegirona.com\/?s={search_term_string}"},"query-input":{"@type":"PropertyValueSpecification","valueRequired":true,"valueName":"search_term_string"}}],"inLanguage":"es"},{"@type":"Organization","@id":"https:\/\/framegirona.com\/#organization","name":"Frame Girona SL Agencia de publicidad","alternateName":"Frame Girona Comunicaci\u00f3, publicitat i disseny","url":"https:\/\/framegirona.com\/","logo":{"@type":"ImageObject","inLanguage":"es","@id":"https:\/\/framegirona.com\/#\/schema\/logo\/image\/","url":"https:\/\/framegirona.com\/wp-content\/uploads\/2022\/09\/Logo-Frame.png","contentUrl":"https:\/\/framegirona.com\/wp-content\/uploads\/2022\/09\/Logo-Frame.png","width":1748,"height":1334,"caption":"Frame Girona SL Ag\u00e8ncia de publicitat"},"image":{"@id":"https:\/\/framegirona.com\/#\/schema\/logo\/image\/"},"sameAs":["https:\/\/www.facebook.com\/framegirona\/","https:\/\/www.linkedin.com\/company\/frame-girona","https:\/\/www.instagram.com\/framegirona\/"],"description":"Agencia de publicidad en Girona y la Costa Brava, especializados en dise\u00f1o gr\u00e1fico, dise\u00f1o y programaci\u00f3n web, posicionamiento de p\u00e1ginas web y publicidad y comunicaci\u00f3n por empresas.","email":"frame@framegirona.com","telephone":"972 20 58 65","legalName":"Frame Girona SL","foundingDate":"1998-05-23","numberOfEmployees":{"@type":"QuantitativeValue","minValue":"1","maxValue":"10"},"publishingPrinciples":"https:\/\/framegirona.com\/","ownershipFundingInfo":"https:\/\/framegirona.com\/avis-legal\/"}]}},"_links":{"self":[{"href":"https:\/\/framegirona.com\/es\/wp-json\/wp\/v2\/projectes\/1685","targetHints":{"allow":["GET"]}}],"collection":[{"href":"https:\/\/framegirona.com\/es\/wp-json\/wp\/v2\/projectes"}],"about":[{"href":"https:\/\/framegirona.com\/es\/wp-json\/wp\/v2\/types\/projectes"}],"version-history":[{"count":0,"href":"https:\/\/framegirona.com\/es\/wp-json\/wp\/v2\/projectes\/1685\/revisions"}],"wp:featuredmedia":[{"embeddable":true,"href":"https:\/\/framegirona.com\/es\/wp-json\/wp\/v2\/media\/1686"}],"wp:attachment":[{"href":"https:\/\/framegirona.com\/es\/wp-json\/wp\/v2\/media?parent=1685"}],"wp:term":[{"taxonomy":"category","embeddable":true,"href":"https:\/\/framegirona.com\/es\/wp-json\/wp\/v2\/categories?post=1685"},{"taxonomy":"post_tag","embeddable":true,"href":"https:\/\/framegirona.com\/es\/wp-json\/wp\/v2\/tags?post=1685"}],"curies":[{"name":"wp","href":"https:\/\/api.w.org\/{rel}","templated":true}]}}