{"id":11117,"date":"2022-02-23T11:56:45","date_gmt":"2022-02-23T10:56:45","guid":{"rendered":"https:\/\/www.framegirona.com\/?post_type=projectes&#038;p=11117"},"modified":"2022-04-21T17:29:09","modified_gmt":"2022-04-21T15:29:09","slug":"celler-del-tast-%c2%b7-marca-grafica-corporativa","status":"publish","type":"projectes","link":"https:\/\/framegirona.com\/es\/projectes\/celler-del-tast-%c2%b7-marca-grafica-corporativa\/","title":{"rendered":"CELLER DEL TAST \u00b7 Marca gr\u00e1fica corporativa"},"content":{"rendered":"<h2>Marca gr\u00e1fica<\/h2>\n<p style=\"text-align: justify;\">Hoy os presentamos la <span style=\"color: #000000;\"><a style=\"color: #000000;\" href=\"https:\/\/www.instagram.com\/p\/CaUNfwKMIWP\/\" target=\"_blank\" rel=\"noopener\">nueva marca gr\u00e1fica<\/a><\/span> de Bodega de la Cata! Uno <em>logo<\/em> formado por un<strong> isotipo<\/strong> (forma gr\u00e1fica) dibujado a mano alzada, que evoca la fluidez del vino en la copa, con l\u00edneas elegantes y din\u00e1micas; hemos creado una ilustraci\u00f3n personalizada para una empresa que ofrece un servicio completamente personalizado a sus clientes. La parte gr\u00e1fica de la marca representa visualmente sus valores y ayuda a aportarle propiedades, atributos y reconocimiento \u00f3ptico al conjunto. Puede utilizarse por separado, como elemento singular, y es un recurso muy \u00fatil para composiciones gr\u00e1ficas.<\/p>\n<p style=\"text-align: justify;\" class=\"translation-block\">La parte tipogr\u00e1fica del logo es una combinaci\u00f3n de dos grosores de la <strong>tipograf\u00eda<\/strong> Jost. Esta es una sin serif, redondeada, con con v\u00e9rtices pronunciados. La Jost es una tipograf\u00eda desarrollada por Indestructible type, que se inspiraron en las tipograf\u00edas alemanes de los a\u00f1os 20 para hacer una recreaci\u00f3n hist\u00f3rica de <strong>gran calidad, vers\u00e1til, y moderna<\/strong>. Consiguieron combinar la precisa geometr\u00eda alemana con la pulcritud y clara legibilidad de las tipograf\u00edas humanistas provenientes de Inglaterra, obteniendo como resultado una tipograf\u00eda ic\u00f3nica que sigue en constante actualizaci\u00f3n.<\/p>\n<p>&nbsp;<\/p>\n<p><img fetchpriority=\"high\" decoding=\"async\" class=\"size-full wp-image-11119 aligncenter\" src=\"https:\/\/framegirona.com\/wp-content\/uploads\/2022\/02\/logo.jpg\" alt=\"logotip marca \" width=\"1160\" height=\"634\" srcset=\"https:\/\/framegirona.com\/wp-content\/uploads\/2022\/02\/logo.jpg 1160w, https:\/\/framegirona.com\/wp-content\/uploads\/2022\/02\/logo-300x164.jpg 300w, https:\/\/framegirona.com\/wp-content\/uploads\/2022\/02\/logo-1024x560.jpg 1024w, https:\/\/framegirona.com\/wp-content\/uploads\/2022\/02\/logo-768x420.jpg 768w\" sizes=\"(max-width: 1160px) 100vw, 1160px\" \/><\/p>\n<p>&nbsp;<\/p>\n<div class=\"\"><span class=\"\">Junto con la marca entregamos un <em>Brand Guidelines<\/em> o libro de estilo, con todas las aplicaciones, colores, medidas e informaci\u00f3n sobre la marca gr\u00e1fica, para que sea donde sea que se aplique el logo, su personalidad sea <strong>\u00fanica, legible y f\u00e1cilmente reconocible<\/strong>.\u00a0<\/span><\/div>\n<div><\/div>\n<div><img decoding=\"async\" class=\"size-full wp-image-11121 aligncenter\" src=\"https:\/\/framegirona.com\/wp-content\/uploads\/2022\/02\/CELLER-DEL-TAST-BrandGuidelines-t.jpg\" alt=\"\" width=\"1323\" height=\"551\" srcset=\"https:\/\/framegirona.com\/wp-content\/uploads\/2022\/02\/CELLER-DEL-TAST-BrandGuidelines-t.jpg 1323w, https:\/\/framegirona.com\/wp-content\/uploads\/2022\/02\/CELLER-DEL-TAST-BrandGuidelines-t-300x125.jpg 300w, https:\/\/framegirona.com\/wp-content\/uploads\/2022\/02\/CELLER-DEL-TAST-BrandGuidelines-t-1024x426.jpg 1024w, https:\/\/framegirona.com\/wp-content\/uploads\/2022\/02\/CELLER-DEL-TAST-BrandGuidelines-t-768x320.jpg 768w\" sizes=\"(max-width: 1323px) 100vw, 1323px\" \/><\/div>\n<div class=\"\"><span class=\"\">\u00a0<\/span><\/div>\n<div class=\"\"><span class=\"\">Otros muchos proyectos como este en el apartado de marca! <a class=\"\" href=\"https:\/\/framegirona.com\/es\/marca\/\">www.framegirona.com\/marca\/<\/a><\/span><\/div>","protected":false},"excerpt":{"rendered":"<p>Marca gr\u00e0fica Avui us presentem la nova marca gr\u00e0fica de Celler del Tast! Un logo format per un isotip (forma gr\u00e0fica) dibuixat a m\u00e0 al\u00e7ada, que evoca la fluidesa del vi dins la copa, amb l\u00ednies elegants i din\u00e0miques; hem creat una il\u00b7lustraci\u00f3 personalitzada per una empresa que ofereix un servei completament personalitzat als seus [&hellip;]<\/p>\n","protected":false},"featured_media":11118,"template":"","categories":[7,5,33],"tags":[],"class_list":["post-11117","projectes","type-projectes","status-publish","has-post-thumbnail","hentry","category-branding","category-offline","category-destacat"],"yoast_head":"<!-- This site is optimized with the Yoast SEO Premium plugin v24.2 (Yoast SEO v27.5) - https:\/\/yoast.com\/product\/yoast-seo-premium-wordpress\/ -->\n<title>Marca gr\u00e0fica corporativa per CELLER DEL TAST \u00b7 Frame Girona<\/title>\n<meta name=\"description\" content=\"Presentem una marca gr\u00e0fica que evoca la fluidesa del vi dins la copa, amb l\u00ednies elegants i din\u00e0miques, no et perdis els detalls!\" \/>\n<meta name=\"robots\" content=\"index, follow, max-snippet:-1, max-image-preview:large, max-video-preview:-1\" \/>\n<link rel=\"canonical\" href=\"https:\/\/framegirona.com\/es\/projectes\/celler-del-tast-\u00b7-marca-grafica-corporativa\/\" \/>\n<meta property=\"og:locale\" content=\"es_ES\" \/>\n<meta property=\"og:type\" content=\"article\" \/>\n<meta property=\"og:title\" content=\"CELLER DEL TAST \u00b7 Marca gr\u00e0fica corporativa\" \/>\n<meta property=\"og:description\" content=\"Presentem una marca gr\u00e0fica que evoca la fluidesa del vi dins la copa, amb l\u00ednies elegants i din\u00e0miques, no et perdis els detalls!\" \/>\n<meta property=\"og:url\" content=\"https:\/\/framegirona.com\/es\/projectes\/celler-del-tast-\u00b7-marca-grafica-corporativa\/\" \/>\n<meta property=\"og:site_name\" content=\"Frame Girona\" \/>\n<meta property=\"article:publisher\" content=\"https:\/\/www.facebook.com\/framegirona\/\" \/>\n<meta property=\"article:modified_time\" content=\"2022-04-21T15:29:09+00:00\" \/>\n<meta property=\"og:image\" content=\"https:\/\/framegirona.com\/wp-content\/uploads\/2022\/02\/marca-grafica-celler.jpg\" \/>\n\t<meta property=\"og:image:width\" content=\"1500\" \/>\n\t<meta property=\"og:image:height\" content=\"960\" \/>\n\t<meta property=\"og:image:type\" content=\"image\/jpeg\" \/>\n<meta name=\"twitter:card\" content=\"summary_large_image\" \/>\n<meta name=\"twitter:label1\" content=\"Tiempo de lectura\" \/>\n\t<meta name=\"twitter:data1\" content=\"2 minutos\" \/>\n<script type=\"application\/ld+json\" class=\"yoast-schema-graph\">{\"@context\":\"https:\\\/\\\/schema.org\",\"@graph\":[{\"@type\":\"WebPage\",\"@id\":\"https:\\\/\\\/framegirona.com\\\/projectes\\\/celler-del-tast-%c2%b7-marca-grafica-corporativa\\\/\",\"url\":\"https:\\\/\\\/framegirona.com\\\/projectes\\\/celler-del-tast-%c2%b7-marca-grafica-corporativa\\\/\",\"name\":\"Marca gr\u00e0fica corporativa per CELLER DEL TAST \u00b7 Frame Girona\",\"isPartOf\":{\"@id\":\"https:\\\/\\\/framegirona.com\\\/#website\"},\"primaryImageOfPage\":{\"@id\":\"https:\\\/\\\/framegirona.com\\\/projectes\\\/celler-del-tast-%c2%b7-marca-grafica-corporativa\\\/#primaryimage\"},\"image\":{\"@id\":\"https:\\\/\\\/framegirona.com\\\/projectes\\\/celler-del-tast-%c2%b7-marca-grafica-corporativa\\\/#primaryimage\"},\"thumbnailUrl\":\"https:\\\/\\\/framegirona.com\\\/wp-content\\\/uploads\\\/2022\\\/02\\\/marca-grafica-celler.jpg\",\"datePublished\":\"2022-02-23T10:56:45+00:00\",\"dateModified\":\"2022-04-21T15:29:09+00:00\",\"description\":\"Presentem una marca gr\u00e0fica que evoca la fluidesa del vi dins la copa, amb l\u00ednies elegants i din\u00e0miques, no et perdis els detalls!\",\"breadcrumb\":{\"@id\":\"https:\\\/\\\/framegirona.com\\\/projectes\\\/celler-del-tast-%c2%b7-marca-grafica-corporativa\\\/#breadcrumb\"},\"inLanguage\":\"es\",\"potentialAction\":[{\"@type\":\"ReadAction\",\"target\":[\"https:\\\/\\\/framegirona.com\\\/projectes\\\/celler-del-tast-%c2%b7-marca-grafica-corporativa\\\/\"]}]},{\"@type\":\"ImageObject\",\"inLanguage\":\"es\",\"@id\":\"https:\\\/\\\/framegirona.com\\\/projectes\\\/celler-del-tast-%c2%b7-marca-grafica-corporativa\\\/#primaryimage\",\"url\":\"https:\\\/\\\/framegirona.com\\\/wp-content\\\/uploads\\\/2022\\\/02\\\/marca-grafica-celler.jpg\",\"contentUrl\":\"https:\\\/\\\/framegirona.com\\\/wp-content\\\/uploads\\\/2022\\\/02\\\/marca-grafica-celler.jpg\",\"width\":1500,\"height\":960,\"caption\":\"marca gr\u00e0fica logo\"},{\"@type\":\"BreadcrumbList\",\"@id\":\"https:\\\/\\\/framegirona.com\\\/projectes\\\/celler-del-tast-%c2%b7-marca-grafica-corporativa\\\/#breadcrumb\",\"itemListElement\":[{\"@type\":\"ListItem\",\"position\":1,\"name\":\"Home\",\"item\":\"https:\\\/\\\/framegirona.com\\\/\"},{\"@type\":\"ListItem\",\"position\":2,\"name\":\"Projectes\",\"item\":\"https:\\\/\\\/framegirona.com\\\/projectes\\\/\"},{\"@type\":\"ListItem\",\"position\":3,\"name\":\"CELLER DEL TAST \u00b7 Marca gr\u00e0fica corporativa\"}]},{\"@type\":\"WebSite\",\"@id\":\"https:\\\/\\\/framegirona.com\\\/#website\",\"url\":\"https:\\\/\\\/framegirona.com\\\/\",\"name\":\"Frame Girona Ag\u00e8ncia de publicitat\",\"description\":\"Agencia de comunicaci\u00f3n y publicidad\",\"publisher\":{\"@id\":\"https:\\\/\\\/framegirona.com\\\/#organization\"},\"alternateName\":\"Agencia de publicidad y dise\u00f1o en Girona y Barcelona\",\"potentialAction\":[{\"@type\":\"SearchAction\",\"target\":{\"@type\":\"EntryPoint\",\"urlTemplate\":\"https:\\\/\\\/framegirona.com\\\/?s={search_term_string}\"},\"query-input\":{\"@type\":\"PropertyValueSpecification\",\"valueRequired\":true,\"valueName\":\"search_term_string\"}}],\"inLanguage\":\"es\"},{\"@type\":\"Organization\",\"@id\":\"https:\\\/\\\/framegirona.com\\\/#organization\",\"name\":\"Frame Girona SL Ag\u00e8ncia de publicitat\",\"alternateName\":\"Frame Girona Comunicaci\u00f3, publicitat i disseny\",\"url\":\"https:\\\/\\\/framegirona.com\\\/\",\"logo\":{\"@type\":\"ImageObject\",\"inLanguage\":\"es\",\"@id\":\"https:\\\/\\\/framegirona.com\\\/#\\\/schema\\\/logo\\\/image\\\/\",\"url\":\"https:\\\/\\\/framegirona.com\\\/wp-content\\\/uploads\\\/2022\\\/09\\\/Logo-Frame.png\",\"contentUrl\":\"https:\\\/\\\/framegirona.com\\\/wp-content\\\/uploads\\\/2022\\\/09\\\/Logo-Frame.png\",\"width\":1748,\"height\":1334,\"caption\":\"Frame Girona SL Ag\u00e8ncia de publicitat\"},\"image\":{\"@id\":\"https:\\\/\\\/framegirona.com\\\/#\\\/schema\\\/logo\\\/image\\\/\"},\"sameAs\":[\"https:\\\/\\\/www.facebook.com\\\/framegirona\\\/\",\"https:\\\/\\\/www.linkedin.com\\\/company\\\/frame-girona\",\"https:\\\/\\\/www.instagram.com\\\/framegirona\\\/\"],\"description\":\"Ag\u00e8ncia de publicitat a Girona i la Costa Brava, especialitzats en disseny gr\u00e0fic, disseny i programaci\u00f3 web, posicionament de p\u00e0gines web i publicitat i comunicaci\u00f3 per empreses.\",\"email\":\"frame@framegirona.com\",\"telephone\":\"972 20 58 65\",\"legalName\":\"Frame Girona SL\",\"foundingDate\":\"1998-05-23\",\"numberOfEmployees\":{\"@type\":\"QuantitativeValue\",\"minValue\":\"1\",\"maxValue\":\"10\"},\"publishingPrinciples\":\"https:\\\/\\\/framegirona.com\\\/\",\"ownershipFundingInfo\":\"https:\\\/\\\/framegirona.com\\\/avis-legal\\\/\"}]}<\/script>\n<!-- \/ Yoast SEO Premium plugin. -->","yoast_head_json":{"title":"Marca gr\u00e0fica corporativa per CELLER DEL TAST \u00b7 Frame Girona","description":"Presentem una marca gr\u00e0fica que evoca la fluidesa del vi dins la copa, amb l\u00ednies elegants i din\u00e0miques, no et perdis els detalls!","robots":{"index":"index","follow":"follow","max-snippet":"max-snippet:-1","max-image-preview":"max-image-preview:large","max-video-preview":"max-video-preview:-1"},"canonical":"https:\/\/framegirona.com\/es\/projectes\/celler-del-tast-\u00b7-marca-grafica-corporativa\/","og_locale":"es_ES","og_type":"article","og_title":"CELLER DEL TAST \u00b7 Marca gr\u00e0fica corporativa","og_description":"Presentem una marca gr\u00e0fica que evoca la fluidesa del vi dins la copa, amb l\u00ednies elegants i din\u00e0miques, no et perdis els detalls!","og_url":"https:\/\/framegirona.com\/es\/projectes\/celler-del-tast-\u00b7-marca-grafica-corporativa\/","og_site_name":"Frame Girona","article_publisher":"https:\/\/www.facebook.com\/framegirona\/","article_modified_time":"2022-04-21T15:29:09+00:00","og_image":[{"width":1500,"height":960,"url":"https:\/\/framegirona.com\/wp-content\/uploads\/2022\/02\/marca-grafica-celler.jpg","type":"image\/jpeg"}],"twitter_card":"summary_large_image","twitter_misc":{"Tiempo de lectura":"2 minutos"},"schema":{"@context":"https:\/\/schema.org","@graph":[{"@type":"WebPage","@id":"https:\/\/framegirona.com\/projectes\/celler-del-tast-%c2%b7-marca-grafica-corporativa\/","url":"https:\/\/framegirona.com\/projectes\/celler-del-tast-%c2%b7-marca-grafica-corporativa\/","name":"Marca gr\u00e0fica corporativa per CELLER DEL TAST \u00b7 Frame Girona","isPartOf":{"@id":"https:\/\/framegirona.com\/#website"},"primaryImageOfPage":{"@id":"https:\/\/framegirona.com\/projectes\/celler-del-tast-%c2%b7-marca-grafica-corporativa\/#primaryimage"},"image":{"@id":"https:\/\/framegirona.com\/projectes\/celler-del-tast-%c2%b7-marca-grafica-corporativa\/#primaryimage"},"thumbnailUrl":"https:\/\/framegirona.com\/wp-content\/uploads\/2022\/02\/marca-grafica-celler.jpg","datePublished":"2022-02-23T10:56:45+00:00","dateModified":"2022-04-21T15:29:09+00:00","description":"Presentem una marca gr\u00e0fica que evoca la fluidesa del vi dins la copa, amb l\u00ednies elegants i din\u00e0miques, no et perdis els detalls!","breadcrumb":{"@id":"https:\/\/framegirona.com\/projectes\/celler-del-tast-%c2%b7-marca-grafica-corporativa\/#breadcrumb"},"inLanguage":"es","potentialAction":[{"@type":"ReadAction","target":["https:\/\/framegirona.com\/projectes\/celler-del-tast-%c2%b7-marca-grafica-corporativa\/"]}]},{"@type":"ImageObject","inLanguage":"es","@id":"https:\/\/framegirona.com\/projectes\/celler-del-tast-%c2%b7-marca-grafica-corporativa\/#primaryimage","url":"https:\/\/framegirona.com\/wp-content\/uploads\/2022\/02\/marca-grafica-celler.jpg","contentUrl":"https:\/\/framegirona.com\/wp-content\/uploads\/2022\/02\/marca-grafica-celler.jpg","width":1500,"height":960,"caption":"marca gr\u00e0fica logo"},{"@type":"BreadcrumbList","@id":"https:\/\/framegirona.com\/projectes\/celler-del-tast-%c2%b7-marca-grafica-corporativa\/#breadcrumb","itemListElement":[{"@type":"ListItem","position":1,"name":"Home","item":"https:\/\/framegirona.com\/"},{"@type":"ListItem","position":2,"name":"Projectes","item":"https:\/\/framegirona.com\/projectes\/"},{"@type":"ListItem","position":3,"name":"CELLER DEL TAST \u00b7 Marca gr\u00e0fica corporativa"}]},{"@type":"WebSite","@id":"https:\/\/framegirona.com\/#website","url":"https:\/\/framegirona.com\/","name":"Frame Girona Agencia de publicidad","description":"Agencia de comunicaci\u00f3n y publicidad","publisher":{"@id":"https:\/\/framegirona.com\/#organization"},"alternateName":"Agencia de publicidad y dise\u00f1o en Girona y Barcelona","potentialAction":[{"@type":"SearchAction","target":{"@type":"EntryPoint","urlTemplate":"https:\/\/framegirona.com\/?s={search_term_string}"},"query-input":{"@type":"PropertyValueSpecification","valueRequired":true,"valueName":"search_term_string"}}],"inLanguage":"es"},{"@type":"Organization","@id":"https:\/\/framegirona.com\/#organization","name":"Frame Girona SL Agencia de publicidad","alternateName":"Frame Girona Comunicaci\u00f3, publicitat i disseny","url":"https:\/\/framegirona.com\/","logo":{"@type":"ImageObject","inLanguage":"es","@id":"https:\/\/framegirona.com\/#\/schema\/logo\/image\/","url":"https:\/\/framegirona.com\/wp-content\/uploads\/2022\/09\/Logo-Frame.png","contentUrl":"https:\/\/framegirona.com\/wp-content\/uploads\/2022\/09\/Logo-Frame.png","width":1748,"height":1334,"caption":"Frame Girona SL Ag\u00e8ncia de publicitat"},"image":{"@id":"https:\/\/framegirona.com\/#\/schema\/logo\/image\/"},"sameAs":["https:\/\/www.facebook.com\/framegirona\/","https:\/\/www.linkedin.com\/company\/frame-girona","https:\/\/www.instagram.com\/framegirona\/"],"description":"Agencia de publicidad en Girona y la Costa Brava, especializados en dise\u00f1o gr\u00e1fico, dise\u00f1o y programaci\u00f3n web, posicionamiento de p\u00e1ginas web y publicidad y comunicaci\u00f3n por empresas.","email":"frame@framegirona.com","telephone":"972 20 58 65","legalName":"Frame Girona SL","foundingDate":"1998-05-23","numberOfEmployees":{"@type":"QuantitativeValue","minValue":"1","maxValue":"10"},"publishingPrinciples":"https:\/\/framegirona.com\/","ownershipFundingInfo":"https:\/\/framegirona.com\/avis-legal\/"}]}},"_links":{"self":[{"href":"https:\/\/framegirona.com\/es\/wp-json\/wp\/v2\/projectes\/11117","targetHints":{"allow":["GET"]}}],"collection":[{"href":"https:\/\/framegirona.com\/es\/wp-json\/wp\/v2\/projectes"}],"about":[{"href":"https:\/\/framegirona.com\/es\/wp-json\/wp\/v2\/types\/projectes"}],"version-history":[{"count":0,"href":"https:\/\/framegirona.com\/es\/wp-json\/wp\/v2\/projectes\/11117\/revisions"}],"wp:featuredmedia":[{"embeddable":true,"href":"https:\/\/framegirona.com\/es\/wp-json\/wp\/v2\/media\/11118"}],"wp:attachment":[{"href":"https:\/\/framegirona.com\/es\/wp-json\/wp\/v2\/media?parent=11117"}],"wp:term":[{"taxonomy":"category","embeddable":true,"href":"https:\/\/framegirona.com\/es\/wp-json\/wp\/v2\/categories?post=11117"},{"taxonomy":"post_tag","embeddable":true,"href":"https:\/\/framegirona.com\/es\/wp-json\/wp\/v2\/tags?post=11117"}],"curies":[{"name":"wp","href":"https:\/\/api.w.org\/{rel}","templated":true}]}}