{"id":1431,"date":"2020-10-07T12:12:59","date_gmt":"2020-10-07T10:12:59","guid":{"rendered":"https:\/\/www.framegirona.com\/?page_id=1431"},"modified":"2026-04-28T14:25:19","modified_gmt":"2026-04-28T12:25:19","slug":"politica-de-privacitat","status":"publish","type":"page","link":"https:\/\/framegirona.com\/es\/politica-de-privacitat\/","title":{"rendered":"Pol\u00edtica de privacidad"},"content":{"rendered":"<div data-elementor-type=\"wp-page\" data-elementor-id=\"1431\" class=\"elementor elementor-1431\" data-elementor-post-type=\"page\">\n\t\t\t\t<div class=\"elementor-element elementor-element-c192447 e-flex e-con-boxed e-con e-parent\" data-id=\"c192447\" data-element_type=\"container\" data-e-type=\"container\">\n\t\t\t\t\t<div class=\"e-con-inner\">\n\t\t<div class=\"elementor-element elementor-element-43bf63b e-con-full e-flex e-con e-child\" data-id=\"43bf63b\" data-element_type=\"container\" data-e-type=\"container\">\n\t\t\t\t<div class=\"elementor-element elementor-element-fa552d1 elementor-widget elementor-widget-heading\" data-id=\"fa552d1\" data-element_type=\"widget\" data-e-type=\"widget\" data-widget_type=\"heading.default\">\n\t\t\t\t<div class=\"elementor-widget-container\">\n\t\t\t\t\t<h1 class=\"elementor-heading-title elementor-size-default\">POL\u00cdTICA DE PRIVACITAT<\/h1>\t\t\t\t<\/div>\n\t\t\t\t<\/div>\n\t\t\t\t<div class=\"elementor-element elementor-element-cfa8e1a elementor-widget elementor-widget-text-editor\" data-id=\"cfa8e1a\" data-element_type=\"widget\" data-e-type=\"widget\" data-widget_type=\"text-editor.default\">\n\t\t\t\t<div class=\"elementor-widget-container\">\n\t\t\t\t\t\t\t\t\t<div class=\"page\" title=\"P\u00e1gina 4\"><div class=\"layoutArea\"><div class=\"column\"><div class=\"page\" title=\"Page 8\"><div class=\"layoutArea\"><div class=\"column\"><p><strong>1. INFORMACIO\u0301 PER A L\u2019USUARI<\/strong><\/p><\/div><\/div><div class=\"layoutArea\"><div class=\"column\"><p><span style=\"text-decoration: underline;\">Qui e\u0301s el responsable del tractament de les teves dades personals?<\/span><\/p><p><strong>FRAME GIRONA SL<\/strong> e\u0301s el RESPONSABLE del tractament de les dades personals de l\u2019USUARI i l\u2019informa que aquestes dades es tractaran de conformitat amb el que estableix el Reglament (UE) 2016\/679, de 27 d\u2019abril (GDPR), i la Llei Orga\u0300nica 3\/2018, de 5 de desembre (LOPDGDD).<\/p><p><span style=\"text-decoration: underline;\">\u00bfPer a que\u0300 tractem les teves dades personals i perque\u0300 ho fem?<\/span><\/p><p>Segons el formulari on ha\u0300gim obtingut les vostres dades personals, les tractarem de manera confidencial per assolir les finalitats segu\u0308ents:<\/p><p>En el formulari <strong>Contacte<\/strong><\/p><ul><li>Donar resposta a les consultes o qualsevol tipus de peticio\u0301 que faci l&#8217;usuari a trave\u0301s de qualsevol de les formes de contacte que es posen a la seva disposicio\u0301 a la pa\u0300gina web del responsable.<br \/>(per l&#8217;intere\u0300s legi\u0301tim de l&#8217;responsable, art. 6.1.f GDPR)<\/li><li>Efectuar ana\u0300lisis estadi\u0301stiques i estudis de mercat.<br \/>(per l&#8217;intere\u0300s legi\u0301tim de l&#8217;responsable, art. 6.1.f GDPR)<\/li><\/ul><p><span style=\"text-decoration: underline;\"><br \/>Durant quant de temps guardarem les teves dades personals?<\/span><\/p><p>Es conservaran durant no me\u0301s temps del necessari per mantenir la finalitat del tractament o mentre hi hagi prescripcions legals que en dictaminin la custo\u0300dia i quan ja no sigui necessari per aquest motiu, se suprimiran amb mesures de seguretat adequades per garantir que les dades siguin anonimitzades o totalment destrui\u0308des.<\/p><p><span style=\"text-decoration: underline;\">A qui facilitem les vostres dades personals?<\/span><\/p><p>No es preveu cap comunicacio\u0301 de dades personals a tercers excepte si fos necessari per al desenvolupament i execucio\u0301 de les finalitats del tractament, als nostres provei\u0308dors de serveis relacionats amb comunicacions, amb els quals eRlESPONSABLE ha formalitzat els contractes de confidencialitat i d\u2019encarregat de tractament exigits per la normativa vigent de privacitat.<\/p><p><span style=\"text-decoration: underline;\">Quins so\u0301n teus drets?<\/span><\/p><p>Els drets que te\u0301 l\u2019USUARI so\u0301n:<\/p><ul><li>Dret a retirar el consentiment en qualsevol moment.<\/li><li>Dret d\u2019acce\u0301s, rectificacio\u0301, portabilitat i supressio\u0301 de les vostres dades i de limitacio\u0301 o oposicio\u0301 al seu tractament.<\/li><li>Dret a presentar una reclamacio\u0301 davant l\u2019autoritat de control (www.aepd.es) si considera que el tractament no s\u2019ajusta a la normativa vigent.<\/li><\/ul><p><br \/><strong>Dades de contacte per exercir els seus drets:<\/strong><br \/>FRAME GIRONA SL. c\/ d\u2019Ulla\u0300 (Galeries Centre), 7 &#8211; 17257 Torroella de Montgri\u0301 (Girona). E-mail: frame@framegirona.com<\/p><p><strong>2. CARA\u0300CTER OBLIGATORI O FACULTATIU DE LA INFORMACIO\u0301 FACILITADA PER L\u2019USUARI<\/strong><\/p><p>Els USUARIS, per mitja\u0300 de les caselles corresponents i la introduccio\u0301 de dades en els camps, marcats amb l\u2019asterisc (*) en el <span style=\"font-family: -apple-system, BlinkMacSystemFont, 'Segoe UI', Roboto, 'Helvetica Neue', Arial, 'Noto Sans', sans-serif, 'Apple Color Emoji', 'Segoe UI Emoji', 'Segoe UI Symbol', 'Noto Color Emoji';\">formulari de contacte o presentats en formularis de desca\u0300rrega, accepten expressament i de manera lliure i inequi\u0301voca, que les seves dades so\u0301n necessa\u0300ries per atendre la seva peticio\u0301, per part del prestador, i que per tant la inclusio\u0301 de les dades en els camps restants e\u0301s volunta\u0300ria. L\u2019USUARI garanteix que les dades personals facilitades al RESPONSABLE so\u0301n veri\u0301diques i es fa responsable de comunicar-ne qualsevol modificacio\u0301.<\/span><\/p><div class=\"page\" title=\"Page 9\"><div class=\"layoutArea\"><div class=\"column\"><p>El RESPONSABLE informa que totes les dades sol\u00b7licitades a trave\u0301s del lloc web so\u0301n obligato\u0300ries, ja que so\u0301n necessa\u0300ries per a la prestacio\u0301 d\u2019un servei o\u0300ptim a l\u2019USUARI. En cas que no es facilitin totes les dades, no es garanteix que la informacio\u0301 i serveis facilitats s\u2019ajustin completament a les seves necessitats.<\/p><div class=\"page\" title=\"Page 9\"><div class=\"layoutArea\"><div class=\"column\"><p><strong>3. MESURES DE SEGURETAT<\/strong><\/p><p>Que, de conformitat amb el que estableixen les normatives vigents en proteccio\u0301 de dades personals, el RESPONSABLE esta\u0300 complint amb totes les disposicions de les normatives GDPR i LOPDGDD per al tractament de les dades personals de la seva responsabilitat, i manifestament amb els principis descrits a l\u2019article 5 del GDPR, pels quals es tracten de manera li\u0301cita, lleial i transparent en relacio\u0301 amb l\u2019interessat i adequades, pertinents i limitades al que e\u0301s necessari en relacio\u0301 amb les finalitats per a les quals es tracten.<\/p><p>El RESPONSABLE garanteix que ha implementat poli\u0301tiques te\u0300cniques i organitzatives apropiades per aplicar les mesures de seguretat que estableixen el GDPR i la LOPDGDD, amb la finalitat de protegir els drets i llibertats dels USUARIS i els ha comunicat la informacio\u0301 adequada perque\u0300 puguin exercir-los.<\/p><p>Per a me\u0301s informacio\u0301 sobre les garanties de privacitat, pots adrec\u0327ar-te alRESPONSABLEa trave\u0301s de FRAME GIRONA SL. c\/ d\u2019Ulla\u0300 (Galeries Centre), 7 &#8211; 17257 Torroella de Montgri\u0301 (Girona). E-mail: frame@framegirona.com<\/p><\/div><\/div><\/div><\/div><\/div><\/div><\/div><\/div><\/div><\/div><\/div><\/div>\t\t\t\t\t\t\t\t<\/div>\n\t\t\t\t<\/div>\n\t\t\t\t<\/div>\n\t\t\t\t\t<\/div>\n\t\t\t\t<\/div>\n\t\t\t\t<\/div>","protected":false},"excerpt":{"rendered":"<p>POL\u00cdTICA DE PRIVACITAT 1. INFORMACIO\u0301 PER A L\u2019USUARI Qui e\u0301s el responsable del tractament de les teves dades personals? FRAME GIRONA SL e\u0301s el RESPONSABLE del tractament de les dades personals de l\u2019USUARI i l\u2019informa que aquestes dades es tractaran de conformitat amb el que estableix el Reglament (UE) 2016\/679, de 27 d\u2019abril (GDPR), i [&hellip;]<\/p>\n","protected":false},"author":1,"featured_media":0,"parent":0,"menu_order":0,"comment_status":"closed","ping_status":"closed","template":"","meta":{"footnotes":""},"class_list":["post-1431","page","type-page","status-publish","hentry"],"yoast_head":"<!-- This site is optimized with the Yoast SEO Premium plugin v24.2 (Yoast SEO v27.5) - https:\/\/yoast.com\/product\/yoast-seo-premium-wordpress\/ -->\n<title>Pol\u00edtica de privacitat &#183; Frame Girona<\/title>\n<meta name=\"robots\" content=\"noindex, nofollow\" \/>\n<meta property=\"og:locale\" content=\"es_ES\" \/>\n<meta property=\"og:type\" content=\"article\" \/>\n<meta property=\"og:title\" content=\"Pol\u00edtica de privacitat\" \/>\n<meta property=\"og:description\" content=\"POL\u00cdTICA DE PRIVACITAT 1. INFORMACIO\u0301 PER A L\u2019USUARI Qui e\u0301s el responsable del tractament de les teves dades personals? FRAME GIRONA SL e\u0301s el RESPONSABLE del tractament de les dades personals de l\u2019USUARI i l\u2019informa que aquestes dades es tractaran de conformitat amb el que estableix el Reglament (UE) 2016\/679, de 27 d\u2019abril (GDPR), i [&hellip;]\" \/>\n<meta property=\"og:url\" content=\"https:\/\/framegirona.com\/es\/politica-de-privacitat\/\" \/>\n<meta property=\"og:site_name\" content=\"Frame Girona\" \/>\n<meta property=\"article:publisher\" content=\"https:\/\/www.facebook.com\/framegirona\/\" \/>\n<meta property=\"article:modified_time\" content=\"2026-04-28T12:25:19+00:00\" \/>\n<meta property=\"og:image\" content=\"https:\/\/framegirona.com\/wp-content\/uploads\/2022\/09\/Logo-Frame.png\" \/>\n\t<meta property=\"og:image:width\" content=\"1748\" \/>\n\t<meta property=\"og:image:height\" content=\"1334\" \/>\n\t<meta property=\"og:image:type\" content=\"image\/png\" \/>\n<meta name=\"twitter:card\" content=\"summary_large_image\" \/>\n<meta name=\"twitter:label1\" content=\"Tiempo de lectura\" \/>\n\t<meta name=\"twitter:data1\" content=\"8 minutos\" \/>\n<script type=\"application\/ld+json\" class=\"yoast-schema-graph\">{\"@context\":\"https:\\\/\\\/schema.org\",\"@graph\":[{\"@type\":\"WebPage\",\"@id\":\"https:\\\/\\\/framegirona.com\\\/politica-de-privacitat\\\/\",\"url\":\"https:\\\/\\\/framegirona.com\\\/politica-de-privacitat\\\/\",\"name\":\"Pol\u00edtica de privacitat &#183; Frame Girona\",\"isPartOf\":{\"@id\":\"https:\\\/\\\/framegirona.com\\\/#website\"},\"datePublished\":\"2020-10-07T10:12:59+00:00\",\"dateModified\":\"2026-04-28T12:25:19+00:00\",\"breadcrumb\":{\"@id\":\"https:\\\/\\\/framegirona.com\\\/politica-de-privacitat\\\/#breadcrumb\"},\"inLanguage\":\"es\",\"potentialAction\":[{\"@type\":\"ReadAction\",\"target\":[\"https:\\\/\\\/framegirona.com\\\/politica-de-privacitat\\\/\"]}]},{\"@type\":\"BreadcrumbList\",\"@id\":\"https:\\\/\\\/framegirona.com\\\/politica-de-privacitat\\\/#breadcrumb\",\"itemListElement\":[{\"@type\":\"ListItem\",\"position\":1,\"name\":\"Home\",\"item\":\"https:\\\/\\\/framegirona.com\\\/\"},{\"@type\":\"ListItem\",\"position\":2,\"name\":\"Pol\u00edtica de privacitat\"}]},{\"@type\":\"WebSite\",\"@id\":\"https:\\\/\\\/framegirona.com\\\/#website\",\"url\":\"https:\\\/\\\/framegirona.com\\\/\",\"name\":\"Frame Girona Ag\u00e8ncia de publicitat\",\"description\":\"Agencia de comunicaci\u00f3n y publicidad\",\"publisher\":{\"@id\":\"https:\\\/\\\/framegirona.com\\\/#organization\"},\"alternateName\":\"Agencia de publicidad y dise\u00f1o en Girona y Barcelona\",\"potentialAction\":[{\"@type\":\"SearchAction\",\"target\":{\"@type\":\"EntryPoint\",\"urlTemplate\":\"https:\\\/\\\/framegirona.com\\\/?s={search_term_string}\"},\"query-input\":{\"@type\":\"PropertyValueSpecification\",\"valueRequired\":true,\"valueName\":\"search_term_string\"}}],\"inLanguage\":\"es\"},{\"@type\":\"Organization\",\"@id\":\"https:\\\/\\\/framegirona.com\\\/#organization\",\"name\":\"Frame Girona SL Ag\u00e8ncia de publicitat\",\"alternateName\":\"Frame Girona Comunicaci\u00f3, publicitat i disseny\",\"url\":\"https:\\\/\\\/framegirona.com\\\/\",\"logo\":{\"@type\":\"ImageObject\",\"inLanguage\":\"es\",\"@id\":\"https:\\\/\\\/framegirona.com\\\/#\\\/schema\\\/logo\\\/image\\\/\",\"url\":\"https:\\\/\\\/framegirona.com\\\/wp-content\\\/uploads\\\/2022\\\/09\\\/Logo-Frame.png\",\"contentUrl\":\"https:\\\/\\\/framegirona.com\\\/wp-content\\\/uploads\\\/2022\\\/09\\\/Logo-Frame.png\",\"width\":1748,\"height\":1334,\"caption\":\"Frame Girona SL Ag\u00e8ncia de publicitat\"},\"image\":{\"@id\":\"https:\\\/\\\/framegirona.com\\\/#\\\/schema\\\/logo\\\/image\\\/\"},\"sameAs\":[\"https:\\\/\\\/www.facebook.com\\\/framegirona\\\/\",\"https:\\\/\\\/www.linkedin.com\\\/company\\\/frame-girona\",\"https:\\\/\\\/www.instagram.com\\\/framegirona\\\/\"],\"description\":\"Ag\u00e8ncia de publicitat a Girona i la Costa Brava, especialitzats en disseny gr\u00e0fic, disseny i programaci\u00f3 web, posicionament de p\u00e0gines web i publicitat i comunicaci\u00f3 per empreses.\",\"email\":\"frame@framegirona.com\",\"telephone\":\"972 20 58 65\",\"legalName\":\"Frame Girona SL\",\"foundingDate\":\"1998-05-23\",\"numberOfEmployees\":{\"@type\":\"QuantitativeValue\",\"minValue\":\"1\",\"maxValue\":\"10\"},\"publishingPrinciples\":\"https:\\\/\\\/framegirona.com\\\/\",\"ownershipFundingInfo\":\"https:\\\/\\\/framegirona.com\\\/avis-legal\\\/\"}]}<\/script>\n<!-- \/ Yoast SEO Premium plugin. -->","yoast_head_json":{"title":"Pol\u00edtica de privacidad \u00b7 Frame Girona","robots":{"index":"noindex","follow":"nofollow"},"og_locale":"es_ES","og_type":"article","og_title":"Pol\u00edtica de privacitat","og_description":"POL\u00cdTICA DE PRIVACITAT 1. INFORMACIO\u0301 PER A L\u2019USUARI Qui e\u0301s el responsable del tractament de les teves dades personals? FRAME GIRONA SL e\u0301s el RESPONSABLE del tractament de les dades personals de l\u2019USUARI i l\u2019informa que aquestes dades es tractaran de conformitat amb el que estableix el Reglament (UE) 2016\/679, de 27 d\u2019abril (GDPR), i [&hellip;]","og_url":"https:\/\/framegirona.com\/es\/politica-de-privacitat\/","og_site_name":"Frame Girona","article_publisher":"https:\/\/www.facebook.com\/framegirona\/","article_modified_time":"2026-04-28T12:25:19+00:00","og_image":[{"width":1748,"height":1334,"url":"https:\/\/framegirona.com\/wp-content\/uploads\/2022\/09\/Logo-Frame.png","type":"image\/png"}],"twitter_card":"summary_large_image","twitter_misc":{"Tiempo de lectura":"8 minutos"},"schema":{"@context":"https:\/\/schema.org","@graph":[{"@type":"WebPage","@id":"https:\/\/framegirona.com\/politica-de-privacitat\/","url":"https:\/\/framegirona.com\/politica-de-privacitat\/","name":"Pol\u00edtica de privacidad \u00b7 Frame Girona","isPartOf":{"@id":"https:\/\/framegirona.com\/#website"},"datePublished":"2020-10-07T10:12:59+00:00","dateModified":"2026-04-28T12:25:19+00:00","breadcrumb":{"@id":"https:\/\/framegirona.com\/politica-de-privacitat\/#breadcrumb"},"inLanguage":"es","potentialAction":[{"@type":"ReadAction","target":["https:\/\/framegirona.com\/politica-de-privacitat\/"]}]},{"@type":"BreadcrumbList","@id":"https:\/\/framegirona.com\/politica-de-privacitat\/#breadcrumb","itemListElement":[{"@type":"ListItem","position":1,"name":"Home","item":"https:\/\/framegirona.com\/"},{"@type":"ListItem","position":2,"name":"Pol\u00edtica de privacitat"}]},{"@type":"WebSite","@id":"https:\/\/framegirona.com\/#website","url":"https:\/\/framegirona.com\/","name":"Frame Girona Agencia de publicidad","description":"Agencia de comunicaci\u00f3n y publicidad","publisher":{"@id":"https:\/\/framegirona.com\/#organization"},"alternateName":"Agencia de publicidad y dise\u00f1o en Girona y Barcelona","potentialAction":[{"@type":"SearchAction","target":{"@type":"EntryPoint","urlTemplate":"https:\/\/framegirona.com\/?s={search_term_string}"},"query-input":{"@type":"PropertyValueSpecification","valueRequired":true,"valueName":"search_term_string"}}],"inLanguage":"es"},{"@type":"Organization","@id":"https:\/\/framegirona.com\/#organization","name":"Frame Girona SL Agencia de publicidad","alternateName":"Frame Girona Comunicaci\u00f3, publicitat i disseny","url":"https:\/\/framegirona.com\/","logo":{"@type":"ImageObject","inLanguage":"es","@id":"https:\/\/framegirona.com\/#\/schema\/logo\/image\/","url":"https:\/\/framegirona.com\/wp-content\/uploads\/2022\/09\/Logo-Frame.png","contentUrl":"https:\/\/framegirona.com\/wp-content\/uploads\/2022\/09\/Logo-Frame.png","width":1748,"height":1334,"caption":"Frame Girona SL Ag\u00e8ncia de publicitat"},"image":{"@id":"https:\/\/framegirona.com\/#\/schema\/logo\/image\/"},"sameAs":["https:\/\/www.facebook.com\/framegirona\/","https:\/\/www.linkedin.com\/company\/frame-girona","https:\/\/www.instagram.com\/framegirona\/"],"description":"Agencia de publicidad en Girona y la Costa Brava, especializados en dise\u00f1o gr\u00e1fico, dise\u00f1o y programaci\u00f3n web, posicionamiento de p\u00e1ginas web y publicidad y comunicaci\u00f3n por empresas.","email":"frame@framegirona.com","telephone":"972 20 58 65","legalName":"Frame Girona SL","foundingDate":"1998-05-23","numberOfEmployees":{"@type":"QuantitativeValue","minValue":"1","maxValue":"10"},"publishingPrinciples":"https:\/\/framegirona.com\/","ownershipFundingInfo":"https:\/\/framegirona.com\/avis-legal\/"}]}},"_links":{"self":[{"href":"https:\/\/framegirona.com\/es\/wp-json\/wp\/v2\/pages\/1431","targetHints":{"allow":["GET"]}}],"collection":[{"href":"https:\/\/framegirona.com\/es\/wp-json\/wp\/v2\/pages"}],"about":[{"href":"https:\/\/framegirona.com\/es\/wp-json\/wp\/v2\/types\/page"}],"author":[{"embeddable":true,"href":"https:\/\/framegirona.com\/es\/wp-json\/wp\/v2\/users\/1"}],"replies":[{"embeddable":true,"href":"https:\/\/framegirona.com\/es\/wp-json\/wp\/v2\/comments?post=1431"}],"version-history":[{"count":0,"href":"https:\/\/framegirona.com\/es\/wp-json\/wp\/v2\/pages\/1431\/revisions"}],"wp:attachment":[{"href":"https:\/\/framegirona.com\/es\/wp-json\/wp\/v2\/media?parent=1431"}],"curies":[{"name":"wp","href":"https:\/\/api.w.org\/{rel}","templated":true}]}}