{"id":5648,"date":"2021-06-01T11:10:56","date_gmt":"2021-06-01T09:10:56","guid":{"rendered":"https:\/\/www.framegirona.com\/?post_type=projectes&#038;p=5648"},"modified":"2021-06-01T11:10:56","modified_gmt":"2021-06-01T09:10:56","slug":"vilar-refrigeracio-web","status":"publish","type":"projectes","link":"https:\/\/framegirona.com\/en\/projectes\/vilar-refrigeracio-web\/","title":{"rendered":"VILAR REFRIGERACI\u00d3 \u00b7 Website"},"content":{"rendered":"<h3>WEBSITE<\/h3>\n<p>Vilar Refrigeraci\u00f3 has an <strong>already established visual identity<\/strong>. We maximize it to the fullest and follow the established guidelines. <span class=\"hiddenGrammarError\">On the homepage<\/span> we use a full-<span class=\"hiddenSpellError\">screen industrial image<\/span>, that occupies the entire screen, and we place the menu in the white horizontal strip.<\/p>\n<p><img fetchpriority=\"high\" decoding=\"async\" class=\"aligncenter wp-image-5651 size-full\" src=\"https:\/\/framegirona.com\/wp-content\/uploads\/2021\/05\/inici.jpg\" alt=\"\" width=\"1200\" height=\"895\" srcset=\"https:\/\/framegirona.com\/wp-content\/uploads\/2021\/05\/inici.jpg 1200w, https:\/\/framegirona.com\/wp-content\/uploads\/2021\/05\/inici-300x224.jpg 300w, https:\/\/framegirona.com\/wp-content\/uploads\/2021\/05\/inici-1024x764.jpg 1024w, https:\/\/framegirona.com\/wp-content\/uploads\/2021\/05\/inici-768x573.jpg 768w\" sizes=\"(max-width: 1200px) 100vw, 1200px\" \/><\/p>\n<p class=\"translation-block\">We apply a <strong>Call to <span class=\"hiddenSpellError\">action<\/span> (CTA) button<\/strong> to the menu to highlight the 24-hour technical service, as well as a <span class=\"hiddenSpellError\">CTA<\/span> in the first explanatory text that allows direct calling to the technical service. Next, we display the 4 main products: commercial\/industrial refrigeration, CO\u2082 refrigeration, residential HVAC, and commercial\/industrial HVAC. We provide a brief explanation of each of them and another <span class=\"hiddenSpellError\">CTA<\/span> to request more information.<\/p>\n<h3>\u2014<\/h3>\n<h3>SERVICES<\/h3>\n<p style=\"text-align: left;\">Conventional refrigeration is a product that Vilar Refrigeration continues to offer due to its great reception. However, the increased demand for a more environmentally friendly type of refrigeration has prompted the company to launch the CO\u2082 line. We dedicate a special section to it, in which <strong>we explain in detail to the customer what it is, its benefits, and its applications.<\/strong><\/p>\n<p>&nbsp;<\/p>\n<h3><img decoding=\"async\" class=\"aligncenter wp-image-5654 size-full\" src=\"https:\/\/framegirona.com\/wp-content\/uploads\/2021\/05\/refrigeracioco2.jpg\" alt=\"\" width=\"1200\" height=\"895\" srcset=\"https:\/\/framegirona.com\/wp-content\/uploads\/2021\/05\/refrigeracioco2.jpg 1200w, https:\/\/framegirona.com\/wp-content\/uploads\/2021\/05\/refrigeracioco2-300x224.jpg 300w, https:\/\/framegirona.com\/wp-content\/uploads\/2021\/05\/refrigeracioco2-1024x764.jpg 1024w, https:\/\/framegirona.com\/wp-content\/uploads\/2021\/05\/refrigeracioco2-768x573.jpg 768w\" sizes=\"(max-width: 1200px) 100vw, 1200px\" \/><\/h3>\n<h3>\u2014<\/h3>\n<h3>PROJECTS<\/h3>\n<p style=\"text-align: left;\">Vilar Refrigeraci\u00f3 is a company with a long tradition in the sector and well-established in Girona. We have created a fifth section showcasing our most important completed projects, featuring photos of the results. This is made possible by the fact that our clients are well-known and prominent figures, highlighted throughout the website. In the sale of custom-made industrial products, it's crucial to showcase the results not only to demonstrate our capability to develop them but also<strong> to provide potential clients with ideas for solutions that can be applied to their projects.<\/strong>.<\/p>\n<p style=\"text-align: left;\"><span class=\"Apple-converted-space\">\u00a0<\/span><\/p>\n<p><img decoding=\"async\" class=\"aligncenter wp-image-5656 size-full\" src=\"https:\/\/framegirona.com\/wp-content\/uploads\/2021\/05\/projectes.jpg\" alt=\"\" width=\"1200\" height=\"895\" srcset=\"https:\/\/framegirona.com\/wp-content\/uploads\/2021\/05\/projectes.jpg 1200w, https:\/\/framegirona.com\/wp-content\/uploads\/2021\/05\/projectes-300x224.jpg 300w, https:\/\/framegirona.com\/wp-content\/uploads\/2021\/05\/projectes-1024x764.jpg 1024w, https:\/\/framegirona.com\/wp-content\/uploads\/2021\/05\/projectes-768x573.jpg 768w\" sizes=\"(max-width: 1200px) 100vw, 1200px\" \/><\/p>\n<p>&nbsp;<\/p>\n<h3>\u2014<\/h3>\n<h3>TECHNOLOGY<\/h3>\n<p>We adapt all the elements that make up the website to the proportions of <strong>various devices<\/strong>. As with all the websites we create, we implement effective <strong>SEO and programming<\/strong>, for faster browser loading and better <strong>search engine positioning, such as Google<\/strong>.<\/p>\n<p>&nbsp;<\/p>\n<p><img loading=\"lazy\" decoding=\"async\" class=\"aligncenter size-full wp-image-5659\" src=\"https:\/\/framegirona.com\/wp-content\/uploads\/2021\/05\/DISPOSITIUS-1.jpg\" alt=\"\" width=\"1200\" height=\"700\" srcset=\"https:\/\/framegirona.com\/wp-content\/uploads\/2021\/05\/DISPOSITIUS-1.jpg 1200w, https:\/\/framegirona.com\/wp-content\/uploads\/2021\/05\/DISPOSITIUS-1-300x175.jpg 300w, https:\/\/framegirona.com\/wp-content\/uploads\/2021\/05\/DISPOSITIUS-1-1024x597.jpg 1024w, https:\/\/framegirona.com\/wp-content\/uploads\/2021\/05\/DISPOSITIUS-1-768x448.jpg 768w\" sizes=\"(max-width: 1200px) 100vw, 1200px\" \/><\/p>\n<p>&nbsp;<\/p>","protected":false},"excerpt":{"rendered":"<p>Vilar Refrigeraci\u00f3 is a Girona-based company specializing in comprehensive refrigeration and air conditioning services, both in installation and maintenance. Their experience, primarily forged in the demands of the industrial sector and the use of top brands and products, allows them to work with the utmost quality, commitment, and professionalism. They always have one goal in mind: to continue innovating in order to offer their clients the option that best suits their needs.<\/p>","protected":false},"featured_media":5650,"template":"","categories":[3],"tags":[],"class_list":["post-5648","projectes","type-projectes","status-publish","has-post-thumbnail","hentry","category-online"],"yoast_head":"<!-- This site is optimized with the Yoast SEO Premium plugin v24.2 (Yoast SEO v27.5) - https:\/\/yoast.com\/product\/yoast-seo-premium-wordpress\/ -->\n<title>Vilar Refrigeraci\u00f3 \u00b7 P\u00e0gina Web \u00b7 Online \u00b7 Frame Girona<\/title>\n<meta name=\"description\" content=\"Vilar Refrigeraci\u00f3 \u00e9s una empresa experta en\u00a0serveis globals de refrigeraci\u00f3 i climatitzaci\u00f3. Frame s\u00f3m els encarregats de fer la seva web.\" \/>\n<meta name=\"robots\" content=\"index, follow, max-snippet:-1, max-image-preview:large, max-video-preview:-1\" \/>\n<link rel=\"canonical\" href=\"https:\/\/framegirona.com\/en\/projectes\/vilar-refrigeracio-web\/\" \/>\n<meta property=\"og:locale\" content=\"en_GB\" \/>\n<meta property=\"og:type\" content=\"article\" \/>\n<meta property=\"og:title\" content=\"VILAR REFRIGERACI\u00d3 \u00b7 Web\" \/>\n<meta property=\"og:description\" content=\"Vilar Refrigeraci\u00f3 \u00e9s una empresa experta en\u00a0serveis globals de refrigeraci\u00f3 i climatitzaci\u00f3. Frame s\u00f3m els encarregats de fer la seva web.\" \/>\n<meta property=\"og:url\" content=\"https:\/\/framegirona.com\/en\/projectes\/vilar-refrigeracio-web\/\" \/>\n<meta property=\"og:site_name\" content=\"Frame Girona\" \/>\n<meta property=\"article:publisher\" content=\"https:\/\/www.facebook.com\/framegirona\/\" \/>\n<meta property=\"og:image\" content=\"https:\/\/framegirona.com\/wp-content\/uploads\/2021\/05\/mockup-1.jpg\" \/>\n\t<meta property=\"og:image:width\" content=\"1200\" \/>\n\t<meta property=\"og:image:height\" content=\"960\" \/>\n\t<meta property=\"og:image:type\" content=\"image\/jpeg\" \/>\n<meta name=\"twitter:card\" content=\"summary_large_image\" \/>\n<meta name=\"twitter:label1\" content=\"Estimated reading time\" \/>\n\t<meta name=\"twitter:data1\" content=\"3 minutes\" \/>\n<script type=\"application\/ld+json\" class=\"yoast-schema-graph\">{\"@context\":\"https:\\\/\\\/schema.org\",\"@graph\":[{\"@type\":\"WebPage\",\"@id\":\"https:\\\/\\\/framegirona.com\\\/projectes\\\/vilar-refrigeracio-web\\\/\",\"url\":\"https:\\\/\\\/framegirona.com\\\/projectes\\\/vilar-refrigeracio-web\\\/\",\"name\":\"Vilar Refrigeraci\u00f3 \u00b7 P\u00e0gina Web \u00b7 Online \u00b7 Frame Girona\",\"isPartOf\":{\"@id\":\"https:\\\/\\\/framegirona.com\\\/#website\"},\"primaryImageOfPage\":{\"@id\":\"https:\\\/\\\/framegirona.com\\\/projectes\\\/vilar-refrigeracio-web\\\/#primaryimage\"},\"image\":{\"@id\":\"https:\\\/\\\/framegirona.com\\\/projectes\\\/vilar-refrigeracio-web\\\/#primaryimage\"},\"thumbnailUrl\":\"https:\\\/\\\/framegirona.com\\\/wp-content\\\/uploads\\\/2021\\\/05\\\/mockup-1.jpg\",\"datePublished\":\"2021-06-01T09:10:56+00:00\",\"description\":\"Vilar Refrigeraci\u00f3 \u00e9s una empresa experta en\u00a0serveis globals de refrigeraci\u00f3 i climatitzaci\u00f3. Frame s\u00f3m els encarregats de fer la seva web.\",\"breadcrumb\":{\"@id\":\"https:\\\/\\\/framegirona.com\\\/projectes\\\/vilar-refrigeracio-web\\\/#breadcrumb\"},\"inLanguage\":\"en-GB\",\"potentialAction\":[{\"@type\":\"ReadAction\",\"target\":[\"https:\\\/\\\/framegirona.com\\\/projectes\\\/vilar-refrigeracio-web\\\/\"]}]},{\"@type\":\"ImageObject\",\"inLanguage\":\"en-GB\",\"@id\":\"https:\\\/\\\/framegirona.com\\\/projectes\\\/vilar-refrigeracio-web\\\/#primaryimage\",\"url\":\"https:\\\/\\\/framegirona.com\\\/wp-content\\\/uploads\\\/2021\\\/05\\\/mockup-1.jpg\",\"contentUrl\":\"https:\\\/\\\/framegirona.com\\\/wp-content\\\/uploads\\\/2021\\\/05\\\/mockup-1.jpg\",\"width\":1200,\"height\":960},{\"@type\":\"BreadcrumbList\",\"@id\":\"https:\\\/\\\/framegirona.com\\\/projectes\\\/vilar-refrigeracio-web\\\/#breadcrumb\",\"itemListElement\":[{\"@type\":\"ListItem\",\"position\":1,\"name\":\"Home\",\"item\":\"https:\\\/\\\/framegirona.com\\\/\"},{\"@type\":\"ListItem\",\"position\":2,\"name\":\"Projectes\",\"item\":\"https:\\\/\\\/framegirona.com\\\/projectes\\\/\"},{\"@type\":\"ListItem\",\"position\":3,\"name\":\"VILAR REFRIGERACI\u00d3 \u00b7 Web\"}]},{\"@type\":\"WebSite\",\"@id\":\"https:\\\/\\\/framegirona.com\\\/#website\",\"url\":\"https:\\\/\\\/framegirona.com\\\/\",\"name\":\"Frame Girona Ag\u00e8ncia de publicitat\",\"description\":\"Agencia de comunicaci\u00f3n y publicidad\",\"publisher\":{\"@id\":\"https:\\\/\\\/framegirona.com\\\/#organization\"},\"alternateName\":\"Agencia de publicidad y dise\u00f1o en Girona y Barcelona\",\"potentialAction\":[{\"@type\":\"SearchAction\",\"target\":{\"@type\":\"EntryPoint\",\"urlTemplate\":\"https:\\\/\\\/framegirona.com\\\/?s={search_term_string}\"},\"query-input\":{\"@type\":\"PropertyValueSpecification\",\"valueRequired\":true,\"valueName\":\"search_term_string\"}}],\"inLanguage\":\"en-GB\"},{\"@type\":\"Organization\",\"@id\":\"https:\\\/\\\/framegirona.com\\\/#organization\",\"name\":\"Frame Girona SL Ag\u00e8ncia de publicitat\",\"alternateName\":\"Frame Girona Comunicaci\u00f3, publicitat i disseny\",\"url\":\"https:\\\/\\\/framegirona.com\\\/\",\"logo\":{\"@type\":\"ImageObject\",\"inLanguage\":\"en-GB\",\"@id\":\"https:\\\/\\\/framegirona.com\\\/#\\\/schema\\\/logo\\\/image\\\/\",\"url\":\"https:\\\/\\\/framegirona.com\\\/wp-content\\\/uploads\\\/2022\\\/09\\\/Logo-Frame.png\",\"contentUrl\":\"https:\\\/\\\/framegirona.com\\\/wp-content\\\/uploads\\\/2022\\\/09\\\/Logo-Frame.png\",\"width\":1748,\"height\":1334,\"caption\":\"Frame Girona SL Ag\u00e8ncia de publicitat\"},\"image\":{\"@id\":\"https:\\\/\\\/framegirona.com\\\/#\\\/schema\\\/logo\\\/image\\\/\"},\"sameAs\":[\"https:\\\/\\\/www.facebook.com\\\/framegirona\\\/\",\"https:\\\/\\\/www.linkedin.com\\\/company\\\/frame-girona\",\"https:\\\/\\\/www.instagram.com\\\/framegirona\\\/\"],\"description\":\"Ag\u00e8ncia de publicitat a Girona i la Costa Brava, especialitzats en disseny gr\u00e0fic, disseny i programaci\u00f3 web, posicionament de p\u00e0gines web i publicitat i comunicaci\u00f3 per empreses.\",\"email\":\"frame@framegirona.com\",\"telephone\":\"972 20 58 65\",\"legalName\":\"Frame Girona SL\",\"foundingDate\":\"1998-05-23\",\"numberOfEmployees\":{\"@type\":\"QuantitativeValue\",\"minValue\":\"1\",\"maxValue\":\"10\"},\"publishingPrinciples\":\"https:\\\/\\\/framegirona.com\\\/\",\"ownershipFundingInfo\":\"https:\\\/\\\/framegirona.com\\\/avis-legal\\\/\"}]}<\/script>\n<!-- \/ Yoast SEO Premium plugin. -->","yoast_head_json":{"title":"Vilar Refrigeraci\u00f3 \u00b7 P\u00e0gina Web \u00b7 Online \u00b7 Frame Girona","description":"Vilar Refrigeraci\u00f3 \u00e9s una empresa experta en\u00a0serveis globals de refrigeraci\u00f3 i climatitzaci\u00f3. Frame s\u00f3m els encarregats de fer la seva web.","robots":{"index":"index","follow":"follow","max-snippet":"max-snippet:-1","max-image-preview":"max-image-preview:large","max-video-preview":"max-video-preview:-1"},"canonical":"https:\/\/framegirona.com\/en\/projectes\/vilar-refrigeracio-web\/","og_locale":"en_GB","og_type":"article","og_title":"VILAR REFRIGERACI\u00d3 \u00b7 Web","og_description":"Vilar Refrigeraci\u00f3 \u00e9s una empresa experta en\u00a0serveis globals de refrigeraci\u00f3 i climatitzaci\u00f3. Frame s\u00f3m els encarregats de fer la seva web.","og_url":"https:\/\/framegirona.com\/en\/projectes\/vilar-refrigeracio-web\/","og_site_name":"Frame Girona","article_publisher":"https:\/\/www.facebook.com\/framegirona\/","og_image":[{"width":1200,"height":960,"url":"https:\/\/framegirona.com\/wp-content\/uploads\/2021\/05\/mockup-1.jpg","type":"image\/jpeg"}],"twitter_card":"summary_large_image","twitter_misc":{"Estimated reading time":"3 minutes"},"schema":{"@context":"https:\/\/schema.org","@graph":[{"@type":"WebPage","@id":"https:\/\/framegirona.com\/projectes\/vilar-refrigeracio-web\/","url":"https:\/\/framegirona.com\/projectes\/vilar-refrigeracio-web\/","name":"Vilar Refrigeraci\u00f3 \u00b7 P\u00e0gina Web \u00b7 Online \u00b7 Frame Girona","isPartOf":{"@id":"https:\/\/framegirona.com\/#website"},"primaryImageOfPage":{"@id":"https:\/\/framegirona.com\/projectes\/vilar-refrigeracio-web\/#primaryimage"},"image":{"@id":"https:\/\/framegirona.com\/projectes\/vilar-refrigeracio-web\/#primaryimage"},"thumbnailUrl":"https:\/\/framegirona.com\/wp-content\/uploads\/2021\/05\/mockup-1.jpg","datePublished":"2021-06-01T09:10:56+00:00","description":"Vilar Refrigeraci\u00f3 \u00e9s una empresa experta en\u00a0serveis globals de refrigeraci\u00f3 i climatitzaci\u00f3. Frame s\u00f3m els encarregats de fer la seva web.","breadcrumb":{"@id":"https:\/\/framegirona.com\/projectes\/vilar-refrigeracio-web\/#breadcrumb"},"inLanguage":"en-GB","potentialAction":[{"@type":"ReadAction","target":["https:\/\/framegirona.com\/projectes\/vilar-refrigeracio-web\/"]}]},{"@type":"ImageObject","inLanguage":"en-GB","@id":"https:\/\/framegirona.com\/projectes\/vilar-refrigeracio-web\/#primaryimage","url":"https:\/\/framegirona.com\/wp-content\/uploads\/2021\/05\/mockup-1.jpg","contentUrl":"https:\/\/framegirona.com\/wp-content\/uploads\/2021\/05\/mockup-1.jpg","width":1200,"height":960},{"@type":"BreadcrumbList","@id":"https:\/\/framegirona.com\/projectes\/vilar-refrigeracio-web\/#breadcrumb","itemListElement":[{"@type":"ListItem","position":1,"name":"Home","item":"https:\/\/framegirona.com\/"},{"@type":"ListItem","position":2,"name":"Projectes","item":"https:\/\/framegirona.com\/projectes\/"},{"@type":"ListItem","position":3,"name":"VILAR REFRIGERACI\u00d3 \u00b7 Web"}]},{"@type":"WebSite","@id":"https:\/\/framegirona.com\/#website","url":"https:\/\/framegirona.com\/","name":"Frame Girona Advertising agency","description":"Communication and advertising agency","publisher":{"@id":"https:\/\/framegirona.com\/#organization"},"alternateName":"Agencia de publicidad y dise\u00f1o en Girona y Barcelona","potentialAction":[{"@type":"SearchAction","target":{"@type":"EntryPoint","urlTemplate":"https:\/\/framegirona.com\/?s={search_term_string}"},"query-input":{"@type":"PropertyValueSpecification","valueRequired":true,"valueName":"search_term_string"}}],"inLanguage":"en-GB"},{"@type":"Organization","@id":"https:\/\/framegirona.com\/#organization","name":"Frame Girona SL Advertising agency","alternateName":"Frame Girona Comunicaci\u00f3, publicitat i disseny","url":"https:\/\/framegirona.com\/","logo":{"@type":"ImageObject","inLanguage":"en-GB","@id":"https:\/\/framegirona.com\/#\/schema\/logo\/image\/","url":"https:\/\/framegirona.com\/wp-content\/uploads\/2022\/09\/Logo-Frame.png","contentUrl":"https:\/\/framegirona.com\/wp-content\/uploads\/2022\/09\/Logo-Frame.png","width":1748,"height":1334,"caption":"Frame Girona SL Ag\u00e8ncia de publicitat"},"image":{"@id":"https:\/\/framegirona.com\/#\/schema\/logo\/image\/"},"sameAs":["https:\/\/www.facebook.com\/framegirona\/","https:\/\/www.linkedin.com\/company\/frame-girona","https:\/\/www.instagram.com\/framegirona\/"],"description":"Advertising agency in Girona and the Costa Brava, specializing in graphic design, web design and programming, website positioning and advertising and communication for companies.","email":"frame@framegirona.com","telephone":"972 20 58 65","legalName":"Frame Girona SL","foundingDate":"1998-05-23","numberOfEmployees":{"@type":"QuantitativeValue","minValue":"1","maxValue":"10"},"publishingPrinciples":"https:\/\/framegirona.com\/","ownershipFundingInfo":"https:\/\/framegirona.com\/avis-legal\/"}]}},"_links":{"self":[{"href":"https:\/\/framegirona.com\/en\/wp-json\/wp\/v2\/projectes\/5648","targetHints":{"allow":["GET"]}}],"collection":[{"href":"https:\/\/framegirona.com\/en\/wp-json\/wp\/v2\/projectes"}],"about":[{"href":"https:\/\/framegirona.com\/en\/wp-json\/wp\/v2\/types\/projectes"}],"version-history":[{"count":0,"href":"https:\/\/framegirona.com\/en\/wp-json\/wp\/v2\/projectes\/5648\/revisions"}],"wp:featuredmedia":[{"embeddable":true,"href":"https:\/\/framegirona.com\/en\/wp-json\/wp\/v2\/media\/5650"}],"wp:attachment":[{"href":"https:\/\/framegirona.com\/en\/wp-json\/wp\/v2\/media?parent=5648"}],"wp:term":[{"taxonomy":"category","embeddable":true,"href":"https:\/\/framegirona.com\/en\/wp-json\/wp\/v2\/categories?post=5648"},{"taxonomy":"post_tag","embeddable":true,"href":"https:\/\/framegirona.com\/en\/wp-json\/wp\/v2\/tags?post=5648"}],"curies":[{"name":"wp","href":"https:\/\/api.w.org\/{rel}","templated":true}]}}