{"id":11236,"date":"2022-03-13T10:50:03","date_gmt":"2022-03-13T09:50:03","guid":{"rendered":"https:\/\/www.framegirona.com\/?post_type=projectes&#038;p=11236"},"modified":"2022-04-14T13:28:47","modified_gmt":"2022-04-14T11:28:47","slug":"la-vedette-%c2%b7-renovacio-de-web-corporativa","status":"publish","type":"projectes","link":"https:\/\/framegirona.com\/en\/projectes\/la-vedette-%c2%b7-renovacio-de-web-corporativa\/","title":{"rendered":"LA VEDETTE - Corporate Website Renovation"},"content":{"rendered":"<h3>CORPORATE WEBSITE RENOVATION<\/h3>\n<p>Renovating the website is a message in itself, it means that the business is evolving and growing, adapting to changes in the environment and offering its users an increasingly modern and pleasant experience. La Vedette Restaurant has once again placed their trust in us for the <strong>renovation of their corporate website<\/strong>. With the aim of highlighting their dishes and the restaurant, communicating more clearly their opening hours and special services such as fondues or home delivery, we have created a completely new design following the graphic line of the brand.<\/p>\n<p><strong><a href=\"https:\/\/www.lavedetterestaurant.com\" target=\"_blank\" rel=\"noopener\">See the result\u00a0<\/a><\/strong><\/p>\n<h3>\u2014<\/h3>\n<h3>REDESIGN FOLLOWING THE BRAND STYLE<\/h3>\n<p>La Vedette is a restaurant with <strong>a very clear, defined and original personality<\/strong>. Together with its dishes and menus, its style is one of the restaurant's strong points, and this is exactly what we want to highlight with the new website. With a minimalist design in white with full colour photographs and typographic games, La Vedette's website is easy to use, with dynamic elements that make browsing enjoyable, and with all the information available to the user. It is fully responsive, accessible from any device, screen resolution and browser.<\/p>\n<p>&nbsp;<\/p>\n<div style=\"width: 800px;\" class=\"wp-video\"><video class=\"wp-video-shortcode\" id=\"video-11236-1\" width=\"800\" height=\"694\" loop autoplay preload=\"auto\" controls=\"controls\"><source type=\"video\/mp4\" src=\"https:\/\/framegirona.com\/wp-content\/uploads\/2022\/04\/macbook-plants_1-2-2.mp4?_=1\" \/><a href=\"https:\/\/framegirona.com\/wp-content\/uploads\/2022\/04\/macbook-plants_1-2-2.mp4\">https:\/\/framegirona.com\/wp-content\/uploads\/2022\/04\/macbook-plants_1-2-2.mp4<\/a><\/video><\/div>\n<p>&nbsp;<\/p>\n<p>&nbsp;<\/p>","protected":false},"excerpt":{"rendered":"<p>RENOVACI\u00d3 DE WEB CORPORATIVA Renovar la p\u00e0gina web \u00e9s un missatge en si mateix, vol dir que el negoci evoluciona i creix, s&#8217;adapta als canvis de l&#8217;entorn i ofereix als seus usuaris una experi\u00e8ncia cada cop m\u00e9s moderna i agradable. La Vedette Restaurant han tornat a confiar en nosaltres per a la renovaci\u00f3 de web [&hellip;]<\/p>\n","protected":false},"featured_media":11385,"template":"","categories":[3,33],"tags":[],"class_list":["post-11236","projectes","type-projectes","status-publish","has-post-thumbnail","hentry","category-online","category-destacat"],"yoast_head":"<!-- This site is optimized with the Yoast SEO Premium plugin v24.2 (Yoast SEO v27.5) - https:\/\/yoast.com\/product\/yoast-seo-premium-wordpress\/ -->\n<title>Renovaci\u00f3 de Web corporativa LA VEDETTE Restaurant &#183; Frame Girona<\/title>\n<meta name=\"description\" content=\"La Vedette Restaurant han tornat a confiar en Frame Girona per a la renovaci\u00f3 de web corporativa, nou disseny seguint l&#039;estil de la marca.\" \/>\n<meta name=\"robots\" content=\"index, follow, max-snippet:-1, max-image-preview:large, max-video-preview:-1\" \/>\n<link rel=\"canonical\" href=\"https:\/\/framegirona.com\/en\/projectes\/la-vedette-\u00b7-renovacio-de-web-corporativa\/\" \/>\n<meta property=\"og:locale\" content=\"en_GB\" \/>\n<meta property=\"og:type\" content=\"article\" \/>\n<meta property=\"og:title\" content=\"LA VEDETTE \u00b7 Renovaci\u00f3 de web corporativa\" \/>\n<meta property=\"og:description\" content=\"La Vedette Restaurant han tornat a confiar en Frame Girona per a la renovaci\u00f3 de web corporativa, nou disseny seguint l&#039;estil de la marca.\" \/>\n<meta property=\"og:url\" content=\"https:\/\/framegirona.com\/en\/projectes\/la-vedette-\u00b7-renovacio-de-web-corporativa\/\" \/>\n<meta property=\"og:site_name\" content=\"Frame Girona\" \/>\n<meta property=\"article:publisher\" content=\"https:\/\/www.facebook.com\/framegirona\/\" \/>\n<meta property=\"article:modified_time\" content=\"2022-04-14T11:28:47+00:00\" \/>\n<meta property=\"og:image\" content=\"https:\/\/framegirona.com\/wp-content\/uploads\/2022\/04\/lavedette-mockup.jpg\" \/>\n\t<meta property=\"og:image:width\" content=\"2200\" \/>\n\t<meta property=\"og:image:height\" content=\"1560\" \/>\n\t<meta property=\"og:image:type\" content=\"image\/jpeg\" \/>\n<meta name=\"twitter:card\" content=\"summary_large_image\" \/>\n<meta name=\"twitter:label1\" content=\"Estimated reading time\" \/>\n\t<meta name=\"twitter:data1\" content=\"1 minute\" \/>\n<script type=\"application\/ld+json\" class=\"yoast-schema-graph\">{\"@context\":\"https:\\\/\\\/schema.org\",\"@graph\":[{\"@type\":\"WebPage\",\"@id\":\"https:\\\/\\\/framegirona.com\\\/projectes\\\/la-vedette-%c2%b7-renovacio-de-web-corporativa\\\/\",\"url\":\"https:\\\/\\\/framegirona.com\\\/projectes\\\/la-vedette-%c2%b7-renovacio-de-web-corporativa\\\/\",\"name\":\"Renovaci\u00f3 de Web corporativa LA VEDETTE Restaurant &#183; Frame Girona\",\"isPartOf\":{\"@id\":\"https:\\\/\\\/framegirona.com\\\/#website\"},\"primaryImageOfPage\":{\"@id\":\"https:\\\/\\\/framegirona.com\\\/projectes\\\/la-vedette-%c2%b7-renovacio-de-web-corporativa\\\/#primaryimage\"},\"image\":{\"@id\":\"https:\\\/\\\/framegirona.com\\\/projectes\\\/la-vedette-%c2%b7-renovacio-de-web-corporativa\\\/#primaryimage\"},\"thumbnailUrl\":\"https:\\\/\\\/framegirona.com\\\/wp-content\\\/uploads\\\/2022\\\/04\\\/lavedette-mockup.jpg\",\"datePublished\":\"2022-03-13T09:50:03+00:00\",\"dateModified\":\"2022-04-14T11:28:47+00:00\",\"description\":\"La Vedette Restaurant han tornat a confiar en Frame Girona per a la renovaci\u00f3 de web corporativa, nou disseny seguint l'estil de la marca.\",\"breadcrumb\":{\"@id\":\"https:\\\/\\\/framegirona.com\\\/projectes\\\/la-vedette-%c2%b7-renovacio-de-web-corporativa\\\/#breadcrumb\"},\"inLanguage\":\"en-GB\",\"potentialAction\":[{\"@type\":\"ReadAction\",\"target\":[\"https:\\\/\\\/framegirona.com\\\/projectes\\\/la-vedette-%c2%b7-renovacio-de-web-corporativa\\\/\"]}]},{\"@type\":\"ImageObject\",\"inLanguage\":\"en-GB\",\"@id\":\"https:\\\/\\\/framegirona.com\\\/projectes\\\/la-vedette-%c2%b7-renovacio-de-web-corporativa\\\/#primaryimage\",\"url\":\"https:\\\/\\\/framegirona.com\\\/wp-content\\\/uploads\\\/2022\\\/04\\\/lavedette-mockup.jpg\",\"contentUrl\":\"https:\\\/\\\/framegirona.com\\\/wp-content\\\/uploads\\\/2022\\\/04\\\/lavedette-mockup.jpg\",\"width\":2200,\"height\":1560,\"caption\":\"renovaci\u00f3 de web corporativa\"},{\"@type\":\"BreadcrumbList\",\"@id\":\"https:\\\/\\\/framegirona.com\\\/projectes\\\/la-vedette-%c2%b7-renovacio-de-web-corporativa\\\/#breadcrumb\",\"itemListElement\":[{\"@type\":\"ListItem\",\"position\":1,\"name\":\"Home\",\"item\":\"https:\\\/\\\/framegirona.com\\\/\"},{\"@type\":\"ListItem\",\"position\":2,\"name\":\"Projectes\",\"item\":\"https:\\\/\\\/framegirona.com\\\/projectes\\\/\"},{\"@type\":\"ListItem\",\"position\":3,\"name\":\"LA VEDETTE \u00b7 Renovaci\u00f3 de web corporativa\"}]},{\"@type\":\"WebSite\",\"@id\":\"https:\\\/\\\/framegirona.com\\\/#website\",\"url\":\"https:\\\/\\\/framegirona.com\\\/\",\"name\":\"Frame Girona Ag\u00e8ncia de publicitat\",\"description\":\"Agencia de comunicaci\u00f3n y publicidad\",\"publisher\":{\"@id\":\"https:\\\/\\\/framegirona.com\\\/#organization\"},\"alternateName\":\"Agencia de publicidad y dise\u00f1o en Girona y Barcelona\",\"potentialAction\":[{\"@type\":\"SearchAction\",\"target\":{\"@type\":\"EntryPoint\",\"urlTemplate\":\"https:\\\/\\\/framegirona.com\\\/?s={search_term_string}\"},\"query-input\":{\"@type\":\"PropertyValueSpecification\",\"valueRequired\":true,\"valueName\":\"search_term_string\"}}],\"inLanguage\":\"en-GB\"},{\"@type\":\"Organization\",\"@id\":\"https:\\\/\\\/framegirona.com\\\/#organization\",\"name\":\"Frame Girona SL Ag\u00e8ncia de publicitat\",\"alternateName\":\"Frame Girona Comunicaci\u00f3, publicitat i disseny\",\"url\":\"https:\\\/\\\/framegirona.com\\\/\",\"logo\":{\"@type\":\"ImageObject\",\"inLanguage\":\"en-GB\",\"@id\":\"https:\\\/\\\/framegirona.com\\\/#\\\/schema\\\/logo\\\/image\\\/\",\"url\":\"https:\\\/\\\/framegirona.com\\\/wp-content\\\/uploads\\\/2022\\\/09\\\/Logo-Frame.png\",\"contentUrl\":\"https:\\\/\\\/framegirona.com\\\/wp-content\\\/uploads\\\/2022\\\/09\\\/Logo-Frame.png\",\"width\":1748,\"height\":1334,\"caption\":\"Frame Girona SL Ag\u00e8ncia de publicitat\"},\"image\":{\"@id\":\"https:\\\/\\\/framegirona.com\\\/#\\\/schema\\\/logo\\\/image\\\/\"},\"sameAs\":[\"https:\\\/\\\/www.facebook.com\\\/framegirona\\\/\",\"https:\\\/\\\/www.linkedin.com\\\/company\\\/frame-girona\",\"https:\\\/\\\/www.instagram.com\\\/framegirona\\\/\"],\"description\":\"Ag\u00e8ncia de publicitat a Girona i la Costa Brava, especialitzats en disseny gr\u00e0fic, disseny i programaci\u00f3 web, posicionament de p\u00e0gines web i publicitat i comunicaci\u00f3 per empreses.\",\"email\":\"frame@framegirona.com\",\"telephone\":\"972 20 58 65\",\"legalName\":\"Frame Girona SL\",\"foundingDate\":\"1998-05-23\",\"numberOfEmployees\":{\"@type\":\"QuantitativeValue\",\"minValue\":\"1\",\"maxValue\":\"10\"},\"publishingPrinciples\":\"https:\\\/\\\/framegirona.com\\\/\",\"ownershipFundingInfo\":\"https:\\\/\\\/framegirona.com\\\/avis-legal\\\/\"}]}<\/script>\n<!-- \/ Yoast SEO Premium plugin. -->","yoast_head_json":{"title":"Renovaci\u00f3 de Web corporativa LA VEDETTE Restaurant &#183; Frame Girona","description":"La Vedette Restaurant han tornat a confiar en Frame Girona per a la renovaci\u00f3 de web corporativa, nou disseny seguint l'estil de la marca.","robots":{"index":"index","follow":"follow","max-snippet":"max-snippet:-1","max-image-preview":"max-image-preview:large","max-video-preview":"max-video-preview:-1"},"canonical":"https:\/\/framegirona.com\/en\/projectes\/la-vedette-\u00b7-renovacio-de-web-corporativa\/","og_locale":"en_GB","og_type":"article","og_title":"LA VEDETTE \u00b7 Renovaci\u00f3 de web corporativa","og_description":"La Vedette Restaurant han tornat a confiar en Frame Girona per a la renovaci\u00f3 de web corporativa, nou disseny seguint l'estil de la marca.","og_url":"https:\/\/framegirona.com\/en\/projectes\/la-vedette-\u00b7-renovacio-de-web-corporativa\/","og_site_name":"Frame Girona","article_publisher":"https:\/\/www.facebook.com\/framegirona\/","article_modified_time":"2022-04-14T11:28:47+00:00","og_image":[{"width":2200,"height":1560,"url":"https:\/\/framegirona.com\/wp-content\/uploads\/2022\/04\/lavedette-mockup.jpg","type":"image\/jpeg"}],"twitter_card":"summary_large_image","twitter_misc":{"Estimated reading time":"1 minute"},"schema":{"@context":"https:\/\/schema.org","@graph":[{"@type":"WebPage","@id":"https:\/\/framegirona.com\/projectes\/la-vedette-%c2%b7-renovacio-de-web-corporativa\/","url":"https:\/\/framegirona.com\/projectes\/la-vedette-%c2%b7-renovacio-de-web-corporativa\/","name":"Renovaci\u00f3 de Web corporativa LA VEDETTE Restaurant &#183; Frame Girona","isPartOf":{"@id":"https:\/\/framegirona.com\/#website"},"primaryImageOfPage":{"@id":"https:\/\/framegirona.com\/projectes\/la-vedette-%c2%b7-renovacio-de-web-corporativa\/#primaryimage"},"image":{"@id":"https:\/\/framegirona.com\/projectes\/la-vedette-%c2%b7-renovacio-de-web-corporativa\/#primaryimage"},"thumbnailUrl":"https:\/\/framegirona.com\/wp-content\/uploads\/2022\/04\/lavedette-mockup.jpg","datePublished":"2022-03-13T09:50:03+00:00","dateModified":"2022-04-14T11:28:47+00:00","description":"La Vedette Restaurant han tornat a confiar en Frame Girona per a la renovaci\u00f3 de web corporativa, nou disseny seguint l'estil de la marca.","breadcrumb":{"@id":"https:\/\/framegirona.com\/projectes\/la-vedette-%c2%b7-renovacio-de-web-corporativa\/#breadcrumb"},"inLanguage":"en-GB","potentialAction":[{"@type":"ReadAction","target":["https:\/\/framegirona.com\/projectes\/la-vedette-%c2%b7-renovacio-de-web-corporativa\/"]}]},{"@type":"ImageObject","inLanguage":"en-GB","@id":"https:\/\/framegirona.com\/projectes\/la-vedette-%c2%b7-renovacio-de-web-corporativa\/#primaryimage","url":"https:\/\/framegirona.com\/wp-content\/uploads\/2022\/04\/lavedette-mockup.jpg","contentUrl":"https:\/\/framegirona.com\/wp-content\/uploads\/2022\/04\/lavedette-mockup.jpg","width":2200,"height":1560,"caption":"renovaci\u00f3 de web corporativa"},{"@type":"BreadcrumbList","@id":"https:\/\/framegirona.com\/projectes\/la-vedette-%c2%b7-renovacio-de-web-corporativa\/#breadcrumb","itemListElement":[{"@type":"ListItem","position":1,"name":"Home","item":"https:\/\/framegirona.com\/"},{"@type":"ListItem","position":2,"name":"Projectes","item":"https:\/\/framegirona.com\/projectes\/"},{"@type":"ListItem","position":3,"name":"LA VEDETTE \u00b7 Renovaci\u00f3 de web corporativa"}]},{"@type":"WebSite","@id":"https:\/\/framegirona.com\/#website","url":"https:\/\/framegirona.com\/","name":"Frame Girona Advertising agency","description":"Communication and advertising agency","publisher":{"@id":"https:\/\/framegirona.com\/#organization"},"alternateName":"Agencia de publicidad y dise\u00f1o en Girona y Barcelona","potentialAction":[{"@type":"SearchAction","target":{"@type":"EntryPoint","urlTemplate":"https:\/\/framegirona.com\/?s={search_term_string}"},"query-input":{"@type":"PropertyValueSpecification","valueRequired":true,"valueName":"search_term_string"}}],"inLanguage":"en-GB"},{"@type":"Organization","@id":"https:\/\/framegirona.com\/#organization","name":"Frame Girona SL Advertising agency","alternateName":"Frame Girona Comunicaci\u00f3, publicitat i disseny","url":"https:\/\/framegirona.com\/","logo":{"@type":"ImageObject","inLanguage":"en-GB","@id":"https:\/\/framegirona.com\/#\/schema\/logo\/image\/","url":"https:\/\/framegirona.com\/wp-content\/uploads\/2022\/09\/Logo-Frame.png","contentUrl":"https:\/\/framegirona.com\/wp-content\/uploads\/2022\/09\/Logo-Frame.png","width":1748,"height":1334,"caption":"Frame Girona SL Ag\u00e8ncia de publicitat"},"image":{"@id":"https:\/\/framegirona.com\/#\/schema\/logo\/image\/"},"sameAs":["https:\/\/www.facebook.com\/framegirona\/","https:\/\/www.linkedin.com\/company\/frame-girona","https:\/\/www.instagram.com\/framegirona\/"],"description":"Advertising agency in Girona and the Costa Brava, specializing in graphic design, web design and programming, website positioning and advertising and communication for companies.","email":"frame@framegirona.com","telephone":"972 20 58 65","legalName":"Frame Girona SL","foundingDate":"1998-05-23","numberOfEmployees":{"@type":"QuantitativeValue","minValue":"1","maxValue":"10"},"publishingPrinciples":"https:\/\/framegirona.com\/","ownershipFundingInfo":"https:\/\/framegirona.com\/avis-legal\/"}]}},"_links":{"self":[{"href":"https:\/\/framegirona.com\/en\/wp-json\/wp\/v2\/projectes\/11236","targetHints":{"allow":["GET"]}}],"collection":[{"href":"https:\/\/framegirona.com\/en\/wp-json\/wp\/v2\/projectes"}],"about":[{"href":"https:\/\/framegirona.com\/en\/wp-json\/wp\/v2\/types\/projectes"}],"version-history":[{"count":0,"href":"https:\/\/framegirona.com\/en\/wp-json\/wp\/v2\/projectes\/11236\/revisions"}],"wp:featuredmedia":[{"embeddable":true,"href":"https:\/\/framegirona.com\/en\/wp-json\/wp\/v2\/media\/11385"}],"wp:attachment":[{"href":"https:\/\/framegirona.com\/en\/wp-json\/wp\/v2\/media?parent=11236"}],"wp:term":[{"taxonomy":"category","embeddable":true,"href":"https:\/\/framegirona.com\/en\/wp-json\/wp\/v2\/categories?post=11236"},{"taxonomy":"post_tag","embeddable":true,"href":"https:\/\/framegirona.com\/en\/wp-json\/wp\/v2\/tags?post=11236"}],"curies":[{"name":"wp","href":"https:\/\/api.w.org\/{rel}","templated":true}]}}