{"id":11117,"date":"2022-02-23T11:56:45","date_gmt":"2022-02-23T10:56:45","guid":{"rendered":"https:\/\/www.framegirona.com\/?post_type=projectes&#038;p=11117"},"modified":"2022-04-21T17:29:09","modified_gmt":"2022-04-21T15:29:09","slug":"celler-del-tast-%c2%b7-marca-grafica-corporativa","status":"publish","type":"projectes","link":"https:\/\/framegirona.com\/en\/projectes\/celler-del-tast-%c2%b7-marca-grafica-corporativa\/","title":{"rendered":"CELLER DEL TAST - Corporate Graphic Branding"},"content":{"rendered":"<h2>Graphic Branding<\/h2>\n<p style=\"text-align: justify;\">Today we present the <span style=\"color: #000000;\"><a style=\"color: #000000;\" href=\"https:\/\/www.instagram.com\/p\/CaUNfwKMIWP\/\" target=\"_blank\" rel=\"noopener\">new graphic brand<\/a><\/span> of Celler del Tast! A <em>logo<\/em> made up of an<strong> isotype<\/strong> (graphic form) drawn freehand, which evokes the fluidity of the wine in the glass, with elegant and dynamic lines; we have created a personalised illustration for a company that offers a completely personalised service to its customers. The graphic part of the brand visually represents its values and helps to give it properties, attributes and optical recognition to the whole. It can be used separately, as a singular element, and is a very useful resource for graphic compositions.<\/p>\n<p style=\"text-align: justify;\" class=\"translation-block\">The typographic part of the logo is a combination of two thicknesses of the Jost <strong>tipografia<\/strong>. This is a sans serif, rounded, with pronounced vertices. Jost is a typeface developed by Indestructible type, who were inspired by German typefaces of the 1920s to make a <strong>high-quality, versatile, and modern<\/strong> historical recreation. They managed to combine the precise German geometry with the cleanliness and clear legibility of the humanist typefaces from England, obtaining as a result an iconic typeface that continues to be constantly updated.<\/p>\n<p>&nbsp;<\/p>\n<p><img fetchpriority=\"high\" decoding=\"async\" class=\"size-full wp-image-11119 aligncenter\" src=\"https:\/\/framegirona.com\/wp-content\/uploads\/2022\/02\/logo.jpg\" alt=\"logotip marca \" width=\"1160\" height=\"634\" srcset=\"https:\/\/framegirona.com\/wp-content\/uploads\/2022\/02\/logo.jpg 1160w, https:\/\/framegirona.com\/wp-content\/uploads\/2022\/02\/logo-300x164.jpg 300w, https:\/\/framegirona.com\/wp-content\/uploads\/2022\/02\/logo-1024x560.jpg 1024w, https:\/\/framegirona.com\/wp-content\/uploads\/2022\/02\/logo-768x420.jpg 768w\" sizes=\"(max-width: 1160px) 100vw, 1160px\" \/><\/p>\n<p>&nbsp;<\/p>\n<div class=\"\"><span class=\"\">Together with the brand we deliver a <em>Brand Guidelines<\/em> or style book, with all the applications, colours, sizes and information about the graphic brand, so that wherever the logo is applied, its personality remains <strong>unique, legible and easily recognisable<\/strong>.\u00a0<\/span><\/div>\n<div><\/div>\n<div><img decoding=\"async\" class=\"size-full wp-image-11121 aligncenter\" src=\"https:\/\/framegirona.com\/wp-content\/uploads\/2022\/02\/CELLER-DEL-TAST-BrandGuidelines-t.jpg\" alt=\"\" width=\"1323\" height=\"551\" srcset=\"https:\/\/framegirona.com\/wp-content\/uploads\/2022\/02\/CELLER-DEL-TAST-BrandGuidelines-t.jpg 1323w, https:\/\/framegirona.com\/wp-content\/uploads\/2022\/02\/CELLER-DEL-TAST-BrandGuidelines-t-300x125.jpg 300w, https:\/\/framegirona.com\/wp-content\/uploads\/2022\/02\/CELLER-DEL-TAST-BrandGuidelines-t-1024x426.jpg 1024w, https:\/\/framegirona.com\/wp-content\/uploads\/2022\/02\/CELLER-DEL-TAST-BrandGuidelines-t-768x320.jpg 768w\" sizes=\"(max-width: 1323px) 100vw, 1323px\" \/><\/div>\n<div class=\"\"><span class=\"\">\u00a0<\/span><\/div>\n<div class=\"\"><span class=\"\">Many other projects like this one in the branding section! <a class=\"\" href=\"https:\/\/framegirona.com\/en\/marca\/\">www.framegirona.com\/marca\/<\/a><\/span><\/div>","protected":false},"excerpt":{"rendered":"<p>Marca gr\u00e0fica Avui us presentem la nova marca gr\u00e0fica de Celler del Tast! Un logo format per un isotip (forma gr\u00e0fica) dibuixat a m\u00e0 al\u00e7ada, que evoca la fluidesa del vi dins la copa, amb l\u00ednies elegants i din\u00e0miques; hem creat una il\u00b7lustraci\u00f3 personalitzada per una empresa que ofereix un servei completament personalitzat als seus [&hellip;]<\/p>\n","protected":false},"featured_media":11118,"template":"","categories":[7,5,33],"tags":[],"class_list":["post-11117","projectes","type-projectes","status-publish","has-post-thumbnail","hentry","category-branding","category-offline","category-destacat"],"yoast_head":"<!-- This site is optimized with the Yoast SEO Premium plugin v24.2 (Yoast SEO v27.5) - https:\/\/yoast.com\/product\/yoast-seo-premium-wordpress\/ -->\n<title>Marca gr\u00e0fica corporativa per CELLER DEL TAST \u00b7 Frame Girona<\/title>\n<meta name=\"description\" content=\"Presentem una marca gr\u00e0fica que evoca la fluidesa del vi dins la copa, amb l\u00ednies elegants i din\u00e0miques, no et perdis els detalls!\" \/>\n<meta name=\"robots\" content=\"index, follow, max-snippet:-1, max-image-preview:large, max-video-preview:-1\" \/>\n<link rel=\"canonical\" href=\"https:\/\/framegirona.com\/en\/projectes\/celler-del-tast-\u00b7-marca-grafica-corporativa\/\" \/>\n<meta property=\"og:locale\" content=\"en_GB\" \/>\n<meta property=\"og:type\" content=\"article\" \/>\n<meta property=\"og:title\" content=\"CELLER DEL TAST \u00b7 Marca gr\u00e0fica corporativa\" \/>\n<meta property=\"og:description\" content=\"Presentem una marca gr\u00e0fica que evoca la fluidesa del vi dins la copa, amb l\u00ednies elegants i din\u00e0miques, no et perdis els detalls!\" \/>\n<meta property=\"og:url\" content=\"https:\/\/framegirona.com\/en\/projectes\/celler-del-tast-\u00b7-marca-grafica-corporativa\/\" \/>\n<meta property=\"og:site_name\" content=\"Frame Girona\" \/>\n<meta property=\"article:publisher\" content=\"https:\/\/www.facebook.com\/framegirona\/\" \/>\n<meta property=\"article:modified_time\" content=\"2022-04-21T15:29:09+00:00\" \/>\n<meta property=\"og:image\" content=\"https:\/\/framegirona.com\/wp-content\/uploads\/2022\/02\/marca-grafica-celler.jpg\" \/>\n\t<meta property=\"og:image:width\" content=\"1500\" \/>\n\t<meta property=\"og:image:height\" content=\"960\" \/>\n\t<meta property=\"og:image:type\" content=\"image\/jpeg\" \/>\n<meta name=\"twitter:card\" content=\"summary_large_image\" \/>\n<meta name=\"twitter:label1\" content=\"Estimated reading time\" \/>\n\t<meta name=\"twitter:data1\" content=\"2 minutes\" \/>\n<script type=\"application\/ld+json\" class=\"yoast-schema-graph\">{\"@context\":\"https:\\\/\\\/schema.org\",\"@graph\":[{\"@type\":\"WebPage\",\"@id\":\"https:\\\/\\\/framegirona.com\\\/projectes\\\/celler-del-tast-%c2%b7-marca-grafica-corporativa\\\/\",\"url\":\"https:\\\/\\\/framegirona.com\\\/projectes\\\/celler-del-tast-%c2%b7-marca-grafica-corporativa\\\/\",\"name\":\"Marca gr\u00e0fica corporativa per CELLER DEL TAST \u00b7 Frame Girona\",\"isPartOf\":{\"@id\":\"https:\\\/\\\/framegirona.com\\\/#website\"},\"primaryImageOfPage\":{\"@id\":\"https:\\\/\\\/framegirona.com\\\/projectes\\\/celler-del-tast-%c2%b7-marca-grafica-corporativa\\\/#primaryimage\"},\"image\":{\"@id\":\"https:\\\/\\\/framegirona.com\\\/projectes\\\/celler-del-tast-%c2%b7-marca-grafica-corporativa\\\/#primaryimage\"},\"thumbnailUrl\":\"https:\\\/\\\/framegirona.com\\\/wp-content\\\/uploads\\\/2022\\\/02\\\/marca-grafica-celler.jpg\",\"datePublished\":\"2022-02-23T10:56:45+00:00\",\"dateModified\":\"2022-04-21T15:29:09+00:00\",\"description\":\"Presentem una marca gr\u00e0fica que evoca la fluidesa del vi dins la copa, amb l\u00ednies elegants i din\u00e0miques, no et perdis els detalls!\",\"breadcrumb\":{\"@id\":\"https:\\\/\\\/framegirona.com\\\/projectes\\\/celler-del-tast-%c2%b7-marca-grafica-corporativa\\\/#breadcrumb\"},\"inLanguage\":\"en-GB\",\"potentialAction\":[{\"@type\":\"ReadAction\",\"target\":[\"https:\\\/\\\/framegirona.com\\\/projectes\\\/celler-del-tast-%c2%b7-marca-grafica-corporativa\\\/\"]}]},{\"@type\":\"ImageObject\",\"inLanguage\":\"en-GB\",\"@id\":\"https:\\\/\\\/framegirona.com\\\/projectes\\\/celler-del-tast-%c2%b7-marca-grafica-corporativa\\\/#primaryimage\",\"url\":\"https:\\\/\\\/framegirona.com\\\/wp-content\\\/uploads\\\/2022\\\/02\\\/marca-grafica-celler.jpg\",\"contentUrl\":\"https:\\\/\\\/framegirona.com\\\/wp-content\\\/uploads\\\/2022\\\/02\\\/marca-grafica-celler.jpg\",\"width\":1500,\"height\":960,\"caption\":\"marca gr\u00e0fica logo\"},{\"@type\":\"BreadcrumbList\",\"@id\":\"https:\\\/\\\/framegirona.com\\\/projectes\\\/celler-del-tast-%c2%b7-marca-grafica-corporativa\\\/#breadcrumb\",\"itemListElement\":[{\"@type\":\"ListItem\",\"position\":1,\"name\":\"Home\",\"item\":\"https:\\\/\\\/framegirona.com\\\/\"},{\"@type\":\"ListItem\",\"position\":2,\"name\":\"Projectes\",\"item\":\"https:\\\/\\\/framegirona.com\\\/projectes\\\/\"},{\"@type\":\"ListItem\",\"position\":3,\"name\":\"CELLER DEL TAST \u00b7 Marca gr\u00e0fica corporativa\"}]},{\"@type\":\"WebSite\",\"@id\":\"https:\\\/\\\/framegirona.com\\\/#website\",\"url\":\"https:\\\/\\\/framegirona.com\\\/\",\"name\":\"Frame Girona Ag\u00e8ncia de publicitat\",\"description\":\"Agencia de comunicaci\u00f3n y publicidad\",\"publisher\":{\"@id\":\"https:\\\/\\\/framegirona.com\\\/#organization\"},\"alternateName\":\"Agencia de publicidad y dise\u00f1o en Girona y Barcelona\",\"potentialAction\":[{\"@type\":\"SearchAction\",\"target\":{\"@type\":\"EntryPoint\",\"urlTemplate\":\"https:\\\/\\\/framegirona.com\\\/?s={search_term_string}\"},\"query-input\":{\"@type\":\"PropertyValueSpecification\",\"valueRequired\":true,\"valueName\":\"search_term_string\"}}],\"inLanguage\":\"en-GB\"},{\"@type\":\"Organization\",\"@id\":\"https:\\\/\\\/framegirona.com\\\/#organization\",\"name\":\"Frame Girona SL Ag\u00e8ncia de publicitat\",\"alternateName\":\"Frame Girona Comunicaci\u00f3, publicitat i disseny\",\"url\":\"https:\\\/\\\/framegirona.com\\\/\",\"logo\":{\"@type\":\"ImageObject\",\"inLanguage\":\"en-GB\",\"@id\":\"https:\\\/\\\/framegirona.com\\\/#\\\/schema\\\/logo\\\/image\\\/\",\"url\":\"https:\\\/\\\/framegirona.com\\\/wp-content\\\/uploads\\\/2022\\\/09\\\/Logo-Frame.png\",\"contentUrl\":\"https:\\\/\\\/framegirona.com\\\/wp-content\\\/uploads\\\/2022\\\/09\\\/Logo-Frame.png\",\"width\":1748,\"height\":1334,\"caption\":\"Frame Girona SL Ag\u00e8ncia de publicitat\"},\"image\":{\"@id\":\"https:\\\/\\\/framegirona.com\\\/#\\\/schema\\\/logo\\\/image\\\/\"},\"sameAs\":[\"https:\\\/\\\/www.facebook.com\\\/framegirona\\\/\",\"https:\\\/\\\/www.linkedin.com\\\/company\\\/frame-girona\",\"https:\\\/\\\/www.instagram.com\\\/framegirona\\\/\"],\"description\":\"Ag\u00e8ncia de publicitat a Girona i la Costa Brava, especialitzats en disseny gr\u00e0fic, disseny i programaci\u00f3 web, posicionament de p\u00e0gines web i publicitat i comunicaci\u00f3 per empreses.\",\"email\":\"frame@framegirona.com\",\"telephone\":\"972 20 58 65\",\"legalName\":\"Frame Girona SL\",\"foundingDate\":\"1998-05-23\",\"numberOfEmployees\":{\"@type\":\"QuantitativeValue\",\"minValue\":\"1\",\"maxValue\":\"10\"},\"publishingPrinciples\":\"https:\\\/\\\/framegirona.com\\\/\",\"ownershipFundingInfo\":\"https:\\\/\\\/framegirona.com\\\/avis-legal\\\/\"}]}<\/script>\n<!-- \/ Yoast SEO Premium plugin. -->","yoast_head_json":{"title":"Marca gr\u00e0fica corporativa per CELLER DEL TAST \u00b7 Frame Girona","description":"Presentem una marca gr\u00e0fica que evoca la fluidesa del vi dins la copa, amb l\u00ednies elegants i din\u00e0miques, no et perdis els detalls!","robots":{"index":"index","follow":"follow","max-snippet":"max-snippet:-1","max-image-preview":"max-image-preview:large","max-video-preview":"max-video-preview:-1"},"canonical":"https:\/\/framegirona.com\/en\/projectes\/celler-del-tast-\u00b7-marca-grafica-corporativa\/","og_locale":"en_GB","og_type":"article","og_title":"CELLER DEL TAST \u00b7 Marca gr\u00e0fica corporativa","og_description":"Presentem una marca gr\u00e0fica que evoca la fluidesa del vi dins la copa, amb l\u00ednies elegants i din\u00e0miques, no et perdis els detalls!","og_url":"https:\/\/framegirona.com\/en\/projectes\/celler-del-tast-\u00b7-marca-grafica-corporativa\/","og_site_name":"Frame Girona","article_publisher":"https:\/\/www.facebook.com\/framegirona\/","article_modified_time":"2022-04-21T15:29:09+00:00","og_image":[{"width":1500,"height":960,"url":"https:\/\/framegirona.com\/wp-content\/uploads\/2022\/02\/marca-grafica-celler.jpg","type":"image\/jpeg"}],"twitter_card":"summary_large_image","twitter_misc":{"Estimated reading time":"2 minutes"},"schema":{"@context":"https:\/\/schema.org","@graph":[{"@type":"WebPage","@id":"https:\/\/framegirona.com\/projectes\/celler-del-tast-%c2%b7-marca-grafica-corporativa\/","url":"https:\/\/framegirona.com\/projectes\/celler-del-tast-%c2%b7-marca-grafica-corporativa\/","name":"Marca gr\u00e0fica corporativa per CELLER DEL TAST \u00b7 Frame Girona","isPartOf":{"@id":"https:\/\/framegirona.com\/#website"},"primaryImageOfPage":{"@id":"https:\/\/framegirona.com\/projectes\/celler-del-tast-%c2%b7-marca-grafica-corporativa\/#primaryimage"},"image":{"@id":"https:\/\/framegirona.com\/projectes\/celler-del-tast-%c2%b7-marca-grafica-corporativa\/#primaryimage"},"thumbnailUrl":"https:\/\/framegirona.com\/wp-content\/uploads\/2022\/02\/marca-grafica-celler.jpg","datePublished":"2022-02-23T10:56:45+00:00","dateModified":"2022-04-21T15:29:09+00:00","description":"Presentem una marca gr\u00e0fica que evoca la fluidesa del vi dins la copa, amb l\u00ednies elegants i din\u00e0miques, no et perdis els detalls!","breadcrumb":{"@id":"https:\/\/framegirona.com\/projectes\/celler-del-tast-%c2%b7-marca-grafica-corporativa\/#breadcrumb"},"inLanguage":"en-GB","potentialAction":[{"@type":"ReadAction","target":["https:\/\/framegirona.com\/projectes\/celler-del-tast-%c2%b7-marca-grafica-corporativa\/"]}]},{"@type":"ImageObject","inLanguage":"en-GB","@id":"https:\/\/framegirona.com\/projectes\/celler-del-tast-%c2%b7-marca-grafica-corporativa\/#primaryimage","url":"https:\/\/framegirona.com\/wp-content\/uploads\/2022\/02\/marca-grafica-celler.jpg","contentUrl":"https:\/\/framegirona.com\/wp-content\/uploads\/2022\/02\/marca-grafica-celler.jpg","width":1500,"height":960,"caption":"marca gr\u00e0fica logo"},{"@type":"BreadcrumbList","@id":"https:\/\/framegirona.com\/projectes\/celler-del-tast-%c2%b7-marca-grafica-corporativa\/#breadcrumb","itemListElement":[{"@type":"ListItem","position":1,"name":"Home","item":"https:\/\/framegirona.com\/"},{"@type":"ListItem","position":2,"name":"Projectes","item":"https:\/\/framegirona.com\/projectes\/"},{"@type":"ListItem","position":3,"name":"CELLER DEL TAST \u00b7 Marca gr\u00e0fica corporativa"}]},{"@type":"WebSite","@id":"https:\/\/framegirona.com\/#website","url":"https:\/\/framegirona.com\/","name":"Frame Girona Advertising agency","description":"Communication and advertising agency","publisher":{"@id":"https:\/\/framegirona.com\/#organization"},"alternateName":"Agencia de publicidad y dise\u00f1o en Girona y Barcelona","potentialAction":[{"@type":"SearchAction","target":{"@type":"EntryPoint","urlTemplate":"https:\/\/framegirona.com\/?s={search_term_string}"},"query-input":{"@type":"PropertyValueSpecification","valueRequired":true,"valueName":"search_term_string"}}],"inLanguage":"en-GB"},{"@type":"Organization","@id":"https:\/\/framegirona.com\/#organization","name":"Frame Girona SL Advertising agency","alternateName":"Frame Girona Comunicaci\u00f3, publicitat i disseny","url":"https:\/\/framegirona.com\/","logo":{"@type":"ImageObject","inLanguage":"en-GB","@id":"https:\/\/framegirona.com\/#\/schema\/logo\/image\/","url":"https:\/\/framegirona.com\/wp-content\/uploads\/2022\/09\/Logo-Frame.png","contentUrl":"https:\/\/framegirona.com\/wp-content\/uploads\/2022\/09\/Logo-Frame.png","width":1748,"height":1334,"caption":"Frame Girona SL Ag\u00e8ncia de publicitat"},"image":{"@id":"https:\/\/framegirona.com\/#\/schema\/logo\/image\/"},"sameAs":["https:\/\/www.facebook.com\/framegirona\/","https:\/\/www.linkedin.com\/company\/frame-girona","https:\/\/www.instagram.com\/framegirona\/"],"description":"Advertising agency in Girona and the Costa Brava, specializing in graphic design, web design and programming, website positioning and advertising and communication for companies.","email":"frame@framegirona.com","telephone":"972 20 58 65","legalName":"Frame Girona SL","foundingDate":"1998-05-23","numberOfEmployees":{"@type":"QuantitativeValue","minValue":"1","maxValue":"10"},"publishingPrinciples":"https:\/\/framegirona.com\/","ownershipFundingInfo":"https:\/\/framegirona.com\/avis-legal\/"}]}},"_links":{"self":[{"href":"https:\/\/framegirona.com\/en\/wp-json\/wp\/v2\/projectes\/11117","targetHints":{"allow":["GET"]}}],"collection":[{"href":"https:\/\/framegirona.com\/en\/wp-json\/wp\/v2\/projectes"}],"about":[{"href":"https:\/\/framegirona.com\/en\/wp-json\/wp\/v2\/types\/projectes"}],"version-history":[{"count":0,"href":"https:\/\/framegirona.com\/en\/wp-json\/wp\/v2\/projectes\/11117\/revisions"}],"wp:featuredmedia":[{"embeddable":true,"href":"https:\/\/framegirona.com\/en\/wp-json\/wp\/v2\/media\/11118"}],"wp:attachment":[{"href":"https:\/\/framegirona.com\/en\/wp-json\/wp\/v2\/media?parent=11117"}],"wp:term":[{"taxonomy":"category","embeddable":true,"href":"https:\/\/framegirona.com\/en\/wp-json\/wp\/v2\/categories?post=11117"},{"taxonomy":"post_tag","embeddable":true,"href":"https:\/\/framegirona.com\/en\/wp-json\/wp\/v2\/tags?post=11117"}],"curies":[{"name":"wp","href":"https:\/\/api.w.org\/{rel}","templated":true}]}}