{"id":10617,"date":"2022-01-24T10:41:35","date_gmt":"2022-01-24T09:41:35","guid":{"rendered":"https:\/\/www.framegirona.com\/?post_type=projectes&#038;p=10617"},"modified":"2022-01-24T10:41:35","modified_gmt":"2022-01-24T09:41:35","slug":"inteplast-logo-50-anys","status":"publish","type":"projectes","link":"https:\/\/framegirona.com\/en\/projectes\/inteplast-logo-50-anys\/","title":{"rendered":"INTEPLAST \u00b7 Logo 50 years"},"content":{"rendered":"<p>On the occasion of its fiftieth anniversary, <a href=\"https:\/\/www.inteplast.es\" target=\"_blank\" rel=\"noopener\">Inteplast<\/a> asked us to design a special logo to commemorate this date. Here we show you the different versions and application options depending on the support:<\/p>\n<p>&nbsp;<\/p>\n<h3>GRAPHIC MARK AND PICTOGRAM<\/h3>\n<h4>POSITIVE<\/h4>\n<p>&nbsp;<\/p>\n<p><img fetchpriority=\"high\" decoding=\"async\" class=\"alignnone wp-image-10619\" src=\"https:\/\/framegirona.com\/wp-content\/uploads\/2022\/01\/MARCA-GRAFICA-Principal_Positiu.png\" alt=\"\" width=\"450\" height=\"450\" srcset=\"https:\/\/framegirona.com\/wp-content\/uploads\/2022\/01\/MARCA-GRAFICA-Principal_Positiu.png 1446w, https:\/\/framegirona.com\/wp-content\/uploads\/2022\/01\/MARCA-GRAFICA-Principal_Positiu-300x300.png 300w, https:\/\/framegirona.com\/wp-content\/uploads\/2022\/01\/MARCA-GRAFICA-Principal_Positiu-1024x1024.png 1024w, https:\/\/framegirona.com\/wp-content\/uploads\/2022\/01\/MARCA-GRAFICA-Principal_Positiu-150x150.png 150w, https:\/\/framegirona.com\/wp-content\/uploads\/2022\/01\/MARCA-GRAFICA-Principal_Positiu-768x768.png 768w, https:\/\/framegirona.com\/wp-content\/uploads\/2022\/01\/MARCA-GRAFICA-Principal_Positiu-700x700.png 700w\" sizes=\"(max-width: 450px) 100vw, 450px\" \/> <img decoding=\"async\" class=\"alignright wp-image-10622\" src=\"https:\/\/framegirona.com\/wp-content\/uploads\/2022\/01\/PICTOGRAMA-Principal_Positiu.png\" alt=\"\" width=\"450\" height=\"450\" srcset=\"https:\/\/framegirona.com\/wp-content\/uploads\/2022\/01\/PICTOGRAMA-Principal_Positiu.png 1446w, https:\/\/framegirona.com\/wp-content\/uploads\/2022\/01\/PICTOGRAMA-Principal_Positiu-300x300.png 300w, https:\/\/framegirona.com\/wp-content\/uploads\/2022\/01\/PICTOGRAMA-Principal_Positiu-1024x1024.png 1024w, https:\/\/framegirona.com\/wp-content\/uploads\/2022\/01\/PICTOGRAMA-Principal_Positiu-150x150.png 150w, https:\/\/framegirona.com\/wp-content\/uploads\/2022\/01\/PICTOGRAMA-Principal_Positiu-768x768.png 768w, https:\/\/framegirona.com\/wp-content\/uploads\/2022\/01\/PICTOGRAMA-Principal_Positiu-700x700.png 700w\" sizes=\"(max-width: 450px) 100vw, 450px\" \/><\/p>\n<p>\u2014<\/p>\n<h4>NEGATIVE IN GREEN BACKGROUND<\/h4>\n<p><img decoding=\"async\" class=\"alignleft wp-image-10621\" src=\"https:\/\/framegirona.com\/wp-content\/uploads\/2022\/01\/MARCA-GRAFICA-Terciari_Negatiu.png\" alt=\"\" width=\"450\" height=\"450\" srcset=\"https:\/\/framegirona.com\/wp-content\/uploads\/2022\/01\/MARCA-GRAFICA-Terciari_Negatiu.png 1446w, https:\/\/framegirona.com\/wp-content\/uploads\/2022\/01\/MARCA-GRAFICA-Terciari_Negatiu-300x300.png 300w, https:\/\/framegirona.com\/wp-content\/uploads\/2022\/01\/MARCA-GRAFICA-Terciari_Negatiu-1024x1024.png 1024w, https:\/\/framegirona.com\/wp-content\/uploads\/2022\/01\/MARCA-GRAFICA-Terciari_Negatiu-150x150.png 150w, https:\/\/framegirona.com\/wp-content\/uploads\/2022\/01\/MARCA-GRAFICA-Terciari_Negatiu-768x768.png 768w, https:\/\/framegirona.com\/wp-content\/uploads\/2022\/01\/MARCA-GRAFICA-Terciari_Negatiu-700x700.png 700w\" sizes=\"(max-width: 450px) 100vw, 450px\" \/> <img loading=\"lazy\" decoding=\"async\" class=\"alignright wp-image-10623\" src=\"https:\/\/framegirona.com\/wp-content\/uploads\/2022\/01\/PICTOGRAMA-Terciari_Negatiu.png\" alt=\"\" width=\"450\" height=\"450\" srcset=\"https:\/\/framegirona.com\/wp-content\/uploads\/2022\/01\/PICTOGRAMA-Terciari_Negatiu.png 1446w, https:\/\/framegirona.com\/wp-content\/uploads\/2022\/01\/PICTOGRAMA-Terciari_Negatiu-300x300.png 300w, https:\/\/framegirona.com\/wp-content\/uploads\/2022\/01\/PICTOGRAMA-Terciari_Negatiu-1024x1024.png 1024w, https:\/\/framegirona.com\/wp-content\/uploads\/2022\/01\/PICTOGRAMA-Terciari_Negatiu-150x150.png 150w, https:\/\/framegirona.com\/wp-content\/uploads\/2022\/01\/PICTOGRAMA-Terciari_Negatiu-768x768.png 768w, https:\/\/framegirona.com\/wp-content\/uploads\/2022\/01\/PICTOGRAMA-Terciari_Negatiu-700x700.png 700w\" sizes=\"(max-width: 450px) 100vw, 450px\" \/><\/p>\n<p>&nbsp;<\/p>\n<p>&nbsp;<\/p>\n<p>&nbsp;<\/p>\n<p>&nbsp;<\/p>\n<p>&nbsp;<\/p>\n<p>&nbsp;<\/p>\n<p>&nbsp;<\/p>\n<p>&nbsp;<\/p>\n<p>&nbsp;<\/p>\n<p>&nbsp;<\/p>\n<p>&nbsp;<\/p>\n<p>&nbsp;<\/p>\n<p>\u2014<\/p>\n<h4>SECONDARY IN BLACK BACKGROUND<\/h4>\n<p><img loading=\"lazy\" decoding=\"async\" class=\"alignleft wp-image-10620\" src=\"https:\/\/framegirona.com\/wp-content\/uploads\/2022\/01\/MARCA-GRAFICA-Secundari_SobreFosc.png\" alt=\"\" width=\"450\" height=\"450\" srcset=\"https:\/\/framegirona.com\/wp-content\/uploads\/2022\/01\/MARCA-GRAFICA-Secundari_SobreFosc.png 1446w, https:\/\/framegirona.com\/wp-content\/uploads\/2022\/01\/MARCA-GRAFICA-Secundari_SobreFosc-300x300.png 300w, https:\/\/framegirona.com\/wp-content\/uploads\/2022\/01\/MARCA-GRAFICA-Secundari_SobreFosc-1024x1024.png 1024w, https:\/\/framegirona.com\/wp-content\/uploads\/2022\/01\/MARCA-GRAFICA-Secundari_SobreFosc-150x150.png 150w, https:\/\/framegirona.com\/wp-content\/uploads\/2022\/01\/MARCA-GRAFICA-Secundari_SobreFosc-768x768.png 768w, https:\/\/framegirona.com\/wp-content\/uploads\/2022\/01\/MARCA-GRAFICA-Secundari_SobreFosc-700x700.png 700w\" sizes=\"(max-width: 450px) 100vw, 450px\" \/> <img loading=\"lazy\" decoding=\"async\" class=\"alignright wp-image-10624\" src=\"https:\/\/framegirona.com\/wp-content\/uploads\/2022\/01\/PICTOGRAMA_Secundari_SobreFosc.png\" alt=\"\" width=\"450\" height=\"450\" srcset=\"https:\/\/framegirona.com\/wp-content\/uploads\/2022\/01\/PICTOGRAMA_Secundari_SobreFosc.png 1446w, https:\/\/framegirona.com\/wp-content\/uploads\/2022\/01\/PICTOGRAMA_Secundari_SobreFosc-300x300.png 300w, https:\/\/framegirona.com\/wp-content\/uploads\/2022\/01\/PICTOGRAMA_Secundari_SobreFosc-1024x1024.png 1024w, https:\/\/framegirona.com\/wp-content\/uploads\/2022\/01\/PICTOGRAMA_Secundari_SobreFosc-150x150.png 150w, https:\/\/framegirona.com\/wp-content\/uploads\/2022\/01\/PICTOGRAMA_Secundari_SobreFosc-768x768.png 768w, https:\/\/framegirona.com\/wp-content\/uploads\/2022\/01\/PICTOGRAMA_Secundari_SobreFosc-700x700.png 700w\" sizes=\"(max-width: 450px) 100vw, 450px\" \/><\/p>\n<h3><\/h3>\n<p>&nbsp;<\/p>\n<p>&nbsp;<\/p>\n<p>&nbsp;<\/p>\n<p>&nbsp;<\/p>\n<p>&nbsp;<\/p>\n<p>&nbsp;<\/p>\n<p>&nbsp;<\/p>\n<p>&nbsp;<\/p>\n<p>&nbsp;<\/p>\n<p>&nbsp;<\/p>\n<p>&nbsp;<\/p>\n<p>&nbsp;<\/p>","protected":false},"excerpt":{"rendered":"<p>Inteplast \u00e9s una empresa familiar fundada el 1972 tradicionalment focalitzada en els sectors industrial, dom\u00e8stic i de l\u2019automoci\u00f3. Amb 50 anys d&#8217;experi\u00e8ncia en el sector, ofereixen solucions adaptades a les necessitats dels seus clients. Els seus pilars s\u00f3n l\u2019efici\u00e8ncia en els processos, la flexibilitat, la dilig\u00e8ncia i el comprom\u00eds amb la qualitat. <\/p>","protected":false},"featured_media":10629,"template":"","categories":[7],"tags":[],"class_list":["post-10617","projectes","type-projectes","status-publish","has-post-thumbnail","hentry","category-branding"],"yoast_head":"<!-- This site is optimized with the Yoast SEO Premium plugin v24.2 (Yoast SEO v27.5) - https:\/\/yoast.com\/product\/yoast-seo-premium-wordpress\/ -->\n<title>INTEPLAST \u00b7 Logo 50 anys \u00b7 Branding \u00b7 Frame Girona<\/title>\n<meta name=\"description\" content=\"Amb ra\u00f3 del seu 50 aniversari, Inteplast ens va demanar realitzar un logo especial per commemorar aquesta fita. D\u00f3na-li un cop d&#039;ull!\" \/>\n<meta name=\"robots\" content=\"index, follow, max-snippet:-1, max-image-preview:large, max-video-preview:-1\" \/>\n<link rel=\"canonical\" href=\"https:\/\/framegirona.com\/en\/projectes\/inteplast-logo-50-anys\/\" \/>\n<meta property=\"og:locale\" content=\"en_GB\" \/>\n<meta property=\"og:type\" content=\"article\" \/>\n<meta property=\"og:title\" content=\"INTEPLAST \u00b7 Logo 50 anys\" \/>\n<meta property=\"og:description\" content=\"Amb ra\u00f3 del seu 50 aniversari, Inteplast ens va demanar realitzar un logo especial per commemorar aquesta fita. D\u00f3na-li un cop d&#039;ull!\" \/>\n<meta property=\"og:url\" content=\"https:\/\/framegirona.com\/en\/projectes\/inteplast-logo-50-anys\/\" \/>\n<meta property=\"og:site_name\" content=\"Frame Girona\" \/>\n<meta property=\"article:publisher\" content=\"https:\/\/www.facebook.com\/framegirona\/\" \/>\n<meta property=\"og:image\" content=\"https:\/\/framegirona.com\/wp-content\/uploads\/2022\/01\/MockupPORTADA-1.jpg\" \/>\n\t<meta property=\"og:image:width\" content=\"1200\" \/>\n\t<meta property=\"og:image:height\" content=\"788\" \/>\n\t<meta property=\"og:image:type\" content=\"image\/jpeg\" \/>\n<meta name=\"twitter:card\" content=\"summary_large_image\" \/>\n<meta name=\"twitter:label1\" content=\"Estimated reading time\" \/>\n\t<meta name=\"twitter:data1\" content=\"2 minutes\" \/>\n<script type=\"application\/ld+json\" class=\"yoast-schema-graph\">{\"@context\":\"https:\\\/\\\/schema.org\",\"@graph\":[{\"@type\":\"WebPage\",\"@id\":\"https:\\\/\\\/framegirona.com\\\/projectes\\\/inteplast-logo-50-anys\\\/\",\"url\":\"https:\\\/\\\/framegirona.com\\\/projectes\\\/inteplast-logo-50-anys\\\/\",\"name\":\"INTEPLAST \u00b7 Logo 50 anys \u00b7 Branding \u00b7 Frame Girona\",\"isPartOf\":{\"@id\":\"https:\\\/\\\/framegirona.com\\\/#website\"},\"primaryImageOfPage\":{\"@id\":\"https:\\\/\\\/framegirona.com\\\/projectes\\\/inteplast-logo-50-anys\\\/#primaryimage\"},\"image\":{\"@id\":\"https:\\\/\\\/framegirona.com\\\/projectes\\\/inteplast-logo-50-anys\\\/#primaryimage\"},\"thumbnailUrl\":\"https:\\\/\\\/framegirona.com\\\/wp-content\\\/uploads\\\/2022\\\/01\\\/MockupPORTADA-1.jpg\",\"datePublished\":\"2022-01-24T09:41:35+00:00\",\"description\":\"Amb ra\u00f3 del seu 50 aniversari, Inteplast ens va demanar realitzar un logo especial per commemorar aquesta fita. D\u00f3na-li un cop d'ull!\",\"breadcrumb\":{\"@id\":\"https:\\\/\\\/framegirona.com\\\/projectes\\\/inteplast-logo-50-anys\\\/#breadcrumb\"},\"inLanguage\":\"en-GB\",\"potentialAction\":[{\"@type\":\"ReadAction\",\"target\":[\"https:\\\/\\\/framegirona.com\\\/projectes\\\/inteplast-logo-50-anys\\\/\"]}]},{\"@type\":\"ImageObject\",\"inLanguage\":\"en-GB\",\"@id\":\"https:\\\/\\\/framegirona.com\\\/projectes\\\/inteplast-logo-50-anys\\\/#primaryimage\",\"url\":\"https:\\\/\\\/framegirona.com\\\/wp-content\\\/uploads\\\/2022\\\/01\\\/MockupPORTADA-1.jpg\",\"contentUrl\":\"https:\\\/\\\/framegirona.com\\\/wp-content\\\/uploads\\\/2022\\\/01\\\/MockupPORTADA-1.jpg\",\"width\":1200,\"height\":788},{\"@type\":\"BreadcrumbList\",\"@id\":\"https:\\\/\\\/framegirona.com\\\/projectes\\\/inteplast-logo-50-anys\\\/#breadcrumb\",\"itemListElement\":[{\"@type\":\"ListItem\",\"position\":1,\"name\":\"Home\",\"item\":\"https:\\\/\\\/framegirona.com\\\/\"},{\"@type\":\"ListItem\",\"position\":2,\"name\":\"Projectes\",\"item\":\"https:\\\/\\\/framegirona.com\\\/projectes\\\/\"},{\"@type\":\"ListItem\",\"position\":3,\"name\":\"INTEPLAST \u00b7 Logo 50 anys\"}]},{\"@type\":\"WebSite\",\"@id\":\"https:\\\/\\\/framegirona.com\\\/#website\",\"url\":\"https:\\\/\\\/framegirona.com\\\/\",\"name\":\"Frame Girona Ag\u00e8ncia de publicitat\",\"description\":\"Agencia de comunicaci\u00f3n y publicidad\",\"publisher\":{\"@id\":\"https:\\\/\\\/framegirona.com\\\/#organization\"},\"alternateName\":\"Agencia de publicidad y dise\u00f1o en Girona y Barcelona\",\"potentialAction\":[{\"@type\":\"SearchAction\",\"target\":{\"@type\":\"EntryPoint\",\"urlTemplate\":\"https:\\\/\\\/framegirona.com\\\/?s={search_term_string}\"},\"query-input\":{\"@type\":\"PropertyValueSpecification\",\"valueRequired\":true,\"valueName\":\"search_term_string\"}}],\"inLanguage\":\"en-GB\"},{\"@type\":\"Organization\",\"@id\":\"https:\\\/\\\/framegirona.com\\\/#organization\",\"name\":\"Frame Girona SL Ag\u00e8ncia de publicitat\",\"alternateName\":\"Frame Girona Comunicaci\u00f3, publicitat i disseny\",\"url\":\"https:\\\/\\\/framegirona.com\\\/\",\"logo\":{\"@type\":\"ImageObject\",\"inLanguage\":\"en-GB\",\"@id\":\"https:\\\/\\\/framegirona.com\\\/#\\\/schema\\\/logo\\\/image\\\/\",\"url\":\"https:\\\/\\\/framegirona.com\\\/wp-content\\\/uploads\\\/2022\\\/09\\\/Logo-Frame.png\",\"contentUrl\":\"https:\\\/\\\/framegirona.com\\\/wp-content\\\/uploads\\\/2022\\\/09\\\/Logo-Frame.png\",\"width\":1748,\"height\":1334,\"caption\":\"Frame Girona SL Ag\u00e8ncia de publicitat\"},\"image\":{\"@id\":\"https:\\\/\\\/framegirona.com\\\/#\\\/schema\\\/logo\\\/image\\\/\"},\"sameAs\":[\"https:\\\/\\\/www.facebook.com\\\/framegirona\\\/\",\"https:\\\/\\\/www.linkedin.com\\\/company\\\/frame-girona\",\"https:\\\/\\\/www.instagram.com\\\/framegirona\\\/\"],\"description\":\"Ag\u00e8ncia de publicitat a Girona i la Costa Brava, especialitzats en disseny gr\u00e0fic, disseny i programaci\u00f3 web, posicionament de p\u00e0gines web i publicitat i comunicaci\u00f3 per empreses.\",\"email\":\"frame@framegirona.com\",\"telephone\":\"972 20 58 65\",\"legalName\":\"Frame Girona SL\",\"foundingDate\":\"1998-05-23\",\"numberOfEmployees\":{\"@type\":\"QuantitativeValue\",\"minValue\":\"1\",\"maxValue\":\"10\"},\"publishingPrinciples\":\"https:\\\/\\\/framegirona.com\\\/\",\"ownershipFundingInfo\":\"https:\\\/\\\/framegirona.com\\\/avis-legal\\\/\"}]}<\/script>\n<!-- \/ Yoast SEO Premium plugin. -->","yoast_head_json":{"title":"INTEPLAST \u00b7 Logo 50 anys \u00b7 Branding \u00b7 Frame Girona","description":"Amb ra\u00f3 del seu 50 aniversari, Inteplast ens va demanar realitzar un logo especial per commemorar aquesta fita. D\u00f3na-li un cop d'ull!","robots":{"index":"index","follow":"follow","max-snippet":"max-snippet:-1","max-image-preview":"max-image-preview:large","max-video-preview":"max-video-preview:-1"},"canonical":"https:\/\/framegirona.com\/en\/projectes\/inteplast-logo-50-anys\/","og_locale":"en_GB","og_type":"article","og_title":"INTEPLAST \u00b7 Logo 50 anys","og_description":"Amb ra\u00f3 del seu 50 aniversari, Inteplast ens va demanar realitzar un logo especial per commemorar aquesta fita. D\u00f3na-li un cop d'ull!","og_url":"https:\/\/framegirona.com\/en\/projectes\/inteplast-logo-50-anys\/","og_site_name":"Frame Girona","article_publisher":"https:\/\/www.facebook.com\/framegirona\/","og_image":[{"width":1200,"height":788,"url":"https:\/\/framegirona.com\/wp-content\/uploads\/2022\/01\/MockupPORTADA-1.jpg","type":"image\/jpeg"}],"twitter_card":"summary_large_image","twitter_misc":{"Estimated reading time":"2 minutes"},"schema":{"@context":"https:\/\/schema.org","@graph":[{"@type":"WebPage","@id":"https:\/\/framegirona.com\/projectes\/inteplast-logo-50-anys\/","url":"https:\/\/framegirona.com\/projectes\/inteplast-logo-50-anys\/","name":"INTEPLAST \u00b7 Logo 50 anys \u00b7 Branding \u00b7 Frame Girona","isPartOf":{"@id":"https:\/\/framegirona.com\/#website"},"primaryImageOfPage":{"@id":"https:\/\/framegirona.com\/projectes\/inteplast-logo-50-anys\/#primaryimage"},"image":{"@id":"https:\/\/framegirona.com\/projectes\/inteplast-logo-50-anys\/#primaryimage"},"thumbnailUrl":"https:\/\/framegirona.com\/wp-content\/uploads\/2022\/01\/MockupPORTADA-1.jpg","datePublished":"2022-01-24T09:41:35+00:00","description":"Amb ra\u00f3 del seu 50 aniversari, Inteplast ens va demanar realitzar un logo especial per commemorar aquesta fita. D\u00f3na-li un cop d'ull!","breadcrumb":{"@id":"https:\/\/framegirona.com\/projectes\/inteplast-logo-50-anys\/#breadcrumb"},"inLanguage":"en-GB","potentialAction":[{"@type":"ReadAction","target":["https:\/\/framegirona.com\/projectes\/inteplast-logo-50-anys\/"]}]},{"@type":"ImageObject","inLanguage":"en-GB","@id":"https:\/\/framegirona.com\/projectes\/inteplast-logo-50-anys\/#primaryimage","url":"https:\/\/framegirona.com\/wp-content\/uploads\/2022\/01\/MockupPORTADA-1.jpg","contentUrl":"https:\/\/framegirona.com\/wp-content\/uploads\/2022\/01\/MockupPORTADA-1.jpg","width":1200,"height":788},{"@type":"BreadcrumbList","@id":"https:\/\/framegirona.com\/projectes\/inteplast-logo-50-anys\/#breadcrumb","itemListElement":[{"@type":"ListItem","position":1,"name":"Home","item":"https:\/\/framegirona.com\/"},{"@type":"ListItem","position":2,"name":"Projectes","item":"https:\/\/framegirona.com\/projectes\/"},{"@type":"ListItem","position":3,"name":"INTEPLAST \u00b7 Logo 50 anys"}]},{"@type":"WebSite","@id":"https:\/\/framegirona.com\/#website","url":"https:\/\/framegirona.com\/","name":"Frame Girona Advertising agency","description":"Communication and advertising agency","publisher":{"@id":"https:\/\/framegirona.com\/#organization"},"alternateName":"Agencia de publicidad y dise\u00f1o en Girona y Barcelona","potentialAction":[{"@type":"SearchAction","target":{"@type":"EntryPoint","urlTemplate":"https:\/\/framegirona.com\/?s={search_term_string}"},"query-input":{"@type":"PropertyValueSpecification","valueRequired":true,"valueName":"search_term_string"}}],"inLanguage":"en-GB"},{"@type":"Organization","@id":"https:\/\/framegirona.com\/#organization","name":"Frame Girona SL Advertising agency","alternateName":"Frame Girona Comunicaci\u00f3, publicitat i disseny","url":"https:\/\/framegirona.com\/","logo":{"@type":"ImageObject","inLanguage":"en-GB","@id":"https:\/\/framegirona.com\/#\/schema\/logo\/image\/","url":"https:\/\/framegirona.com\/wp-content\/uploads\/2022\/09\/Logo-Frame.png","contentUrl":"https:\/\/framegirona.com\/wp-content\/uploads\/2022\/09\/Logo-Frame.png","width":1748,"height":1334,"caption":"Frame Girona SL Ag\u00e8ncia de publicitat"},"image":{"@id":"https:\/\/framegirona.com\/#\/schema\/logo\/image\/"},"sameAs":["https:\/\/www.facebook.com\/framegirona\/","https:\/\/www.linkedin.com\/company\/frame-girona","https:\/\/www.instagram.com\/framegirona\/"],"description":"Advertising agency in Girona and the Costa Brava, specializing in graphic design, web design and programming, website positioning and advertising and communication for companies.","email":"frame@framegirona.com","telephone":"972 20 58 65","legalName":"Frame Girona SL","foundingDate":"1998-05-23","numberOfEmployees":{"@type":"QuantitativeValue","minValue":"1","maxValue":"10"},"publishingPrinciples":"https:\/\/framegirona.com\/","ownershipFundingInfo":"https:\/\/framegirona.com\/avis-legal\/"}]}},"_links":{"self":[{"href":"https:\/\/framegirona.com\/en\/wp-json\/wp\/v2\/projectes\/10617","targetHints":{"allow":["GET"]}}],"collection":[{"href":"https:\/\/framegirona.com\/en\/wp-json\/wp\/v2\/projectes"}],"about":[{"href":"https:\/\/framegirona.com\/en\/wp-json\/wp\/v2\/types\/projectes"}],"version-history":[{"count":0,"href":"https:\/\/framegirona.com\/en\/wp-json\/wp\/v2\/projectes\/10617\/revisions"}],"wp:featuredmedia":[{"embeddable":true,"href":"https:\/\/framegirona.com\/en\/wp-json\/wp\/v2\/media\/10629"}],"wp:attachment":[{"href":"https:\/\/framegirona.com\/en\/wp-json\/wp\/v2\/media?parent=10617"}],"wp:term":[{"taxonomy":"category","embeddable":true,"href":"https:\/\/framegirona.com\/en\/wp-json\/wp\/v2\/categories?post=10617"},{"taxonomy":"post_tag","embeddable":true,"href":"https:\/\/framegirona.com\/en\/wp-json\/wp\/v2\/tags?post=10617"}],"curies":[{"name":"wp","href":"https:\/\/api.w.org\/{rel}","templated":true}]}}